{"id":87336,"date":"2025-08-07T12:57:13","date_gmt":"2025-08-07T12:57:13","guid":{"rendered":"https:\/\/www.camping-biper-gorri.com\/accueil\/"},"modified":"2025-12-12T16:25:41","modified_gmt":"2025-12-12T16:25:41","slug":"accueil","status":"publish","type":"page","link":"https:\/\/www.camping-biper-gorri.com\/nl\/","title":{"rendered":"Home"},"content":{"rendered":"\n<section class=\"wp-block-group gt_sliderphoto_001 has-global-padding is-layout-constrained wp-container-core-group-is-layout-964365b0 wp-block-group-is-layout-constrained\" style=\"padding-bottom:0\">\n<div class=\"wp-block-columns has-custom-vert-transparent-background-color has-background is-layout-flex wp-container-core-columns-is-layout-cff84ff6 wp-block-columns-is-layout-flex\" style=\"padding-top:139px;padding-right:0px;padding-left:60px\">\n<div class=\"wp-block-column first is-layout-flow wp-block-column-is-layout-flow\" style=\"padding-right:2rem;flex-basis:45.3%\">\n<div class=\"wp-block-group titre-deco is-vertical is-layout-flex wp-container-core-group-is-layout-5f9f5280 wp-block-group-is-layout-flex\">\n<p class=\"has-custom-vert-eau-color has-text-color has-link-color has-olive-citrus-font-family wp-elements-7226607f9d6e97767c92764bfb0611a9\" style=\"font-size:clamp(3.615rem, 3.615rem + ((1vw - 0.2rem) * 6.475), 7.5rem);letter-spacing:-3.6px;line-height:0.86\">Durf<br\/>anders<\/p>\n\n\n\n<p class=\"has-custom-vert-fonce-color has-text-color has-link-color has-boho-monoline-font-family wp-elements-0632a8a8a58638489712fe89b272d3aa\" style=\"font-size:clamp(3.615rem, 3.615rem + ((1vw - 0.2rem) * 6.475), 7.5rem);letter-spacing:-1.2px;line-height:0.86\">&amp; authenticiteit <\/p>\n<\/div>\n\n\n\n<div style=\"height:100px\" aria-hidden=\"true\" class=\"wp-block-spacer gt-hide-mobile\"><\/div>\n\n\n\n<h1 class=\"wp-block-heading\" style=\"line-height:1.3\">Kamperen in Baskenland bij Espelette: geef uw vakantie meer pit<\/h1>\n\n\n\n<p>Met Biper Gorri, onze 4-sterren camping in het Baskenland in Espelette, kunt u genieten van de geneugten van <strong>rust <\/strong>en <strong>gezelligheid <\/strong>dankzij een dynamisch en gastvrij team. Een ideale uitvalsbasis om de <strong>schatten van de regio Pyr\u00e9n\u00e9es-Atlantiques (64 )<\/strong> te ontdekken. Geniet van een uitzonderlijke ligging tussen de zee en de bergen en laat u verleiden door de rijkdom van het Baskische erfgoed. <\/p>\n\n\n    <div id=\"gt-fse-lire-plus-69f560c6cb64b\" class=\"gt-fse-lire-plus\" data-min-height=\"130\" style=\"background-color: #eff6f2;\">\n        <input id=\"gt-fse-lire-plus-69f560c6cb64b-toggle\" type=\"checkbox\" class=\"gt-fse-lire-plus__toggle\" \/>\n        <label for=\"gt-fse-lire-plus-69f560c6cb64b-toggle\" class=\"gt-fse-lire-plus__toggle-label\">\n            <span>Meer lezen<\/span>\n            <span>Minder lezen<\/span>\n        <\/label>\n        <div class=\"gt-fse-lire-plus__content\" style=\"height: 130px;\">\n            \n\n<p>Een kampeervakantie in Espelette is een gelegenheid om de rijke en gevarieerde cultuur van Baskenland te ontdekken! Maak tijdens uw verkenningstocht door de omgeving een stop bij <strong>het kasteel van Espelette<\/strong> of bij <strong>de kerk Saint-Etienne<\/strong>, die bekend staat als een van de mooiste van Baskenland. Omringd door zijn rode en witte vakwerkhuizen kan je bezoek worden voortgezet met een aantal smakelijke ontdekkingen op de <strong>markt<\/strong>, de <strong>chocoladefabriek Antton<\/strong>, de <strong>boerderij<\/strong>,<strong> het pepersatelier<\/strong>&#8230; voor een totale onderdompeling in de plaatselijke cultuur.  <\/p>\n\n            <div class=\"gt-fse-lire-plus__gradient\" style=\"background: linear-gradient(to bottom,rgba(239,246,242,0) 0%,rgba(239,246,242,1) 100%);\"><\/div>\n        <\/div>\n    <\/div>\n    <\/div>\n\n\n\n<div class=\"wp-block-column second animated fadeIn delay-100ms is-layout-flow wp-block-column-is-layout-flow\" style=\"flex-basis:54%\">\n<div data-swiper=\"{&quot;speed&quot;:400,&quot;spaceBetween&quot;:16,&quot;slidesPerView&quot;:1,&quot;createElements&quot;:true,&quot;loop&quot;:true,&quot;navigation&quot;:{&quot;nextEl&quot;:null,&quot;prevEl&quot;:null},&quot;pagination&quot;:{&quot;el&quot;:&quot;.swiper-pagination&quot;,&quot;dynamicBullets&quot;:false,&quot;clickable&quot;:true},&quot;breakpoints&quot;:[{&quot;slidesPerView&quot;:1}],&quot;direction&quot;:&quot;vertical&quot;,&quot;freeMode&quot;:false,&quot;autoplay&quot;:true,&quot;delay&quot;:null}\" id=\"slider-first\" class=\"wp-block-group animated fadeIn gt-is-slider gt-is-slider-desktop is-layout-grid wp-container-core-group-is-layout-8ea1ad4d wp-block-group-is-layout-grid\" style=\"margin-top:var(--wp--preset--spacing--20)\">\n<figure class=\"wp-block-image size-full\"><img decoding=\"async\" width=\"795\" height=\"823\" src=\"https:\/\/www.camping-biper-gorri.com\/wp-content\/uploads\/2025\/08\/camping-biper-gorri-au-pays-basque.jpg\" alt=\"camping biper gorri in baskenland\" class=\"wp-image-55\" style=\"object-fit:cover\" srcset=\"https:\/\/www.camping-biper-gorri.com\/wp-content\/uploads\/2025\/08\/camping-biper-gorri-au-pays-basque.jpg 795w, https:\/\/www.camping-biper-gorri.com\/wp-content\/uploads\/2025\/08\/camping-biper-gorri-au-pays-basque-290x300.jpg 290w, https:\/\/www.camping-biper-gorri.com\/wp-content\/uploads\/2025\/08\/camping-biper-gorri-au-pays-basque-768x795.jpg 768w\" sizes=\"(max-width: 795px) 100vw, 795px\" \/><\/figure>\n\n\n\n<figure class=\"wp-block-image size-full\"><img decoding=\"async\" width=\"800\" height=\"911\" src=\"https:\/\/www.camping-biper-gorri.com\/wp-content\/uploads\/2025\/10\/terrasse-rooftop.jpg\" alt=\"dakterras\" class=\"wp-image-89785\" style=\"object-fit:cover\" srcset=\"https:\/\/www.camping-biper-gorri.com\/wp-content\/uploads\/2025\/10\/terrasse-rooftop.jpg 800w, https:\/\/www.camping-biper-gorri.com\/wp-content\/uploads\/2025\/10\/terrasse-rooftop-263x300.jpg 263w, https:\/\/www.camping-biper-gorri.com\/wp-content\/uploads\/2025\/10\/terrasse-rooftop-768x875.jpg 768w\" sizes=\"(max-width: 800px) 100vw, 800px\" \/><\/figure>\n\n\n\n<figure class=\"wp-block-image size-full\"><img decoding=\"async\" width=\"795\" height=\"823\" src=\"https:\/\/www.camping-biper-gorri.com\/wp-content\/uploads\/2025\/08\/camping-biper-gorri-au-pays-basque-vacances-a-espelette.jpg\" alt=\"camping biper gorri in het baskenland vakantie in espelette\" class=\"wp-image-54\" style=\"object-fit:cover\" srcset=\"https:\/\/www.camping-biper-gorri.com\/wp-content\/uploads\/2025\/08\/camping-biper-gorri-au-pays-basque-vacances-a-espelette.jpg 795w, https:\/\/www.camping-biper-gorri.com\/wp-content\/uploads\/2025\/08\/camping-biper-gorri-au-pays-basque-vacances-a-espelette-290x300.jpg 290w, https:\/\/www.camping-biper-gorri.com\/wp-content\/uploads\/2025\/08\/camping-biper-gorri-au-pays-basque-vacances-a-espelette-768x795.jpg 768w\" sizes=\"(max-width: 795px) 100vw, 795px\" \/><\/figure>\n\n\n\n<figure class=\"wp-block-image size-full\"><img decoding=\"async\" width=\"800\" height=\"911\" src=\"https:\/\/www.camping-biper-gorri.com\/wp-content\/uploads\/2025\/10\/camping-piscine-espelette.jpg\" alt=\"camping zwembad espelette\" class=\"wp-image-89788\" style=\"object-fit:cover\" srcset=\"https:\/\/www.camping-biper-gorri.com\/wp-content\/uploads\/2025\/10\/camping-piscine-espelette.jpg 800w, https:\/\/www.camping-biper-gorri.com\/wp-content\/uploads\/2025\/10\/camping-piscine-espelette-263x300.jpg 263w, https:\/\/www.camping-biper-gorri.com\/wp-content\/uploads\/2025\/10\/camping-piscine-espelette-768x875.jpg 768w\" sizes=\"(max-width: 800px) 100vw, 800px\" \/><\/figure>\n<\/div>\n<\/div>\n<\/div>\n<\/section>\n\n<section class=\"wp-block-group alignfull gt_2-cta_007 gt-show-mobile has-global-padding is-layout-constrained wp-block-group-is-layout-constrained\" style=\"margin-top:0px;margin-bottom:0px\">\n<div class=\"wp-block-group alignfull is-layout-flow wp-block-group-is-layout-flow\">\n<div data-swiper=\"{&quot;speed&quot;:400,&quot;spaceBetween&quot;:16,&quot;slidesPerView&quot;:1,&quot;createElements&quot;:true,&quot;loop&quot;:true,&quot;freemode&quot;:false,&quot;navigation&quot;:{&quot;nextEl&quot;:null,&quot;prevEl&quot;:null},&quot;pagination&quot;:{&quot;el&quot;:&quot;.swiper-pagination&quot;,&quot;dynamicBullets&quot;:false},&quot;breakpoints&quot;:[{&quot;slidesPerView&quot;:1}],&quot;delay&quot;:2000,&quot;autoplay&quot;:true}\" class=\"wp-block-group alignfull wrapper-cover gt-is-slider gt-is-slider-mobile is-content-justification-center is-nowrap is-layout-flex wp-container-core-group-is-layout-eeea3fc2 wp-block-group-is-layout-flex\">\n<div class=\"wp-block-cover has-custom-content-position is-position-bottom-left first wp-container-content-0733e5d0\" style=\"padding-bottom:5rem;padding-left:5rem;min-height:100vh;aspect-ratio:unset;\"><img decoding=\"async\" width=\"1500\" height=\"1435\" class=\"wp-block-cover__image-background wp-image-867 size-full\" alt=\"camping piscine pays basque\" src=\"https:\/\/www.camping-biper-gorri.com\/wp-content\/uploads\/2025\/09\/camping-piscine-pays-basque-1.jpg\" data-object-fit=\"cover\" srcset=\"https:\/\/www.camping-biper-gorri.com\/wp-content\/uploads\/2025\/09\/camping-piscine-pays-basque-1.jpg 1500w, https:\/\/www.camping-biper-gorri.com\/wp-content\/uploads\/2025\/09\/camping-piscine-pays-basque-1-300x287.jpg 300w, https:\/\/www.camping-biper-gorri.com\/wp-content\/uploads\/2025\/09\/camping-piscine-pays-basque-1-1024x980.jpg 1024w, https:\/\/www.camping-biper-gorri.com\/wp-content\/uploads\/2025\/09\/camping-piscine-pays-basque-1-768x735.jpg 768w\" sizes=\"(max-width: 1500px) 100vw, 1500px\" \/><span aria-hidden=\"true\" class=\"wp-block-cover__background has-contrast-background-color has-background-dim-20 has-background-dim\"><\/span><div class=\"wp-block-cover__inner-container has-global-padding is-layout-constrained wp-container-core-cover-is-layout-b2194cd1 wp-block-cover-is-layout-constrained\"><a href=\"https:\/\/www.camping-biper-gorri.com\/camping-espace-aquatique-espelette\/\"    class=\"wp-block-tiptip-hyperlink-group-block\" >\n<div class=\"wp-block-group cta__bouton is-nowrap is-layout-flex wp-container-core-group-is-layout-59cdacd6 wp-block-group-is-layout-flex\" style=\"line-height:0.8\">\n<figure class=\"wp-block-image size-large fleche\"><img decoding=\"async\" width=\"50\" height=\"26\" src=\"https:\/\/www.camping-biper-gorri.com\/wp-content\/uploads\/2025\/08\/fleche-01.svg\" alt=\"pijl 01\" class=\"wp-image-129\"\/><\/figure>\n\n\n\n<div class=\"wp-block-group is-vertical is-layout-flex wp-container-core-group-is-layout-edec48d5 wp-block-group-is-layout-flex\">\n<p class=\"has-text-align-left has-base-2-color has-text-color has-link-color has-olive-citrus-font-family wp-elements-939dd3fd2c019e2bad3962118b4ba03c\" style=\"font-size:clamp(2.629rem, 2.629rem + ((1vw - 0.2rem) * 3.952), 5rem);\">Ruimte<\/p>\n\n\n\n<p class=\"has-text-align-left has-base-2-color has-text-color has-link-color has-olive-citrus-font-family wp-elements-f21bc61f75fa6ed87a07f79a6f136fa7\" style=\"font-size:clamp(2.629rem, 2.629rem + ((1vw - 0.2rem) * 3.952), 5rem);\">Aquatisch <br\/><\/p>\n<\/div>\n<\/div>\n<\/a><\/div><\/div>\n\n\n\n<div class=\"wp-block-cover is-light has-custom-content-position is-position-bottom-right second wp-container-content-0733e5d0\" style=\"padding-right:5rem;padding-bottom:5rem;min-height:100vh;aspect-ratio:unset;\"><img decoding=\"async\" width=\"1500\" height=\"1435\" class=\"wp-block-cover__image-background wp-image-873 size-full\" alt=\"camping spa pays basque\" src=\"https:\/\/www.camping-biper-gorri.com\/wp-content\/uploads\/2025\/09\/camping-spa-pays-basque-1.jpg\" data-object-fit=\"cover\" srcset=\"https:\/\/www.camping-biper-gorri.com\/wp-content\/uploads\/2025\/09\/camping-spa-pays-basque-1.jpg 1500w, https:\/\/www.camping-biper-gorri.com\/wp-content\/uploads\/2025\/09\/camping-spa-pays-basque-1-300x287.jpg 300w, https:\/\/www.camping-biper-gorri.com\/wp-content\/uploads\/2025\/09\/camping-spa-pays-basque-1-1024x980.jpg 1024w, https:\/\/www.camping-biper-gorri.com\/wp-content\/uploads\/2025\/09\/camping-spa-pays-basque-1-768x735.jpg 768w\" sizes=\"(max-width: 1500px) 100vw, 1500px\" \/><span aria-hidden=\"true\" class=\"wp-block-cover__background has-contrast-background-color has-background-dim-20 has-background-dim\"><\/span><div class=\"wp-block-cover__inner-container has-global-padding is-layout-constrained wp-container-core-cover-is-layout-164e1e75 wp-block-cover-is-layout-constrained\"><a href=\"https:\/\/www.camping-biper-gorri.com\/camping-bien-etre-espelette\/\"    class=\"wp-block-tiptip-hyperlink-group-block\" >\n<div class=\"wp-block-group cta__bouton is-nowrap is-layout-flex wp-container-core-group-is-layout-59cdacd6 wp-block-group-is-layout-flex\" style=\"line-height:0.8\">\n<div class=\"wp-block-group is-vertical is-layout-flex wp-container-core-group-is-layout-edec48d5 wp-block-group-is-layout-flex\">\n<p class=\"has-text-align-left has-base-2-color has-text-color has-link-color has-olive-citrus-font-family wp-elements-939dd3fd2c019e2bad3962118b4ba03c\" style=\"font-size:clamp(2.629rem, 2.629rem + ((1vw - 0.2rem) * 3.952), 5rem);\">Ruimte<\/p>\n\n\n\n<p class=\"has-text-align-left has-base-2-color has-text-color has-link-color has-olive-citrus-font-family wp-elements-1f5dde6ec46517a411ecffeb2f3d1e86\" style=\"font-size:clamp(2.629rem, 2.629rem + ((1vw - 0.2rem) * 3.952), 5rem);\">Welzijn<\/p>\n<\/div>\n\n\n\n<figure class=\"wp-block-image size-large fleche\"><img decoding=\"async\" width=\"50\" height=\"26\" src=\"https:\/\/www.camping-biper-gorri.com\/wp-content\/uploads\/2025\/08\/fleche-01.svg\" alt=\"pijl 01\" class=\"wp-image-129\"\/><\/figure>\n<\/div>\n<\/a><\/div><\/div>\n<\/div>\n<\/div>\n<\/section>\n\n<section class=\"wp-block-group alignfull gt_2-cta_007__bis has-global-padding is-layout-constrained wp-block-group-is-layout-constrained\" style=\"margin-top:0px;margin-bottom:0px;padding-top:155px\">\n<div class=\"wp-block-group alignfull full-width is-vertical is-content-justification-center is-nowrap is-layout-flex wp-container-core-group-is-layout-810f5976 wp-block-group-is-layout-flex\" style=\"border-radius:0px;margin-top:0px;margin-right:0px;margin-bottom:0px;margin-left:0px;padding-top:0px;padding-right:0;padding-bottom:0px;padding-left:0\">\n<div class=\"wp-block-columns alignwide are-vertically-aligned-center is-layout-flex wp-container-core-columns-is-layout-574e5028 wp-block-columns-is-layout-flex\" style=\"border-radius:0px;margin-top:0px;margin-right:0px;margin-bottom:0px;margin-left:0px;padding-top:0px;padding-right:0px;padding-bottom:0px;padding-left:0px\">\n<div class=\"wp-block-column is-vertically-aligned-center is-layout-flow wp-block-column-is-layout-flow\" style=\"flex-basis:55%\">\n<div class=\"wp-block-group titre-deco is-layout-flow wp-container-core-group-is-layout-03da5144 wp-block-group-is-layout-flow\" style=\"margin-top:0px;margin-right:0px;margin-bottom:0px;margin-left:0px\">\n<p class=\"has-custom-vert-eau-color has-text-color has-link-color has-olive-citrus-font-family wp-elements-047b82d801d8054d8be043c651b5cf6e\" style=\"font-size:clamp(3.615rem, 3.615rem + ((1vw - 0.2rem) * 6.475), 7.5rem);line-height:0.86\">Een aquatisch intermezzo<\/p>\n\n\n\n<p class=\"has-custom-vert-fonce-color has-text-color has-link-color has-boho-monoline-font-family wp-elements-98f8b397038b11c5ce2ef4267830818b\" style=\"font-size:clamp(3.521rem, 3.521rem + ((1vw - 0.2rem) * 6.215), 7.25rem);line-height:0.86\">uitzonderlijke momenten<br\/><\/p>\n<\/div>\n<\/div>\n\n\n\n<div class=\"wp-block-column is-vertically-aligned-center is-layout-flow wp-block-column-is-layout-flow\" style=\"flex-basis:45%\">\n<div class=\"wp-block-group has-global-padding is-content-justification-left is-layout-constrained wp-container-core-group-is-layout-1c1e5e78 wp-block-group-is-layout-constrained\" style=\"margin-top:0px;margin-right:0px;margin-bottom:0px;margin-left:0px\">\n<h2 class=\"wp-block-heading has-text-align-left has-text-color\" style=\"color:rgba(99,117,107,1);line-height:1.3\">Watergebieden en welzijn op camping<br\/>in Espelette<\/h2>\n\n\n\n<div style=\"height:2rem\" aria-hidden=\"true\" class=\"wp-block-spacer gt-hide-mobile\"><\/div>\n\n\n\n<p class=\"has-text-align-left has-text-color has-mulish-font-family\" style=\"color:rgba(99,117,107,1);margin-top:0px;margin-right:0px;margin-bottom:0px;margin-left:0px;font-style:normal;font-weight:300;line-height:1.7\">Op camping Espelette hebben we een <a href=\"https:\/\/www.camping-biper-gorri.com\/nl\/kampeerplaats-waterpark-espelette\/\" data-type=\"page\" data-id=\"10\">zwemparadijs in het hart van Frans Baskenland<\/a> om je vakantie nog aangenamer te maken. Van het <strong>verwarmde binnenzwembad<\/strong> totde <strong>balneoruimte<\/strong>, er is voor elk gezinslid wat wils. Voor de allerkleinsten is er ons verwarmd buitenzwembad (als het weer het toelaat) met peuterbad, waar ze in alle veiligheid kunnen genieten van het water, terwijl de ouders rustig kunnen ontspannen op de ligstoelen of in onze <a href=\"https:\/\/www.camping-biper-gorri.com\/nl\/camping-welzijn-espelette\/\" data-type=\"page\" data-id=\"11\">wellnessruimte in Espelette<\/a>. In juli en augustus nodigen de perfecte temperaturen je uit om te genieten van een <strong>verfrissende duik<\/strong> in een <strong>rustige en ontspannen omgeving<\/strong>. Met deze moderne faciliteiten wordt je verblijf een echt moment van ontspanning en plezier voor het hele gezin.<\/p>\n<\/div>\n<\/div>\n<\/div>\n\n\n\n<figure class=\"wp-block-image size-full is-resized\" style=\"margin-top:0px;margin-right:0px;margin-bottom:0px;margin-left:0px\"><img decoding=\"async\" width=\"464\" height=\"221\" src=\"https:\/\/www.camping-biper-gorri.com\/wp-content\/uploads\/2025\/08\/soleil.png\" alt=\"pager gorri\" class=\"wp-image-188\" style=\"width:463.0675354003906px\" srcset=\"https:\/\/www.camping-biper-gorri.com\/wp-content\/uploads\/2025\/08\/soleil.png 464w, https:\/\/www.camping-biper-gorri.com\/wp-content\/uploads\/2025\/08\/soleil-300x143.png 300w\" sizes=\"(max-width: 464px) 100vw, 464px\" \/><\/figure>\n<\/div>\n<\/section>\n\n<section class=\"wp-block-group alignfull gt_1-cta-1photo_003 gt-show-mobile is-layout-flow wp-block-group-is-layout-flow\" style=\"margin-top:0px;margin-bottom:0px;padding-bottom:153px\">\n<div class=\"wp-block-group swiper-activites has-global-padding is-layout-constrained wp-container-core-group-is-layout-e87fb43d wp-block-group-is-layout-constrained\" style=\"padding-bottom:101px\">\n<div data-swiper=\"{&quot;speed&quot;:400,&quot;spaceBetween&quot;:16,&quot;slidesPerView&quot;:1,&quot;createElements&quot;:true,&quot;loop&quot;:true,&quot;freemode&quot;:true,&quot;navigation&quot;:{&quot;prevEl&quot;:null,&quot;nextEl&quot;:null},&quot;pagination&quot;:{&quot;el&quot;:&quot;.swiper-pagination&quot;,&quot;dynamicBullets&quot;:false},&quot;breakpoints&quot;:[{&quot;slidesPerView&quot;:1,&quot;autoplay&quot;:false}],&quot;bulletImages&quot;:[&quot;\\\/wp-content\\\/uploads\\\/2025\\\/08\\\/pala.svg&quot;,&quot;\\\/wp-content\\\/uploads\\\/2025\\\/08\\\/jeux.svg&quot;],&quot;effect&quot;:&quot;fade&quot;,&quot;autoplay&quot;:true,&quot;delay&quot;:2000}\" class=\"wp-block-group swiper-activites gt-is-slider gt-is-slider-desktop is-layout-flow wp-block-group-is-layout-flow\">\n<div class=\"wp-block-cover has-custom-content-position is-position-center-right animated fadeIn\" style=\"padding-right:8rem;min-height:100vh;aspect-ratio:unset;\"><img decoding=\"async\" width=\"1024\" height=\"682\" class=\"wp-block-cover__image-background wp-image-193 size-large\" alt=\"camping biper gorri au pays basque les activites\" src=\"https:\/\/www.camping-biper-gorri.com\/wp-content\/uploads\/2025\/08\/camping-biper-gorri-au-pays-basque-les-activites-1024x682.jpg\" data-object-fit=\"cover\" srcset=\"https:\/\/www.camping-biper-gorri.com\/wp-content\/uploads\/2025\/08\/camping-biper-gorri-au-pays-basque-les-activites-1024x682.jpg 1024w, https:\/\/www.camping-biper-gorri.com\/wp-content\/uploads\/2025\/08\/camping-biper-gorri-au-pays-basque-les-activites-300x200.jpg 300w, https:\/\/www.camping-biper-gorri.com\/wp-content\/uploads\/2025\/08\/camping-biper-gorri-au-pays-basque-les-activites-768x512.jpg 768w, https:\/\/www.camping-biper-gorri.com\/wp-content\/uploads\/2025\/08\/camping-biper-gorri-au-pays-basque-les-activites-1536x1024.jpg 1536w, https:\/\/www.camping-biper-gorri.com\/wp-content\/uploads\/2025\/08\/camping-biper-gorri-au-pays-basque-les-activites.jpg 2000w\" sizes=\"(max-width: 1024px) 100vw, 1024px\" \/><span aria-hidden=\"true\" class=\"wp-block-cover__background has-background-dim-20 has-background-dim\"><\/span><div class=\"wp-block-cover__inner-container is-layout-flow wp-block-cover-is-layout-flow\"><a href=\"https:\/\/www.camping-biper-gorri.com\/camping-activites-espelette\/\"    class=\"wp-block-tiptip-hyperlink-group-block\" >\n<div class=\"wp-block-group is-vertical is-layout-flex wp-container-core-group-is-layout-5f9f5280 wp-block-group-is-layout-flex\">\n<p class=\"has-olive-citrus-font-family\" style=\"font-size:clamp(3.615rem, 3.615rem + ((1vw - 0.2rem) * 6.475), 7.5rem);letter-spacing:-3.6px;line-height:0.86\">Dompel<br\/>jezelf onder op<\/p>\n\n\n\n<p class=\"has-boho-monoline-font-family\" style=\"font-size:clamp(3.615rem, 3.615rem + ((1vw - 0.2rem) * 6.475), 7.5rem);letter-spacing:-1.2px;line-height:0.86\">Baskisch<\/p>\n\n\n\n<figure class=\"wp-block-image size-large fleche\" style=\"margin-top:3rem;margin-left:2rem\"><img decoding=\"async\" width=\"50\" height=\"26\" src=\"https:\/\/www.camping-biper-gorri.com\/wp-content\/uploads\/2025\/08\/fleche-01.svg\" alt=\"pijl 01\" class=\"wp-image-129\"\/><\/figure>\n<\/div>\n<\/a><\/div><\/div>\n\n\n\n<div class=\"wp-block-cover has-custom-content-position is-position-center-right\" style=\"padding-right:8rem;min-height:100vh;aspect-ratio:unset;\"><img decoding=\"async\" width=\"1024\" height=\"682\" class=\"wp-block-cover__image-background wp-image-194 size-large\" alt=\"camping biper gorri au pays basque les animations\" src=\"https:\/\/www.camping-biper-gorri.com\/wp-content\/uploads\/2025\/08\/camping-biper-gorri-au-pays-basque-les-animations-1024x682.jpg\" data-object-fit=\"cover\" srcset=\"https:\/\/www.camping-biper-gorri.com\/wp-content\/uploads\/2025\/08\/camping-biper-gorri-au-pays-basque-les-animations-1024x682.jpg 1024w, https:\/\/www.camping-biper-gorri.com\/wp-content\/uploads\/2025\/08\/camping-biper-gorri-au-pays-basque-les-animations-300x200.jpg 300w, https:\/\/www.camping-biper-gorri.com\/wp-content\/uploads\/2025\/08\/camping-biper-gorri-au-pays-basque-les-animations-768x512.jpg 768w, https:\/\/www.camping-biper-gorri.com\/wp-content\/uploads\/2025\/08\/camping-biper-gorri-au-pays-basque-les-animations-1536x1024.jpg 1536w, https:\/\/www.camping-biper-gorri.com\/wp-content\/uploads\/2025\/08\/camping-biper-gorri-au-pays-basque-les-animations.jpg 2000w\" sizes=\"(max-width: 1024px) 100vw, 1024px\" \/><span aria-hidden=\"true\" class=\"wp-block-cover__background has-background-dim wp-block-cover__gradient-background has-background-gradient\" style=\"background:linear-gradient(268deg,rgb(0,0,0) 0%,rgba(0,0,0,0.69) 50%,rgba(0,0,0,0) 100%)\"><\/span><div class=\"wp-block-cover__inner-container is-layout-flow wp-block-cover-is-layout-flow\"><a href=\"https:\/\/www.camping-biper-gorri.com\/camping-animations-enfants-espelette\/\"    class=\"wp-block-tiptip-hyperlink-group-block\" >\n<div class=\"wp-block-group is-vertical is-layout-flex wp-container-core-group-is-layout-5f9f5280 wp-block-group-is-layout-flex\">\n<p class=\"has-olive-citrus-font-family\" style=\"font-size:clamp(3.615rem, 3.615rem + ((1vw - 0.2rem) * 6.475), 7.5rem);letter-spacing:-3.6px;line-height:0.86\">Animatie<br\/>&amp; club<br\/>kinderen<\/p>\n\n\n\n<figure class=\"wp-block-image size-large fleche\" style=\"margin-top:3rem;margin-left:2rem\"><img decoding=\"async\" width=\"50\" height=\"26\" src=\"https:\/\/www.camping-biper-gorri.com\/wp-content\/uploads\/2025\/08\/fleche-01.svg\" alt=\"pijl 01\" class=\"wp-image-129\"\/><\/figure>\n<\/div>\n<\/a><\/div><\/div>\n<\/div>\n<\/div>\n\n\n\n<div class=\"wp-block-group alignfull full-width is-layout-flow wp-container-core-group-is-layout-bb7df561 wp-block-group-is-layout-flow\" style=\"border-radius:0px;margin-top:0px;margin-right:0px;margin-bottom:0px;margin-left:0px;padding-top:0px;padding-right:var(--wp--preset--spacing--50);padding-bottom:0px;padding-left:var(--wp--preset--spacing--50)\">\n<div class=\"wp-block-group has-global-padding is-content-justification-center is-layout-constrained wp-container-core-group-is-layout-da6cee50 wp-block-group-is-layout-constrained\" style=\"margin-top:0px;margin-right:0px;margin-bottom:0px;margin-left:0px\">\n<h2 class=\"wp-block-heading has-text-align-center full-width has-text-color\" style=\"color:rgba(255,255,255,1)\">Camping met activiteiten en kinderclub in Baskenland<\/h2>\n\n\n\n<p class=\"has-text-align-center full-width has-text-color has-link-color has-mulish-font-family wp-elements-1ad194436b84284e77219faaa031ccfb\" style=\"color:rgba(255,255,255,1);margin-top:0px;margin-right:0px;margin-bottom:0px;margin-left:0px;font-style:normal;font-weight:300;line-height:1.7\">Biper Gorri, een camping in Baskenland, biedt een breed scala aan <strong>activiteiten voor het hele gezin<\/strong>. Voor kinderen vanaf 6 jaar is er een <a href=\"https:\/\/www.camping-biper-gorri.com\/nl\/kampeerplaats-animaties-voor-kinderen-espelette\/\" data-type=\"page\" data-id=\"8\">kinderclub in Espelette<\/a>. <strong> <\/strong>in juli en augustus, met entertainment voor alle leeftijden. Bovendien staat onze <strong>familiespeeltuin<\/strong> met springkussens en klimnetten garant voor plezier voor de kleintjes. Voor de groteren is er ons <strong>multisportterrein <\/strong>waar je kunt voetballen, volleyballen of tafeltennissen. <a href=\"https:\/\/www.camping-biper-gorri.com\/nl\/kampeerplaats-activiteiten-espelette\/\" data-type=\"page\" data-id=\"7\">Activiteiten en vrijetijdsbesteding in Baskenland<\/a> bieden unieke avonturen voor het hele gezin in een <strong>natuurlijke en rustgevende omgeving<\/strong>. <strong>Avondentertainment<\/strong> is de perfecte aanvulling op je verblijf op camping Espelette, met spelletjes en themamaaltijden die regelmatig worden georganiseerd (animatie van maandag tot vrijdag tot 23.00 uur).   <\/p>\n<\/div>\n<\/div>\n<\/section>\n\n<section class=\"wp-block-group alignfull gt_2-cta_007 bis gt-hide-mobile has-global-padding is-layout-constrained wp-block-group-is-layout-constrained\" style=\"margin-top:0px;margin-bottom:0px\">\n<div class=\"wp-block-group alignfull has-custom-vert-transparent-background-color has-background has-global-padding is-layout-constrained wp-container-core-group-is-layout-8243fae4 wp-block-group-is-layout-constrained\" style=\"margin-top:0px;margin-right:0px;margin-bottom:0px;margin-left:0px;padding-top:11.5rem;padding-bottom:8.8rem\">\n<div class=\"wp-block-group titre-deco is-vertical is-content-justification-center is-layout-flex wp-container-core-group-is-layout-eb8bd3d9 wp-block-group-is-layout-flex\">\n<p class=\"has-text-align-center has-custom-vert-eau-color has-text-color has-link-color has-olive-citrus-font-family wp-elements-7a51e4f3946ad4f5975814c3c1189caa\" style=\"font-size:clamp(3.615rem, 3.615rem + ((1vw - 0.2rem) * 6.475), 7.5rem);line-height:0.86\">Natuur<br\/>bewaard &amp;<\/p>\n\n\n\n<p class=\"has-text-align-center has-custom-vert-fonce-color has-text-color has-link-color has-boho-monoline-font-family wp-elements-69dc9d0bee94f4edbabaaa2f490be294\" style=\"font-size:clamp(3.521rem, 3.521rem + ((1vw - 0.2rem) * 6.215), 7.25rem);line-height:0.86\">4-sterren comfort<\/p>\n<\/div>\n<\/div>\n\n\n\n<div class=\"wp-block-group alignfull is-layout-flow wp-block-group-is-layout-flow\">\n<div data-swiper=\"{&quot;speed&quot;:400,&quot;spaceBetween&quot;:16,&quot;slidesPerView&quot;:1,&quot;createElements&quot;:true,&quot;loop&quot;:true,&quot;freemode&quot;:true,&quot;navigation&quot;:{&quot;nextEl&quot;:null,&quot;prevEl&quot;:null},&quot;pagination&quot;:{&quot;el&quot;:&quot;.swiper-pagination&quot;,&quot;dynamicBullets&quot;:false},&quot;breakpoints&quot;:[{&quot;slidesPerView&quot;:1}]}\" class=\"wp-block-group alignfull wrapper-cover gt-is-slider gt-is-slider-mobile is-content-justification-center is-nowrap is-layout-flex wp-container-core-group-is-layout-8c9b685f wp-block-group-is-layout-flex\" style=\"margin-top:0px;margin-bottom:0px\">\n<div class=\"wp-block-cover has-custom-content-position is-position-bottom-left first wp-container-content-0733e5d0\" style=\"padding-bottom:5rem;padding-left:5rem;min-height:100vh;aspect-ratio:unset;\"><img decoding=\"async\" width=\"1024\" height=\"1024\" class=\"wp-block-cover__image-background wp-image-255 size-large\" alt=\"terrasse snack gourmet pays basque\" src=\"https:\/\/www.camping-biper-gorri.com\/wp-content\/uploads\/2025\/08\/terrasse-snack-gourmet-pays-basque-1024x1024.jpg\" data-object-fit=\"cover\" srcset=\"https:\/\/www.camping-biper-gorri.com\/wp-content\/uploads\/2025\/08\/terrasse-snack-gourmet-pays-basque-1024x1024.jpg 1024w, https:\/\/www.camping-biper-gorri.com\/wp-content\/uploads\/2025\/08\/terrasse-snack-gourmet-pays-basque-300x300.jpg 300w, https:\/\/www.camping-biper-gorri.com\/wp-content\/uploads\/2025\/08\/terrasse-snack-gourmet-pays-basque-150x150.jpg 150w, https:\/\/www.camping-biper-gorri.com\/wp-content\/uploads\/2025\/08\/terrasse-snack-gourmet-pays-basque-768x768.jpg 768w, https:\/\/www.camping-biper-gorri.com\/wp-content\/uploads\/2025\/08\/terrasse-snack-gourmet-pays-basque-1536x1536.jpg 1536w, https:\/\/www.camping-biper-gorri.com\/wp-content\/uploads\/2025\/08\/terrasse-snack-gourmet-pays-basque.jpg 1920w\" sizes=\"(max-width: 1024px) 100vw, 1024px\" \/><span aria-hidden=\"true\" class=\"wp-block-cover__background has-contrast-background-color has-background-dim-20 has-background-dim\"><\/span><div class=\"wp-block-cover__inner-container has-global-padding is-layout-constrained wp-container-core-cover-is-layout-b2194cd1 wp-block-cover-is-layout-constrained\"><a href=\"https:\/\/www.camping-biper-gorri.com\/snack-restaurant-espelette\/\"    class=\"wp-block-tiptip-hyperlink-group-block\" >\n<div class=\"wp-block-group cta__bouton is-nowrap is-layout-flex wp-container-core-group-is-layout-59cdacd6 wp-block-group-is-layout-flex\" style=\"line-height:0.8\">\n<figure class=\"wp-block-image size-large fleche\"><img decoding=\"async\" width=\"50\" height=\"26\" src=\"https:\/\/www.camping-biper-gorri.com\/wp-content\/uploads\/2025\/08\/fleche-01.svg\" alt=\"pijl 01\" class=\"wp-image-129\"\/><\/figure>\n\n\n\n<div class=\"wp-block-group is-vertical is-layout-flex wp-container-core-group-is-layout-edec48d5 wp-block-group-is-layout-flex\">\n<p class=\"has-text-align-left has-base-2-color has-text-color has-link-color has-olive-citrus-font-family wp-elements-a0b39fdc8ebcc1c7d4247e15a2003f9f\" style=\"font-size:clamp(2.629rem, 2.629rem + ((1vw - 0.2rem) * 3.952), 5rem);\">Restauratie<\/p>\n<\/div>\n<\/div>\n<\/a><\/div><\/div>\n\n\n\n<div class=\"wp-block-cover is-light has-custom-content-position is-position-bottom-right second wp-container-content-0733e5d0\" style=\"padding-right:5rem;padding-bottom:5rem;min-height:100vh;aspect-ratio:unset;\"><img decoding=\"async\" width=\"1024\" height=\"682\" class=\"wp-block-cover__image-background wp-image-258 size-large\" alt=\"camping biper gorri au pays basque les services\" src=\"https:\/\/www.camping-biper-gorri.com\/wp-content\/uploads\/2025\/08\/camping-biper-gorri-au-pays-basque-les-services-1024x682.jpg\" data-object-fit=\"cover\" srcset=\"https:\/\/www.camping-biper-gorri.com\/wp-content\/uploads\/2025\/08\/camping-biper-gorri-au-pays-basque-les-services-1024x682.jpg 1024w, https:\/\/www.camping-biper-gorri.com\/wp-content\/uploads\/2025\/08\/camping-biper-gorri-au-pays-basque-les-services-300x200.jpg 300w, https:\/\/www.camping-biper-gorri.com\/wp-content\/uploads\/2025\/08\/camping-biper-gorri-au-pays-basque-les-services-768x512.jpg 768w, https:\/\/www.camping-biper-gorri.com\/wp-content\/uploads\/2025\/08\/camping-biper-gorri-au-pays-basque-les-services-1536x1024.jpg 1536w, https:\/\/www.camping-biper-gorri.com\/wp-content\/uploads\/2025\/08\/camping-biper-gorri-au-pays-basque-les-services.jpg 2000w\" sizes=\"(max-width: 1024px) 100vw, 1024px\" \/><span aria-hidden=\"true\" class=\"wp-block-cover__background has-contrast-background-color has-background-dim-20 has-background-dim\"><\/span><div class=\"wp-block-cover__inner-container has-global-padding is-layout-constrained wp-container-core-cover-is-layout-164e1e75 wp-block-cover-is-layout-constrained\"><a href=\"https:\/\/www.camping-biper-gorri.com\/camping-services-espelette\/\"    class=\"wp-block-tiptip-hyperlink-group-block\" >\n<div class=\"wp-block-group cta__bouton is-nowrap is-layout-flex wp-container-core-group-is-layout-59cdacd6 wp-block-group-is-layout-flex\" style=\"line-height:0.8\">\n<div class=\"wp-block-group is-vertical is-layout-flex wp-container-core-group-is-layout-edec48d5 wp-block-group-is-layout-flex\">\n<p class=\"has-text-align-left has-base-2-color has-text-color has-link-color has-olive-citrus-font-family wp-elements-9b166804d7e818a3dff3050f9cad5078\" style=\"font-size:clamp(2.629rem, 2.629rem + ((1vw - 0.2rem) * 3.952), 5rem);\">De diensten<\/p>\n<\/div>\n\n\n\n<figure class=\"wp-block-image size-large fleche\"><img decoding=\"async\" width=\"50\" height=\"26\" src=\"https:\/\/www.camping-biper-gorri.com\/wp-content\/uploads\/2025\/08\/fleche-01.svg\" alt=\"pijl 01\" class=\"wp-image-129\"\/><\/figure>\n<\/div>\n<\/a><\/div><\/div>\n<\/div>\n<\/div>\n\n\n\n<div class=\"wp-block-group alignfull last full-width has-custom-vert-transparent-background-color has-background is-layout-flow wp-container-core-group-is-layout-89bf3972 wp-block-group-is-layout-flow\" style=\"border-radius:0px;margin-top:0px;margin-right:0px;margin-bottom:0px;margin-left:0px;padding-top:8.8rem;padding-right:var(--wp--preset--spacing--50);padding-bottom:12rem;padding-left:var(--wp--preset--spacing--50)\">\n<div class=\"wp-block-group has-global-padding is-content-justification-center is-layout-constrained wp-container-core-group-is-layout-a98c9ad5 wp-block-group-is-layout-constrained\" style=\"margin-bottom:0px\">\n<h2 class=\"wp-block-heading has-text-align-center full-width\">4-sterrenservice en restaurant in Espelette<\/h2>\n\n\n\n<p class=\"has-text-align-center full-width has-mulish-font-family\" style=\"margin-top:0px;margin-right:0px;margin-bottom:0px;margin-left:0px;font-style:normal;font-weight:300;line-height:1.7\">Kom genieten van de activiteiten die onze <a href=\"https:\/\/www.camping-biper-gorri.com\/nl\/kampeerplaats-diensten-espelette\/\" data-type=\"page\" data-id=\"6\">4-sterrencamping in Baskenland <\/a>te bieden heeft! <a href=\"https:\/\/www.camping-biper-gorri.com\/nl\/snackbar-espelette\/\" data-type=\"page\" data-id=\"9\">Restaurant in Espelette<\/a>, kruidenierswinkel (geopend in juli\/augustus), gratis wifi, sanitaire voorzieningen, wasserette en verhuurservice voor bijvoorbeeld koelkasten en babysets, voor een <strong>comfortabel verblijf<\/strong> in Baskenland. Camping Biper Gorri in Espelette biedt van april tot oktober een <strong>zwemparadijs met een verwarmd overdekt zwembad <\/strong>voor groot en klein. Er is ook een aparte <strong>balneoruimte om te<\/strong> ontspannen tijdens je verblijf op de camping in Frans Baskenland, evenals een <strong>buitenzwembad en een peuterbad, verwarmd<\/strong> in juli\/augustus, afhankelijk van het weer, waar de kleintjes dol op zullen zijn.<\/p>\n<\/div>\n<\/div>\n<\/section>\n\n<section class=\"wp-block-group alignfull gt_contain-slider_005 is-layout-flow wp-container-core-group-is-layout-5ddb90e0 wp-block-group-is-layout-flow\" style=\"border-radius:0px;margin-top:0px;margin-right:0px;margin-bottom:0px;margin-left:0px;padding-top:var(--wp--preset--spacing--40);padding-right:0px;padding-bottom:var(--wp--preset--spacing--40);padding-left:0px\">\n<div class=\"wp-block-columns alignfull is-layout-flex wp-container-core-columns-is-layout-9b2a4d5b wp-block-columns-is-layout-flex\" style=\"border-radius:0px;margin-top:0px;margin-right:0px;margin-bottom:0px;margin-left:0px;padding-top:0px;padding-right:0px;padding-bottom:0px;padding-left:0\">\n<div class=\"wp-block-column is-vertically-aligned-center is-layout-flow wp-block-column-is-layout-flow\">\n<div class=\"wp-block-group has-global-padding is-content-justification-left is-layout-constrained wp-container-core-group-is-layout-39f5ff24 wp-block-group-is-layout-constrained\" style=\"margin-top:0px;margin-right:0px;margin-bottom:0px;margin-left:0px\">\n<div class=\"wp-block-group titre-deco is-vertical is-content-justification-center is-layout-flex wp-container-core-group-is-layout-eb8bd3d9 wp-block-group-is-layout-flex\">\n<p class=\"has-text-align-left has-custom-vert-eau-color has-text-color has-link-color has-olive-citrus-font-family wp-elements-befb511ee3922aa92d2ff8fdab4cb98c\" style=\"font-size:clamp(3.615rem, 3.615rem + ((1vw - 0.2rem) * 6.475), 7.5rem);line-height:0.86\">Luxe &amp;<br\/>echtheid<\/p>\n\n\n\n<p class=\"has-text-align-left has-custom-vert-fonce-color has-text-color has-link-color has-boho-monoline-font-family wp-elements-14d418411fc478ca0205120c3c454e2a\" style=\"font-size:clamp(3.521rem, 3.521rem + ((1vw - 0.2rem) * 6.215), 7.25rem);line-height:0.86\">in Baskenland<\/p>\n<\/div>\n<\/div>\n<\/div>\n\n\n\n<div class=\"wp-block-column is-vertically-aligned-center is-layout-flow wp-block-column-is-layout-flow\">\n<figure class=\"wp-block-image alignright size-large is-resized\" style=\"margin-top:0px;margin-right:-8rem;margin-bottom:0px;margin-left:0px\"><img decoding=\"async\" width=\"712\" height=\"481\" src=\"https:\/\/www.camping-biper-gorri.com\/wp-content\/uploads\/2025\/08\/montagne.svg\" alt=\"berg\" class=\"wp-image-284\" style=\"width:712px\"\/><\/figure>\n<\/div>\n<\/div>\n\n\n\n<div class=\"wp-block-group alignfull is-layout-flow wp-block-group-is-layout-flow\" id=\"maillage\">\n<div data-swiper=\"{&quot;speed&quot;:400,&quot;spaceBetween&quot;:40,&quot;slidesPerView&quot;:3,&quot;createElements&quot;:true,&quot;loop&quot;:true,&quot;freemode&quot;:false,&quot;navigation&quot;:{&quot;nextEl&quot;:&quot;.swiper-button-next&quot;,&quot;prevEl&quot;:&quot;.swiper-button-prev&quot;},&quot;breakpoints&quot;:{&quot;0&quot;:{&quot;slidesPerView&quot;:1,&quot;spaceBetween&quot;:10,&quot;centeredSlides&quot;:false,&quot;navigation&quot;:{&quot;nextEl&quot;:null,&quot;prevEl&quot;:null},&quot;pagination&quot;:{&quot;el&quot;:&quot;.swiper-pagination&quot;,&quot;dynamicBullets&quot;:false}},&quot;577&quot;:{&quot;slidesPerView&quot;:1.2,&quot;spaceBetween&quot;:10,&quot;centeredSlides&quot;:false,&quot;navigation&quot;:{&quot;nextEl&quot;:null,&quot;prevEl&quot;:null},&quot;pagination&quot;:{&quot;el&quot;:&quot;.swiper-pagination&quot;,&quot;dynamicBullets&quot;:false}},&quot;992&quot;:{&quot;slidesPerView&quot;:3,&quot;spaceBetween&quot;:40,&quot;centeredSlides&quot;:true,&quot;navigation&quot;:{&quot;nextEl&quot;:&quot;.swiper-button-next&quot;,&quot;prevEl&quot;:&quot;.swiper-button-prev&quot;},&quot;pagination&quot;:false}},&quot;centeredSlides&quot;:true,&quot;initialSlide&quot;:2,&quot;autoplay&quot;:true,&quot;delay&quot;:2000}\" class=\"wp-block-group gt-is-slider gt-is-slider-desktop has-global-padding is-layout-constrained wp-container-core-group-is-layout-12243e0f wp-block-group-is-layout-constrained\"><a href=\"https:\/\/www.camping-biper-gorri.com\/location-mobil-home-espelette\/\"    class=\"item wp-block-tiptip-hyperlink-group-block\" >\n<figure class=\"wp-block-image size-full cta-image\"><img decoding=\"async\" width=\"800\" height=\"911\" src=\"https:\/\/www.camping-biper-gorri.com\/wp-content\/uploads\/2025\/10\/location-mobil-home-pays-basque.jpg\" alt=\"Stacaravan verhuur baskenland\" class=\"wp-image-89786\" srcset=\"https:\/\/www.camping-biper-gorri.com\/wp-content\/uploads\/2025\/10\/location-mobil-home-pays-basque.jpg 800w, https:\/\/www.camping-biper-gorri.com\/wp-content\/uploads\/2025\/10\/location-mobil-home-pays-basque-263x300.jpg 263w, https:\/\/www.camping-biper-gorri.com\/wp-content\/uploads\/2025\/10\/location-mobil-home-pays-basque-768x875.jpg 768w\" sizes=\"(max-width: 800px) 100vw, 800px\" \/><\/figure>\n\n<div class=\"wp-block-group maillage__content is-vertical is-layout-flex wp-container-core-group-is-layout-5f9f5280 wp-block-group-is-layout-flex\">\n<p class=\"has-base-2-color has-text-color has-link-color has-olive-citrus-font-family wp-elements-e11ac96dcf3e6dbe6e77ae8ab1843be3\" style=\"font-size:clamp(2.2rem, 2.2rem + ((1vw - 0.2rem) * 3), 4rem);letter-spacing:-1.92px;line-height:0.86\">Stacaravan<\/p>\n\n\n\n<figure class=\"wp-block-image size-large fleche\" style=\"margin-top:1rem;margin-left:2rem\"><img decoding=\"async\" width=\"50\" height=\"26\" src=\"https:\/\/www.camping-biper-gorri.com\/wp-content\/uploads\/2025\/08\/fleche-01.svg\" alt=\"pijl 01\" class=\"wp-image-129\"\/><\/figure>\n<\/div>\n<\/a>\n\n<a href=\"https:\/\/www.camping-biper-gorri.com\/location-insolite-espelette\/\"    class=\"item wp-block-tiptip-hyperlink-group-block\" >\n<figure class=\"wp-block-image size-full cta-image\"><img decoding=\"async\" width=\"800\" height=\"911\" src=\"https:\/\/www.camping-biper-gorri.com\/wp-content\/uploads\/2025\/10\/location-insolite-pays-basque.jpg\" alt=\"ongewone verhuur in baskenland\" class=\"wp-image-89774\" srcset=\"https:\/\/www.camping-biper-gorri.com\/wp-content\/uploads\/2025\/10\/location-insolite-pays-basque.jpg 800w, https:\/\/www.camping-biper-gorri.com\/wp-content\/uploads\/2025\/10\/location-insolite-pays-basque-263x300.jpg 263w, https:\/\/www.camping-biper-gorri.com\/wp-content\/uploads\/2025\/10\/location-insolite-pays-basque-768x875.jpg 768w\" sizes=\"(max-width: 800px) 100vw, 800px\" \/><\/figure>\n\n<div class=\"wp-block-group maillage__content is-vertical is-layout-flex wp-container-core-group-is-layout-5f9f5280 wp-block-group-is-layout-flex\">\n<p class=\"has-base-2-color has-text-color has-link-color has-olive-citrus-font-family wp-elements-439870be730fd45e4fe4cd735da1aff6\" style=\"font-size:clamp(2.2rem, 2.2rem + ((1vw - 0.2rem) * 3), 4rem);letter-spacing:-1.92px;line-height:0.86\">De ongewone<\/p>\n\n\n\n<figure class=\"wp-block-image size-large fleche\" style=\"margin-top:1rem;margin-left:2rem\"><img decoding=\"async\" width=\"50\" height=\"26\" src=\"https:\/\/www.camping-biper-gorri.com\/wp-content\/uploads\/2025\/08\/fleche-01.svg\" alt=\"pijl 01\" class=\"wp-image-129\"\/><\/figure>\n<\/div>\n<\/a>\n\n<a href=\"https:\/\/www.camping-biper-gorri.com\/emplacements-camping-pays-basque\/\"    class=\"item wp-block-tiptip-hyperlink-group-block\" >\n<figure class=\"wp-block-image size-full cta-image\"><img decoding=\"async\" width=\"800\" height=\"911\" src=\"https:\/\/www.camping-biper-gorri.com\/wp-content\/uploads\/2025\/10\/location-emplacement-espelette.jpg\" alt=\"verhuur espelette\" class=\"wp-image-89776\" srcset=\"https:\/\/www.camping-biper-gorri.com\/wp-content\/uploads\/2025\/10\/location-emplacement-espelette.jpg 800w, https:\/\/www.camping-biper-gorri.com\/wp-content\/uploads\/2025\/10\/location-emplacement-espelette-263x300.jpg 263w, https:\/\/www.camping-biper-gorri.com\/wp-content\/uploads\/2025\/10\/location-emplacement-espelette-768x875.jpg 768w\" sizes=\"(max-width: 800px) 100vw, 800px\" \/><\/figure>\n\n<div class=\"wp-block-group maillage__content is-vertical is-layout-flex wp-container-core-group-is-layout-5f9f5280 wp-block-group-is-layout-flex\">\n<p class=\"has-base-2-color has-text-color has-link-color has-olive-citrus-font-family wp-elements-9d8c30c54838e632457f7e142b6768dc\" style=\"font-size:clamp(2.2rem, 2.2rem + ((1vw - 0.2rem) * 3), 4rem);letter-spacing:-1.92px;line-height:0.86\">Standplaatsen<\/p>\n\n\n\n<figure class=\"wp-block-image size-large fleche\" style=\"margin-top:1rem;margin-left:2rem\"><img decoding=\"async\" width=\"50\" height=\"26\" src=\"https:\/\/www.camping-biper-gorri.com\/wp-content\/uploads\/2025\/08\/fleche-01.svg\" alt=\"pijl 01\" class=\"wp-image-129\"\/><\/figure>\n<\/div>\n<\/a>\n\n<a href=\"https:\/\/www.camping-biper-gorri.com\/location-insolite-espelette\/\"    class=\"item wp-block-tiptip-hyperlink-group-block\" >\n<figure class=\"wp-block-image size-full cta-image\"><img decoding=\"async\" width=\"800\" height=\"911\" src=\"https:\/\/www.camping-biper-gorri.com\/wp-content\/uploads\/2025\/10\/location-insolite-pays-basque.jpg\" alt=\"ongewone verhuur in baskenland\" class=\"wp-image-89774\" srcset=\"https:\/\/www.camping-biper-gorri.com\/wp-content\/uploads\/2025\/10\/location-insolite-pays-basque.jpg 800w, https:\/\/www.camping-biper-gorri.com\/wp-content\/uploads\/2025\/10\/location-insolite-pays-basque-263x300.jpg 263w, https:\/\/www.camping-biper-gorri.com\/wp-content\/uploads\/2025\/10\/location-insolite-pays-basque-768x875.jpg 768w\" sizes=\"(max-width: 800px) 100vw, 800px\" \/><\/figure>\n\n<div class=\"wp-block-group maillage__content is-vertical is-layout-flex wp-container-core-group-is-layout-5f9f5280 wp-block-group-is-layout-flex\">\n<p class=\"has-base-2-color has-text-color has-link-color has-olive-citrus-font-family wp-elements-439870be730fd45e4fe4cd735da1aff6\" style=\"font-size:clamp(2.2rem, 2.2rem + ((1vw - 0.2rem) * 3), 4rem);letter-spacing:-1.92px;line-height:0.86\">De ongewone<\/p>\n\n\n\n<figure class=\"wp-block-image size-large fleche\" style=\"margin-top:1rem;margin-left:2rem\"><img decoding=\"async\" width=\"50\" height=\"26\" src=\"https:\/\/www.camping-biper-gorri.com\/wp-content\/uploads\/2025\/08\/fleche-01.svg\" alt=\"pijl 01\" class=\"wp-image-129\"\/><\/figure>\n<\/div>\n<\/a><\/div>\n<\/div>\n\n\n\n<div style=\"height:100px\" aria-hidden=\"true\" class=\"wp-block-spacer gt-show-mobile\"><\/div>\n\n\n\n<div class=\"wp-block-group alignfull full-width is-horizontal is-content-justification-center is-nowrap is-layout-flex wp-container-core-group-is-layout-3beef098 wp-block-group-is-layout-flex\" style=\"border-radius:0px;margin-top:0px;margin-right:0px;margin-bottom:0px;margin-left:0px;padding-top:0px;padding-right:var(--wp--preset--spacing--50);padding-bottom:0px;padding-left:var(--wp--preset--spacing--50)\">\n<div class=\"wp-block-group has-global-padding is-content-justification-left is-layout-constrained wp-container-core-group-is-layout-e97a3af6 wp-block-group-is-layout-constrained\" style=\"margin-top:0px;margin-right:0px;margin-bottom:0px;margin-left:0px\">\n<div style=\"height:40px\" aria-hidden=\"true\" class=\"wp-block-spacer gt-show-mobile\"><\/div>\n\n\n\n<h2 class=\"wp-block-heading has-text-align-left has-text-color\" style=\"color:rgba(99,117,107,1);line-height:1.3\">Accommodaties en staanplaatsen te huur in Baskenland<\/h2>\n\n\n    <div id=\"gt-fse-lire-plus-69f560c6d4f56\" class=\"gt-fse-lire-plus\" data-min-height=\"130\" style=\"background-color: #f9f9f9;\">\n        <input id=\"gt-fse-lire-plus-69f560c6d4f56-toggle\" type=\"checkbox\" class=\"gt-fse-lire-plus__toggle\" \/>\n        <label for=\"gt-fse-lire-plus-69f560c6d4f56-toggle\" class=\"gt-fse-lire-plus__toggle-label\">\n            <span>Meer lezen<\/span>\n            <span>Minder lezen<\/span>\n        <\/label>\n        <div class=\"gt-fse-lire-plus__content\" style=\"height: 130px;\">\n            \n\n<p class=\"has-text-align-left full-width has-text-color has-poppins-font-family\" style=\"color:rgba(99,117,107,1);margin-top:0px;margin-right:0px;margin-bottom:0px;margin-left:0px;font-style:normal;font-weight:300;line-height:1.7\">Geniet op onze camping in Frans Baskenland van <strong>het welzijn van het buitenleven<\/strong> op een standplaats of in een verhuur, dankzij onze 142 traditionele standplaatsen (die plaats bieden aan je tent, caravan of camper) en onze ruime keuze aan accommodaties voor de meest comfortabele Baskische vakanties. Boek uw vakantie accommodatie uit een ruime keuze van chalets te huur, <a href=\"https:\/\/www.camping-biper-gorri.com\/nl\/verhuur-stacaravan-espelette\/\" data-type=\"page\" data-id=\"13\">stacaravans te huur in Espelette<\/a>, <a href=\"https:\/\/www.camping-biper-gorri.com\/nl\/standplaatsen-baskenland\/\" data-type=\"page\" data-id=\"15\">caravan plaatsen in het Baskenland,<\/a> <a href=\"https:\/\/www.camping-biper-gorri.com\/nl\/ongewone-verhuur-espelette\/\" data-type=\"page\" data-id=\"14\">canvas bungalows<\/a> met terrassen te huur in het dorp Espelette. <\/p>\n\n\n\n<ul style=\"padding-left:var(--wp--preset--spacing--40)\" class=\"wp-block-list\">\n<li>Serie <strong>ESSENTIEL<\/strong>: een eenvoudig, functioneel instapmodel<\/li>\n\n\n\n<li><strong>COMFORT-serie<\/strong>: waar voor uw geld<\/li>\n\n\n\n<li>Serie <strong>\u00c9VASION<\/strong>: een tussenmodel met een aangenaam ontwerp en een overdekt terras<\/li>\n\n\n\n<li><strong>PRESTIGE<\/strong> assortiment: topklasse<\/li>\n\n\n\n<li><strong>PREMIUM-reeks<\/strong>: het toppunt van comfort en luxe, met exclusieve functies<\/li>\n\n\n\n<li>Bungalows <strong>TILTED<\/strong><\/li>\n\n\n\n<li><strong>STANDPLAATSEN<\/strong><\/li>\n<\/ul>\n\n\n\n<div style=\"height:10px\" aria-hidden=\"true\" class=\"wp-block-spacer gt-hide-mobile\"><\/div>\n\n\n\n<p class=\"has-text-align-left full-width has-text-color has-poppins-font-family\" style=\"color:rgba(99,117,107,1);margin-top:0px;margin-right:0px;margin-bottom:0px;margin-left:0px;font-style:normal;font-weight:300;line-height:1.7\">Vergeet niet onze <a href=\"https:\/\/www.camping-biper-gorri.com\/nl\/goedkoop-camping-espelette\/\" data-type=\"page\" data-id=\"16\">speciale aanbiedingen te bekijken voor een voordelig verblijf in Baskenland<\/a> om tegen de beste prijs te boeken.<\/p>\n\n            <div class=\"gt-fse-lire-plus__gradient\" style=\"background: linear-gradient(to bottom,rgba(249,249,249,0) 0%,rgba(249,249,249,1) 100%);\"><\/div>\n        <\/div>\n    <\/div>\n    <\/div>\n<\/div>\n<\/section>\n\n<section class=\"wp-block-group alignfull gt_1-cta-1photo_003 bis gt-show-mobile is-layout-flow wp-block-group-is-layout-flow\" style=\"margin-top:0px;margin-bottom:0px;padding-bottom:153px\">\n<div class=\"wp-block-group swiper-alentours has-global-padding is-layout-constrained wp-container-core-group-is-layout-e87fb43d wp-block-group-is-layout-constrained\" style=\"padding-bottom:101px\">\n<div class=\"wp-block-group is-layout-flow wp-block-group-is-layout-flow\">\n<div class=\"wp-block-cover has-custom-content-position is-position-center-right\" style=\"padding-right:8rem;min-height:100vh;aspect-ratio:unset;\"><img decoding=\"async\" width=\"1024\" height=\"575\" class=\"wp-block-cover__image-background wp-image-413 size-large\" alt=\"camping biper gorri a la decouverte du pays basque\" src=\"https:\/\/www.camping-biper-gorri.com\/wp-content\/uploads\/2025\/08\/camping-biper-gorri-a-la-decouverte-du-pays-basque-1024x575.jpg\" data-object-fit=\"cover\" srcset=\"https:\/\/www.camping-biper-gorri.com\/wp-content\/uploads\/2025\/08\/camping-biper-gorri-a-la-decouverte-du-pays-basque-1024x575.jpg 1024w, https:\/\/www.camping-biper-gorri.com\/wp-content\/uploads\/2025\/08\/camping-biper-gorri-a-la-decouverte-du-pays-basque-300x169.jpg 300w, https:\/\/www.camping-biper-gorri.com\/wp-content\/uploads\/2025\/08\/camping-biper-gorri-a-la-decouverte-du-pays-basque-768x432.jpg 768w, https:\/\/www.camping-biper-gorri.com\/wp-content\/uploads\/2025\/08\/camping-biper-gorri-a-la-decouverte-du-pays-basque-1536x863.jpg 1536w, https:\/\/www.camping-biper-gorri.com\/wp-content\/uploads\/2025\/08\/camping-biper-gorri-a-la-decouverte-du-pays-basque.jpg 2000w\" sizes=\"(max-width: 1024px) 100vw, 1024px\" \/><span aria-hidden=\"true\" class=\"wp-block-cover__background has-background-dim-20 has-background-dim\"><\/span><div class=\"wp-block-cover__inner-container is-layout-flow wp-block-cover-is-layout-flow\"><a href=\"https:\/\/www.camping-biper-gorri.com\/tourisme-pays-basque\/\"    class=\"wp-block-tiptip-hyperlink-group-block\" >\n<div class=\"wp-block-group is-vertical is-layout-flex wp-container-core-group-is-layout-5f9f5280 wp-block-group-is-layout-flex\">\n<p class=\"titre-deco has-olive-citrus-font-family\" style=\"font-size:clamp(3.615rem, 3.615rem + ((1vw - 0.2rem) * 6.475), 7.5rem);letter-spacing:-3.6px;line-height:0.86\">Tussen aarde<\/p>\n\n\n\n<p class=\"has-boho-monoline-font-family\" style=\"font-size:clamp(3.615rem, 3.615rem + ((1vw - 0.2rem) * 6.475), 7.5rem);letter-spacing:-1.2px;line-height:0.86\">&amp; oceaan<\/p>\n\n\n\n<figure class=\"wp-block-image size-large fleche\" style=\"margin-top:3rem;margin-left:2rem\"><img decoding=\"async\" width=\"50\" height=\"26\" src=\"https:\/\/www.camping-biper-gorri.com\/wp-content\/uploads\/2025\/08\/fleche-01.svg\" alt=\"pijl 01\" class=\"wp-image-129\"\/><\/figure>\n<\/div>\n<\/a><\/div><\/div>\n<\/div>\n<\/div>\n\n\n\n<figure class=\"wp-block-image aligncenter size-large croix\" style=\"margin-top:-8rem\"><img decoding=\"async\" width=\"57\" height=\"57\" src=\"https:\/\/www.camping-biper-gorri.com\/wp-content\/uploads\/2025\/08\/croix.svg\" alt=\"kruis\" class=\"wp-image-416\"\/><\/figure>\n\n\n\n<div class=\"wp-block-group alignfull full-width is-layout-flow wp-container-core-group-is-layout-bb7df561 wp-block-group-is-layout-flow\" style=\"border-radius:0px;margin-top:0px;margin-right:0px;margin-bottom:0px;margin-left:0px;padding-top:0px;padding-right:var(--wp--preset--spacing--50);padding-bottom:0px;padding-left:var(--wp--preset--spacing--50)\">\n<div class=\"wp-block-group has-global-padding is-content-justification-center is-layout-constrained wp-container-core-group-is-layout-da6cee50 wp-block-group-is-layout-constrained\" style=\"margin-top:0px;margin-right:0px;margin-bottom:0px;margin-left:0px\">\n<div style=\"height:100px\" aria-hidden=\"true\" class=\"wp-block-spacer gt-hide-mobile\"><\/div>\n\n\n\n<h2 class=\"wp-block-heading has-text-align-center full-width has-text-color\" style=\"color:rgba(255,255,255,1)\">Ontdek Baskenland: tussen land en zee<\/h2>\n\n\n    <div id=\"gt-fse-lire-plus-69f560c6d5fec\" class=\"gt-fse-lire-plus\" data-min-height=\"130\" style=\"background-color: #63756b;\">\n        <input id=\"gt-fse-lire-plus-69f560c6d5fec-toggle\" type=\"checkbox\" class=\"gt-fse-lire-plus__toggle\" \/>\n        <label for=\"gt-fse-lire-plus-69f560c6d5fec-toggle\" class=\"gt-fse-lire-plus__toggle-label\">\n            <span>Meer lezen<\/span>\n            <span>Minder lezen<\/span>\n        <\/label>\n        <div class=\"gt-fse-lire-plus__content\" style=\"height: 130px;\">\n            \n\n<p class=\"has-text-align-center full-width has-text-color has-link-color has-mulish-font-family wp-elements-be143ed9e645f5b5bf3baa9bcd42c9bc\" style=\"color:rgba(255,255,255,1);margin-top:0px;margin-right:0px;margin-bottom:0px;margin-left:0px;font-style:normal;font-weight:300;line-height:1.7\"><br\/>Tijdens je kampeervakantie in Frans Baskenland kun je <strong>emblematische bestemmingen <\/strong>bezoeken zoals Biarritz en Saint-Jean-de-Luz. De geografische ligging van de camping geeft je ook toegang tot een aantal <g id=\"gid_1\">niet te missen dorpen<\/g> waar je de Baskische cultuur en gastronomie kunt ontdekken, zoals Saint-Jean-pied-de-port, Itxassou en vele andere. Het ideale compromis om <g id=\"gid_2\">te genieten van de geneugten van de oceaan en de bergen<\/g> in een uitzonderlijke omgeving, terwijl je profiteert van de attracties en specialiteiten van de regio. Kom genieten van een <a href=\"https:\/\/www.camping-biper-gorri.com\/nl\/baskenland-toerisme\/\" data-type=\"page\" data-id=\"17\">gezinsvakantie aan de Baskische kust<\/a>!   <br\/><\/p>\n\n\n\n<p class=\"has-text-align-center has-base-2-color has-text-color has-link-color wp-elements-ce8008bd074551a5217ea51519fd3028\">Verken de<strong> wandelpaden<\/strong> van de Pyrenee\u00ebn en ontdek <strong>adembenemende panorama&#8217;s<\/strong>. Niet ver van onze camping kunt u ook fascinerende plaatsen bezoeken zoals het <g id=\"gid_2\">Baskische Taartenmuseum<\/g> of de<g id=\"gid_3\"> grotten van Zugarramurdi<\/g>, voor een volledige onderdompeling in het natuurlijke en gastronomische erfgoed van de regio. Elke dag op onze camping in Baskenland is een gelegenheid om iets meer te ontdekken van dit land van <strong>tradities <\/strong>en adembenemende <strong>landschappen <\/strong>.  <\/p>\n\n            <div class=\"gt-fse-lire-plus__gradient\" style=\"background: linear-gradient(to bottom,rgba(99,117,107,0) 0%,rgba(99,117,107,1) 100%);\"><\/div>\n        <\/div>\n    <\/div>\n    <\/div>\n<\/div>\n<\/section>\n\n<section class=\"wp-block-group alignfull gt_avis_006 is-layout-flow wp-block-group-is-layout-flow\" style=\"margin-top:0px;margin-bottom:0px;padding-bottom:7rem\">\n<div class=\"wp-block-group alignfull has-global-padding is-layout-constrained wp-container-core-group-is-layout-e3fda59f wp-block-group-is-layout-constrained\" style=\"margin-top:0px;margin-right:0px;margin-bottom:0px;margin-left:0px;padding-top:11.5rem;padding-bottom:4rem\">\n<div class=\"wp-block-group titre-deco is-vertical is-content-justification-center is-layout-flex wp-container-core-group-is-layout-e88dcfb5 wp-block-group-is-layout-flex\">\n<p class=\"has-text-align-center has-custom-vert-eau-color has-text-color has-link-color has-olive-citrus-font-family wp-elements-999143f4ff4e5be9242e9545e9454124\" style=\"font-size:clamp(3.615rem, 3.615rem + ((1vw - 0.2rem) * 6.475), 7.5rem);line-height:0.86\">Geen gebrabbel<\/p>\n\n\n\n<p class=\"has-text-align-center has-custom-vert-fonce-color has-text-color has-link-color has-boho-monoline-font-family wp-elements-15f2d2f28ba4cacc307dc6260455a59c\" style=\"font-size:clamp(3.521rem, 3.521rem + ((1vw - 0.2rem) * 6.215), 7.25rem);line-height:0.86\">Een woordje van onze klanten<\/p>\n<\/div>\n<\/div>\n\n\n\n<div class=\"wp-block-group alignwide has-global-padding is-layout-constrained wp-container-core-group-is-layout-a8b2afe7 wp-block-group-is-layout-constrained\">\n<div class=\"wp-block-columns are-vertically-aligned-center is-layout-flex wp-container-core-columns-is-layout-28f84493 wp-block-columns-is-layout-flex\">\n<div class=\"wp-block-column is-vertically-aligned-center is-layout-flow wp-block-column-is-layout-flow\" style=\"flex-basis:33.33%\">        <div class=\"gs-badge\" style=\"background: #ffffff; border: 1px solid #a7b3ce; border-radius: 8px;\">\n            <div class=\"gs-header\">\n                <div class=\"gs-establishment-name\">\n                    <span style=\"color:#000000\"><\/span>                <\/div>\n            <\/div>\n            <div class=\"gs-rating\">\n                <span class=\"gs-big-number\" style=\"color: #000000\">8.3\/10<\/span>\n                <span class=\"gs-total-reviews\" style=\"color: #000000\">1627 reviews<\/span>\n            <\/div>\n            <div class=\"gs-stars\">\n                <div class=\"gs-stars\"><div class=\"gs-star-rating\"><span class=\"screen-reader-text\">4,2 rating based on 1.627 rating<\/span><div class=\"star star-full\" style=\"color:#da3768\" aria-hidden=\"true\"><\/div><div class=\"star star-full\" style=\"color:#da3768\" aria-hidden=\"true\"><\/div><div class=\"star star-full\" style=\"color:#da3768\" aria-hidden=\"true\"><\/div><div class=\"star star-full\" style=\"color:#da3768\" aria-hidden=\"true\"><\/div><div class=\"star star-half\" style=\"color:#da3768\" aria-hidden=\"true\"><\/div><\/div><\/div>            <\/div>\n            \n                    <div class=\"gs-footer\">\n                        <a href=\"https:\/\/www.guest-suite.com\/\" target=\"_blank\" class=\"gs-footer-link\">\n                            <span style=\"color:#000000\">Powered by customer reviews solution<\/span>\n                            <img decoding=\"async\" src=\"https:\/\/www.camping-biper-gorri.com\/wp-content\/plugins\/guestapp\/assets\/images\/gs-logo.png\" alt=\"Guest Suite logo\" class=\"gs_badge_footer_logo\" \/>\n                        <\/a>\n                    <\/div>\n                        <\/div>\n\n<\/div>\n\n\n\n<div class=\"wp-block-column is-vertically-aligned-center is-layout-flow wp-block-column-is-layout-flow\" style=\"flex-basis:66.66%\">        <div class=\"gs-slick-slider-wrapper\">\n            <ul id=\"gs-carousel\" class=\"gscolumns\">\n                <li class=\"gs-review-item\" style=\"margin-left:0;margin-top:0;background:#ffffff;border: 1px solid #a7b3ce;border-radius: 8px\"><div class=\"gs-review-header\"><strong style=\"color:#000000\" class=\"gs-review-username\">Larysa SIMON<\/strong><span style=\"color:#000000\" class=\"gs-review-date\">01 \/ 10 \/ 25<\/span><\/div><div class=\"gs-review-rating\"><span style=\"color:#da3768\" class=\"review-rate\"><div class=\"gs-stars\"><div class=\"gs-star-rating\"><span class=\"screen-reader-text\">4,0 rating based on 8 rating<\/span><div class=\"star star-full\" style=\"color:#da3768\" aria-hidden=\"true\"><\/div><div class=\"star star-full\" style=\"color:#da3768\" aria-hidden=\"true\"><\/div><div class=\"star star-full\" style=\"color:#da3768\" aria-hidden=\"true\"><\/div><div class=\"star star-full\" style=\"color:#da3768\" aria-hidden=\"true\"><\/div><div class=\"star star-empty\" style=\"color:#da3768\" aria-hidden=\"true\"><\/div><\/div><\/div><\/span><\/div><p class=\"gs-review-comment\"><span style=\"color:#000000\" class=\"short-comment\">personnel tr\u00e8s sympathique, mais par contre \u00e0 \u00e9viter si vous craignez les moustiques camping \u00e0 \u00e9viter. Invasion de moustiques<\/span><\/p><div class=\"gs-review-footer\"><div class=\"gs-review-buttons\"><a href=\"https:\/\/widget.guest-suite.com\/reviews\/23e84436-eef0-4243-86da-d462f53f7b54\/warn\" target=\"_blank\" class=\"gs-review-button signaler\"><span class=\"dashicons dashicons-flag\"><\/span> Report<\/a><\/div><span style=\"color:#000000\" class=\"gs-review-experience-date\">Experience date 06\/09\/25<br \/><i>Camping Paradis Biper Gorri<\/i><\/span><\/div><\/li><li class=\"gs-review-item\" style=\"margin-left:0;margin-top:0;background:#ffffff;border: 1px solid #a7b3ce;border-radius: 8px\"><div class=\"gs-review-header\"><strong style=\"color:#000000\" class=\"gs-review-username\">Claude-H\u00e9l\u00e8ne MAGRET<\/strong><span style=\"color:#000000\" class=\"gs-review-date\">19 \/ 09 \/ 25<\/span><\/div><div class=\"gs-review-rating\"><span style=\"color:#da3768\" class=\"review-rate\"><div class=\"gs-stars\"><div class=\"gs-star-rating\"><span class=\"screen-reader-text\">4,0 rating based on 8 rating<\/span><div class=\"star star-full\" style=\"color:#da3768\" aria-hidden=\"true\"><\/div><div class=\"star star-full\" style=\"color:#da3768\" aria-hidden=\"true\"><\/div><div class=\"star star-full\" style=\"color:#da3768\" aria-hidden=\"true\"><\/div><div class=\"star star-full\" style=\"color:#da3768\" aria-hidden=\"true\"><\/div><div class=\"star star-empty\" style=\"color:#da3768\" aria-hidden=\"true\"><\/div><\/div><\/div><\/span><\/div><p class=\"gs-review-comment\"><span style=\"color:#000000\" class=\"short-comment\">Camping agr\u00e9able. Il manque des coussins sur les chaises, sinon rien \u00e0 redire.<\/span><\/p><div class=\"gs-review-footer\"><div class=\"gs-review-buttons\"><a href=\"https:\/\/widget.guest-suite.com\/reviews\/b7333201-4f74-4f3f-954e-960bf20ea5ba\/warn\" target=\"_blank\" class=\"gs-review-button signaler\"><span class=\"dashicons dashicons-flag\"><\/span> Report<\/a><\/div><span style=\"color:#000000\" class=\"gs-review-experience-date\">Experience date 30\/08\/25<br \/><i>Camping Paradis Biper Gorri<\/i><\/span><\/div><\/li><li class=\"gs-review-item\" style=\"margin-left:0;margin-top:0;background:#ffffff;border: 1px solid #a7b3ce;border-radius: 8px\"><div class=\"gs-review-header\"><strong style=\"color:#000000\" class=\"gs-review-username\">Christine FRAN\u00c7OIS<\/strong><span style=\"color:#000000\" class=\"gs-review-date\">16 \/ 09 \/ 25<\/span><\/div><div class=\"gs-review-rating\"><span style=\"color:#da3768\" class=\"review-rate\"><div class=\"gs-stars\"><div class=\"gs-star-rating\"><span class=\"screen-reader-text\">4,5 rating based on 9 rating<\/span><div class=\"star star-full\" style=\"color:#da3768\" aria-hidden=\"true\"><\/div><div class=\"star star-full\" style=\"color:#da3768\" aria-hidden=\"true\"><\/div><div class=\"star star-full\" style=\"color:#da3768\" aria-hidden=\"true\"><\/div><div class=\"star star-full\" style=\"color:#da3768\" aria-hidden=\"true\"><\/div><div class=\"star star-half\" style=\"color:#da3768\" aria-hidden=\"true\"><\/div><\/div><\/div><\/span><\/div><p class=\"gs-review-comment\"><span style=\"color:#000000\" class=\"short-comment\">Tr\u00e8s bon accueil, bonnes prestations<\/span><\/p><div class=\"gs-review-footer\"><div class=\"gs-review-buttons\"><a href=\"https:\/\/widget.guest-suite.com\/reviews\/d4a92fa8-d7ec-48f0-a425-86377b87ca90\/warn\" target=\"_blank\" class=\"gs-review-button signaler\"><span class=\"dashicons dashicons-flag\"><\/span> Report<\/a><\/div><span style=\"color:#000000\" class=\"gs-review-experience-date\">Experience date 30\/08\/25<br \/><i>Camping Paradis Biper Gorri<\/i><\/span><\/div><\/li><li class=\"gs-review-item\" style=\"margin-left:0;margin-top:0;background:#ffffff;border: 1px solid #a7b3ce;border-radius: 8px\"><div class=\"gs-review-header\"><strong style=\"color:#000000\" class=\"gs-review-username\">Patricia SANCHEZ<\/strong><span style=\"color:#000000\" class=\"gs-review-date\">14 \/ 09 \/ 25<\/span><\/div><div class=\"gs-review-rating\"><span style=\"color:#da3768\" class=\"review-rate\"><div class=\"gs-stars\"><div class=\"gs-star-rating\"><span class=\"screen-reader-text\">5,0 rating based on 10 rating<\/span><div class=\"star star-full\" style=\"color:#da3768\" aria-hidden=\"true\"><\/div><div class=\"star star-full\" style=\"color:#da3768\" aria-hidden=\"true\"><\/div><div class=\"star star-full\" style=\"color:#da3768\" aria-hidden=\"true\"><\/div><div class=\"star star-full\" style=\"color:#da3768\" aria-hidden=\"true\"><\/div><div class=\"star star-full\" style=\"color:#da3768\" aria-hidden=\"true\"><\/div><\/div><\/div><\/span><\/div><p class=\"gs-review-comment\"><span style=\"color:#000000\" class=\"short-comment\">Tr\u00e8s bien, tout le staff est parfait<\/span><\/p><div class=\"gs-review-footer\"><div class=\"gs-review-buttons\"><a href=\"https:\/\/widget.guest-suite.com\/reviews\/3ed95846-fe0a-468a-90a2-ada10632ff5a\/warn\" target=\"_blank\" class=\"gs-review-button signaler\"><span class=\"dashicons dashicons-flag\"><\/span> Report<\/a><\/div><span style=\"color:#000000\" class=\"gs-review-experience-date\">Experience date 09\/09\/25<br \/><i>Camping Paradis Biper Gorri<\/i><\/span><\/div><\/li><li class=\"gs-review-item\" style=\"margin-left:0;margin-top:0;background:#ffffff;border: 1px solid #a7b3ce;border-radius: 8px\"><div class=\"gs-review-header\"><strong style=\"color:#000000\" class=\"gs-review-username\">Delphine LEMAITRE<\/strong><span style=\"color:#000000\" class=\"gs-review-date\">12 \/ 09 \/ 25<\/span><\/div><div class=\"gs-review-rating\"><span style=\"color:#da3768\" class=\"review-rate\"><div class=\"gs-stars\"><div class=\"gs-star-rating\"><span class=\"screen-reader-text\">4,0 rating based on 8 rating<\/span><div class=\"star star-full\" style=\"color:#da3768\" aria-hidden=\"true\"><\/div><div class=\"star star-full\" style=\"color:#da3768\" aria-hidden=\"true\"><\/div><div class=\"star star-full\" style=\"color:#da3768\" aria-hidden=\"true\"><\/div><div class=\"star star-full\" style=\"color:#da3768\" aria-hidden=\"true\"><\/div><div class=\"star star-empty\" style=\"color:#da3768\" aria-hidden=\"true\"><\/div><\/div><\/div><\/span><\/div><p class=\"gs-review-comment\"><span style=\"color:#000000\" class=\"short-comment\">Pass\u00e9 un agr\u00e9able s\u00e9jour au sein du camping qui est familiale. Personnel agr\u00e9able. <\/span><\/p><div class=\"gs-review-footer\"><div class=\"gs-review-buttons\"><a href=\"https:\/\/widget.guest-suite.com\/reviews\/e6ce8ea5-2aa3-4d66-872c-5091f0aaebb4\/warn\" target=\"_blank\" class=\"gs-review-button signaler\"><span class=\"dashicons dashicons-flag\"><\/span> Report<\/a><\/div><span style=\"color:#000000\" class=\"gs-review-experience-date\">Experience date 27\/08\/25<br \/><i>Camping Paradis Biper Gorri<\/i><\/span><\/div><\/li><li class=\"gs-review-item\" style=\"margin-left:0;margin-top:0;background:#ffffff;border: 1px solid #a7b3ce;border-radius: 8px\"><div class=\"gs-review-header\"><strong style=\"color:#000000\" class=\"gs-review-username\">Coralie BROUSSEAU<\/strong><span style=\"color:#000000\" class=\"gs-review-date\">10 \/ 09 \/ 25<\/span><\/div><div class=\"gs-review-rating\"><span style=\"color:#da3768\" class=\"review-rate\"><div class=\"gs-stars\"><div class=\"gs-star-rating\"><span class=\"screen-reader-text\">4,0 rating based on 8 rating<\/span><div class=\"star star-full\" style=\"color:#da3768\" aria-hidden=\"true\"><\/div><div class=\"star star-full\" style=\"color:#da3768\" aria-hidden=\"true\"><\/div><div class=\"star star-full\" style=\"color:#da3768\" aria-hidden=\"true\"><\/div><div class=\"star star-full\" style=\"color:#da3768\" aria-hidden=\"true\"><\/div><div class=\"star star-empty\" style=\"color:#da3768\" aria-hidden=\"true\"><\/div><\/div><\/div><\/span><\/div><p class=\"gs-review-comment\"><span style=\"color:#000000\" class=\"short-comment\">Super camping avec des sanitaires tr\u00e8s propres des services et des activit\u00e9s adapt\u00e9s. Un accueil tr\u00e8s chaleureux <\/span><\/p><div class=\"gs-review-footer\"><div class=\"gs-review-buttons\"><a href=\"https:\/\/widget.guest-suite.com\/reviews\/96742869-43d9-4e82-916c-9c1a3d703dcb\/warn\" target=\"_blank\" class=\"gs-review-button signaler\"><span class=\"dashicons dashicons-flag\"><\/span> Report<\/a><\/div><span style=\"color:#000000\" class=\"gs-review-experience-date\">Experience date 17\/08\/25<br \/><i>Camping Paradis Biper Gorri<\/i><\/span><\/div><\/li>            <\/ul>\n\n                    <div class=\"gs-footer\">\n                        <a href=\"https:\/\/www.guest-suite.com\/\" target=\"_blank\" class=\"gs-footer-link\">\n                            <span style=\"color:#000000\">Powered by customer reviews solution<\/span>\n                            <img decoding=\"async\" src=\"https:\/\/www.camping-biper-gorri.com\/wp-content\/plugins\/guestapp\/assets\/images\/gs-logo.png\" alt=\"Guest Suite logo\" class=\"gs_badge_footer_logo\" \/>\n                        <\/a>\n                    <\/div>\n                    <\/div>\n\n<\/div>\n<\/div>\n<\/div>\n\n\n\n<div class=\"wp-block-buttons is-content-justification-center is-layout-flex wp-container-core-buttons-is-layout-a89b3969 wp-block-buttons-is-layout-flex\">\n<div class=\"wp-block-button is-style-outline is-style-outline--1\"><a class=\"wp-block-button__link has-custom-vert-fonce-color has-text-color has-link-color has-olive-citrus-font-family has-custom-font-size wp-element-button\" href=\"https:\/\/www.camping-biper-gorri.com\/nl\/klantenbeoordelingen-kampeerplaats-biper-gorri\/\" style=\"border-style:none;border-width:0px;border-radius:0px;font-size:clamp(1.25rem, 1.25rem + ((1vw - 0.2rem) * 1.25), 2rem);font-style:normal;font-weight:700\">Bekijk alle beoordelingen <img decoding=\"async\" width=\"50\" height=\"26\" class=\"wp-image-129\" style=\"width: 50px;\" src=\"https:\/\/www.camping-biper-gorri.com\/wp-content\/uploads\/2025\/08\/fleche-01.svg\" alt=\"pijl 01\"\/> <\/a><\/div>\n<\/div>\n<\/section>\n\n<section class=\"wp-block-group alignfull gt_faq_006 has-global-padding is-layout-constrained wp-container-core-group-is-layout-515e6eaf wp-block-group-is-layout-constrained\" style=\"padding-bottom:7rem\">\n<div class=\"wp-block-columns alignfull is-layout-flex wp-container-core-columns-is-layout-2d6a1407 wp-block-columns-is-layout-flex\" style=\"border-radius:0px;margin-top:0px;margin-right:0px;margin-bottom:0px;margin-left:0px;padding-top:0px;padding-right:0px;padding-bottom:0px;padding-left:0px\">\n<div class=\"wp-block-column is-vertically-aligned-bottom is-layout-flow wp-block-column-is-layout-flow\" style=\"flex-basis:25%\">\n<div class=\"wp-block-group has-background is-vertical is-content-justification-left is-nowrap is-layout-flex wp-container-core-group-is-layout-82d029f6 wp-block-group-is-layout-flex\" style=\"border-radius:0px;background-color:rgba(255,255,255,1);min-height:42rem;margin-top:0px;margin-right:0px;margin-bottom:0px;margin-left:0px;padding-top:var(--wp--preset--spacing--30);padding-right:var(--wp--preset--spacing--30);padding-bottom:var(--wp--preset--spacing--30);padding-left:var(--wp--preset--spacing--30)\"><details style=\"--faq-color:#63756b; font-style:normal;font-weight:500;line-height:1.5; margin-top:1rem;margin-bottom:0px;margin-right:0px;margin-left:0px;\" class=\"gt-fse-faq faq-accueil wp-block-heading has-mulish-font-family wp-block-gt-gt-fse-faq has-text-color\" data-wp-interactive=\"gt-fse-faq\" data-wp-context='{\"isOpen\": false}'>\n\t<summary aria-expanded=\"false\" class=\"gt-fse-faq-summary\" data-wp-on--click=\"actions.toggle\" data-wp-bind--aria-expanded=\"context.isOpen\">\n\t\t<div class=\"gt-fse-faq-summary-text\">\n\t\t\tHoe kan ik boeken?\t\t<\/div>\n\t\t<span class=\"gt-fse-faq-opener\"><\/span>\n\t<\/summary>\n\t<div class=\"gt-fse-faq-content\">\n\t\t\n\n<p class=\"has-custom-vert-fonce-color has-text-color has-link-color has-medium-font-size wp-elements-92fe2203a3e1f727c3d8cb5bc1a7ad14\">Boeken kan rechtstreeks op onze website of per e-mail op info@camping-biper-gorri.com of telefonisch op 05 59 93 96 88.<\/p>\n\n\t<\/div>\n<\/details>\n\n\n\n<details style=\"font-style:normal;font-weight:500;line-height:1.5; margin-bottom:0rem;margin-right:0px;margin-left:0px;margin-top:2rem;\" class=\"gt-fse-faq faq-accueil wp-block-heading has-mulish-font-family wp-block-gt-gt-fse-faq has-text-color\" data-wp-interactive=\"gt-fse-faq\" data-wp-context='{\"isOpen\": false}'>\n\t<summary aria-expanded=\"false\" class=\"gt-fse-faq-summary\" data-wp-on--click=\"actions.toggle\" data-wp-bind--aria-expanded=\"context.isOpen\">\n\t\t<div class=\"gt-fse-faq-summary-text\">\n\t\t\tKan ik mijn vakantie betalen met een ANCV-cheque?\t\t<\/div>\n\t\t<span class=\"gt-fse-faq-opener\"><\/span>\n\t<\/summary>\n\t<div class=\"gt-fse-faq-content\">\n\t\t\n\n<p class=\"has-custom-vert-fonce-color has-text-color has-link-color has-medium-font-size wp-elements-92fe2203a3e1f727c3d8cb5bc1a7ad14\">Boeken kan rechtstreeks op onze website of per e-mail op info@camping-biper-gorri.com of telefonisch op 05 59 93 96 88.<\/p>\n\n\t<\/div>\n<\/details>\n\n<\/div>\n<\/div>\n\n\n\n<div class=\"wp-block-column is-vertically-aligned-bottom faq is-layout-flow wp-block-column-is-layout-flow\" style=\"flex-basis:25%\">\n<div class=\"wp-block-group has-background is-vertical is-content-justification-center is-nowrap is-layout-flex wp-container-core-group-is-layout-49dd2d14 wp-block-group-is-layout-flex\" style=\"border-radius:500px;background-color:rgba(147,193,167,1);min-height:605px;margin-top:0px;margin-right:0px;margin-bottom:0px;margin-left:0px;padding-top:0px;padding-right:var(--wp--preset--spacing--40);padding-bottom:0px;padding-left:var(--wp--preset--spacing--40)\">\n<div style=\"height:0px\" aria-hidden=\"true\" class=\"wp-block-spacer ligne gt-show-mobile wp-container-content-c304541a\"><\/div>\n\n\n\n<div class=\"wp-block-group is-layout-flow wp-block-group-is-layout-flow\" style=\"margin-top:0px;margin-right:0px;margin-bottom:0px;margin-left:0px\">\n<p class=\"has-text-align-center wp-block-heading text-nowrap has-olive-citrus-font-family has-text-color\" style=\"color:rgba(255,255,255,1);font-size:clamp(57.838px, 3.615rem + ((1vw - 3.2px) * 6.475), 120px);\">FAQ<\/p>\n\n\n\n<div style=\"height:3rem\" aria-hidden=\"true\" class=\"wp-block-spacer gt-hide-mobile\"><\/div>\n<\/div>\n\n\n\n<div class=\"wp-block-group is-vertical is-content-justification-center is-layout-flex wp-container-core-group-is-layout-44edecb3 wp-block-group-is-layout-flex\" style=\"margin-top:0px;margin-right:0px;margin-bottom:0px;margin-left:0px\">\n<p class=\"has-text-align-center wp-block-heading has-mulish-font-family has-text-color\" style=\"color:rgba(255,255,255,1);font-size:clamp(21.027px, 1.314rem + ((1vw - 3.2px) * 1.351), 34px);\">WE BEANTWOORDEN JE VRAGEN<\/p>\n\n\n\n<div class=\"wp-block-buttons is-content-justification-center is-layout-flex wp-container-core-buttons-is-layout-a89b3969 wp-block-buttons-is-layout-flex\">\n<div class=\"wp-block-button is-style-outline is-style-outline--2\"><a class=\"wp-block-button__link has-base-2-color has-text-color has-link-color has-olive-citrus-font-family has-text-align-center has-custom-font-size wp-element-button\" style=\"border-style:none;border-width:0px;font-size:clamp(1.146rem, 1.146rem + ((1vw - 0.2rem) * 1.09), 1.8rem);font-style:normal;font-weight:700;line-height:1.5\">Alle veelgestelde vragen <img decoding=\"async\" width=\"34\" height=\"34\" class=\"wp-image-781\" style=\"width: 34px;\" src=\"https:\/\/www.camping-biper-gorri.com\/wp-content\/uploads\/2025\/08\/fleche-resa.png\" alt=\"resa pijl\"\/><\/a><\/div>\n<\/div>\n<\/div>\n\n\n\n<div style=\"height:0px\" aria-hidden=\"true\" class=\"wp-block-spacer gt-hide-mobile wp-container-content-6388d5dc\"><\/div>\n<\/div>\n<\/div>\n\n\n\n<div class=\"wp-block-column is-vertically-aligned-bottom is-layout-flow wp-block-column-is-layout-flow\" style=\"flex-basis:25%\">\n<div class=\"wp-block-group has-background is-vertical is-content-justification-center is-nowrap is-layout-flex wp-container-core-group-is-layout-21bfedde wp-block-group-is-layout-flex\" style=\"border-radius:0px;background-color:rgba(255,255,255,1);min-height:42rem;margin-top:0px;margin-right:0px;margin-bottom:0px;margin-left:0px;padding-top:var(--wp--preset--spacing--30);padding-right:var(--wp--preset--spacing--30);padding-bottom:var(--wp--preset--spacing--30);padding-left:var(--wp--preset--spacing--30)\"><details style=\"font-style:normal;font-weight:500;line-height:1.5; padding-top:1rem;margin-top:0px;margin-bottom:0px;margin-right:0px;margin-left:0px;\" class=\"gt-fse-faq faq-accueil wp-block-heading has-mulish-font-family wp-block-gt-gt-fse-faq has-text-color\" data-wp-interactive=\"gt-fse-faq\" data-wp-context='{\"isOpen\": false}'>\n\t<summary aria-expanded=\"false\" class=\"gt-fse-faq-summary\" data-wp-on--click=\"actions.toggle\" data-wp-bind--aria-expanded=\"context.isOpen\">\n\t\t<div class=\"gt-fse-faq-summary-text\">\n\t\t\tHoe kan ik controleren of mijn Boeking is geregistreerd?\t\t<\/div>\n\t\t<span class=\"gt-fse-faq-opener\"><\/span>\n\t<\/summary>\n\t<div class=\"gt-fse-faq-content\">\n\t\t\n\n<p class=\"has-custom-vert-fonce-color has-text-color has-link-color has-medium-font-size wp-elements-f4dcf40dddbef98c345a2d568643105b\">Je ontvangt een bevestigingsmail. Als dit niet het geval is, kunt u rechtstreeks telefonisch contact met ons opnemen. <\/p>\n\n\t<\/div>\n<\/details>\n\n\n\n<details style=\"font-style:normal;font-weight:500;line-height:1.5; margin-bottom:0rem;margin-right:0px;margin-left:0px;margin-top:2rem;\" class=\"gt-fse-faq faq-accueil wp-block-heading has-mulish-font-family wp-block-gt-gt-fse-faq has-text-color\" data-wp-interactive=\"gt-fse-faq\" data-wp-context='{\"isOpen\": false}'>\n\t<summary aria-expanded=\"false\" class=\"gt-fse-faq-summary\" data-wp-on--click=\"actions.toggle\" data-wp-bind--aria-expanded=\"context.isOpen\">\n\t\t<div class=\"gt-fse-faq-summary-text\">\n\t\t\tWat zijn de annuleringsvoorwaarden?\t\t<\/div>\n\t\t<span class=\"gt-fse-faq-opener\"><\/span>\n\t<\/summary>\n\t<div class=\"gt-fse-faq-content\">\n\t\t\n\n<p class=\"has-custom-vert-fonce-color has-text-color has-link-color has-medium-font-size wp-elements-6a81d2325c39f1ca4d60fd49340927eb\">In geval van annulering moet je een annuleringsverzekering afsluiten om je geld terug te krijgen.<\/p>\n\n\t<\/div>\n<\/details>\n\n<\/div>\n<\/div>\n\n\n\n<div class=\"wp-block-column is-vertically-aligned-bottom is-layout-flow wp-block-column-is-layout-flow\" style=\"flex-basis:25%\">\n<div class=\"wp-block-group has-background is-vertical is-content-justification-center is-nowrap is-layout-flex wp-container-core-group-is-layout-21bfedde wp-block-group-is-layout-flex\" style=\"border-radius:0px;background-color:rgba(255,255,255,1);min-height:42rem;margin-top:0px;margin-right:0px;margin-bottom:0px;margin-left:0px;padding-top:var(--wp--preset--spacing--30);padding-right:var(--wp--preset--spacing--30);padding-bottom:var(--wp--preset--spacing--30);padding-left:var(--wp--preset--spacing--30)\"><details style=\"font-style:normal;font-weight:500;line-height:1.5; margin-top:1rem;margin-bottom:0px;margin-right:0px;margin-left:0px;\" class=\"gt-fse-faq faq-accueil wp-block-heading has-mulish-font-family wp-block-gt-gt-fse-faq has-text-color\" data-wp-interactive=\"gt-fse-faq\" data-wp-context='{\"isOpen\": false}'>\n\t<summary aria-expanded=\"false\" class=\"gt-fse-faq-summary\" data-wp-on--click=\"actions.toggle\" data-wp-bind--aria-expanded=\"context.isOpen\">\n\t\t<div class=\"gt-fse-faq-summary-text\">\n\t\t\tIs de camping VACAF-goedgekeurd?\t\t<\/div>\n\t\t<span class=\"gt-fse-faq-opener\"><\/span>\n\t<\/summary>\n\t<div class=\"gt-fse-faq-content\">\n\t\t\n\n<p class=\"has-custom-vert-fonce-color has-text-color has-link-color has-medium-font-size wp-elements-251aa7f76aaa2da4431b2f0ee6688beb\">We zijn niet langer goedgekeurd door de VACAF.<br\/><\/p>\n\n\t<\/div>\n<\/details>\n\n\n\n<details style=\"font-style:normal;font-weight:500;line-height:1.5; margin-bottom:0rem;margin-right:0px;margin-left:0px;margin-top:2rem;\" class=\"gt-fse-faq faq-accueil wp-block-heading has-mulish-font-family wp-block-gt-gt-fse-faq has-text-color\" data-wp-interactive=\"gt-fse-faq\" data-wp-context='{\"isOpen\": false}'>\n\t<summary aria-expanded=\"false\" class=\"gt-fse-faq-summary\" data-wp-on--click=\"actions.toggle\" data-wp-bind--aria-expanded=\"context.isOpen\">\n\t\t<div class=\"gt-fse-faq-summary-text\">\n\t\t\tMag ik mijn huisdier meenemen?\t\t<\/div>\n\t\t<span class=\"gt-fse-faq-opener\"><\/span>\n\t<\/summary>\n\t<div class=\"gt-fse-faq-content\">\n\t\t\n\n<p class=\"has-custom-vert-fonce-color has-text-color has-link-color has-medium-font-size wp-elements-22206df38aa327d63f63b70358f1a472\">Honden zijn toegestaan in de verhuur, katten niet. Honden en katten zijn toegestaan op kampeerplaatsen. <\/p>\n\n\t<\/div>\n<\/details>\n\n<\/div>\n<\/div>\n<\/div>\n<\/section>\n","protected":false},"excerpt":{"rendered":"<p>Durfanders &amp; authenticiteit Kamperen in Baskenland bij Espelette: geef uw vakantie meer pit Met Biper Gorri, onze 4-sterren camping in het Baskenland in Espelette, kunt u genieten van de geneugten van rust en gezelligheid dankzij een dynamisch en gastvrij team. Een ideale uitvalsbasis om de schatten van de regio Pyr\u00e9n\u00e9es-Atlantiques (64 ) te ontdekken. Geniet [&hellip;]<\/p>\n","protected":false},"author":1,"featured_media":0,"parent":0,"menu_order":0,"comment_status":"closed","ping_status":"closed","template":"","meta":{"_acf_changed":false,"_seopress_robots_primary_cat":"","_seopress_titles_title":"Camping Espelette | Vacances au c\u0153ur du Pays Basque | Biper Gorri","_seopress_titles_desc":"S\u00e9journez au camping Biper Gorri \u00e0 Espelette, en plein c\u0153ur du Pays Basque. Profitez d'un cadre naturel, d'activit\u00e9s pour toute la famille, d'espaces aquatiques et bien-\u00eatre, et d\u00e9couvrez la culture locale. R\u00e9servez votre emplacement ou h\u00e9bergement \u00e0 prix doux !","_seopress_robots_index":"","inline_featured_image":false,"gt_fse_maillage_image":"","gt_fse_maillage_titre":"Home","gt_fse_maillage_alt":"Home","gt_fse_maillage_resume":"","footnotes":""},"categories":[],"tags":[],"class_list":["post-87336","page","type-page","status-publish","hentry"],"acf":[],"_links":{"self":[{"href":"https:\/\/www.camping-biper-gorri.com\/nl\/wp-json\/wp\/v2\/pages\/87336","targetHints":{"allow":["GET"]}}],"collection":[{"href":"https:\/\/www.camping-biper-gorri.com\/nl\/wp-json\/wp\/v2\/pages"}],"about":[{"href":"https:\/\/www.camping-biper-gorri.com\/nl\/wp-json\/wp\/v2\/types\/page"}],"author":[{"embeddable":true,"href":"https:\/\/www.camping-biper-gorri.com\/nl\/wp-json\/wp\/v2\/users\/1"}],"replies":[{"embeddable":true,"href":"https:\/\/www.camping-biper-gorri.com\/nl\/wp-json\/wp\/v2\/comments?post=87336"}],"version-history":[{"count":30,"href":"https:\/\/www.camping-biper-gorri.com\/nl\/wp-json\/wp\/v2\/pages\/87336\/revisions"}],"predecessor-version":[{"id":92340,"href":"https:\/\/www.camping-biper-gorri.com\/nl\/wp-json\/wp\/v2\/pages\/87336\/revisions\/92340"}],"wp:attachment":[{"href":"https:\/\/www.camping-biper-gorri.com\/nl\/wp-json\/wp\/v2\/media?parent=87336"}],"wp:term":[{"taxonomy":"category","embeddable":true,"href":"https:\/\/www.camping-biper-gorri.com\/nl\/wp-json\/wp\/v2\/categories?post=87336"},{"taxonomy":"post_tag","embeddable":true,"href":"https:\/\/www.camping-biper-gorri.com\/nl\/wp-json\/wp\/v2\/tags?post=87336"}],"curies":[{"name":"wp","href":"https:\/\/api.w.org\/{rel}","templated":true}]}}