{"id":87440,"date":"2025-08-07T12:57:13","date_gmt":"2025-08-07T12:57:13","guid":{"rendered":"https:\/\/www.camping-biper-gorri.com\/accueil\/"},"modified":"2025-12-12T16:25:42","modified_gmt":"2025-12-12T16:25:42","slug":"accueil","status":"publish","type":"page","link":"https:\/\/www.camping-biper-gorri.com\/en\/","title":{"rendered":"Home"},"content":{"rendered":"\n<section class=\"wp-block-group gt_sliderphoto_001 has-global-padding is-layout-constrained wp-container-core-group-is-layout-964365b0 wp-block-group-is-layout-constrained\" style=\"padding-bottom:0\">\n<div class=\"wp-block-columns has-custom-vert-transparent-background-color has-background is-layout-flex wp-container-core-columns-is-layout-cff84ff6 wp-block-columns-is-layout-flex\" style=\"padding-top:139px;padding-right:0px;padding-left:60px\">\n<div class=\"wp-block-column first is-layout-flow wp-block-column-is-layout-flow\" style=\"padding-right:2rem;flex-basis:45.3%\">\n<div class=\"wp-block-group titre-deco is-vertical is-layout-flex wp-container-core-group-is-layout-5f9f5280 wp-block-group-is-layout-flex\">\n<p class=\"has-custom-vert-eau-color has-text-color has-link-color has-olive-citrus-font-family wp-elements-f6152915a87a3262f328c73953b96b2c\" style=\"font-size:clamp(3.615rem, 3.615rem + ((1vw - 0.2rem) * 6.475), 7.5rem);letter-spacing:-3.6px;line-height:0.86\">Dare the<br\/>exception<\/p>\n\n\n\n<p class=\"has-custom-vert-fonce-color has-text-color has-link-color has-boho-monoline-font-family wp-elements-573398b5bc78f9a882b53fbde6aea39c\" style=\"font-size:clamp(3.615rem, 3.615rem + ((1vw - 0.2rem) * 6.475), 7.5rem);letter-spacing:-1.2px;line-height:0.86\">&amp; authenticity <\/p>\n<\/div>\n\n\n\n<div style=\"height:100px\" aria-hidden=\"true\" class=\"wp-block-spacer gt-hide-mobile\"><\/div>\n\n\n\n<h1 class=\"wp-block-heading\" style=\"line-height:1.3\">Camping in the Basque Country at Espelette: spice up your vacations<\/h1>\n\n\n\n<p>With Biper Gorri, our 4-star campsite in the Basque Country in Espelette, you&#8217;ll discover the pleasures of <strong>calm <\/strong>and <strong>conviviality <\/strong>, thanks to a dynamic and welcoming team. An ideal starting point for discovering the <strong>treasures of the Pyr\u00e9n\u00e9es-Atlantiques region<\/strong> (64), you&#8217;ll enjoy an exceptional location between sea and mountains, and be seduced by the richness of the Basque heritage. <\/p>\n\n\n    <div id=\"gt-fse-lire-plus-69ef6a974b5f1\" class=\"gt-fse-lire-plus\" data-min-height=\"130\" style=\"background-color: #eff6f2;\">\n        <input id=\"gt-fse-lire-plus-69ef6a974b5f1-toggle\" type=\"checkbox\" class=\"gt-fse-lire-plus__toggle\" \/>\n        <label for=\"gt-fse-lire-plus-69ef6a974b5f1-toggle\" class=\"gt-fse-lire-plus__toggle-label\">\n            <span>Read more<\/span>\n            <span>Read less<\/span>\n        <\/label>\n        <div class=\"gt-fse-lire-plus__content\" style=\"height: 130px;\">\n            \n\n<p>A camping vacation in Espelette is the perfect opportunity to discover the rich and varied culture of the Basque Country! As you explore the surrounding area, stop off at the <strong>Ch\u00e2teau d&#8217;Espelette<\/strong> or <strong>the Church of Saint-Etienne<\/strong>, known as one of the most beautiful in the Basque country. Surrounded by red and white half-timbered houses, your visit can continue with a number of tasty discoveries at the <strong>market<\/strong>, the <strong>Antton chocolate factory<\/strong>, the <strong>farm<\/strong>,<strong> the chili workshop<\/strong>&#8230; for a total immersion in the local culture.  <\/p>\n\n            <div class=\"gt-fse-lire-plus__gradient\" style=\"background: linear-gradient(to bottom,rgba(239,246,242,0) 0%,rgba(239,246,242,1) 100%);\"><\/div>\n        <\/div>\n    <\/div>\n    <\/div>\n\n\n\n<div class=\"wp-block-column second animated fadeIn delay-100ms is-layout-flow wp-block-column-is-layout-flow\" style=\"flex-basis:54%\">\n<div data-swiper=\"{&quot;speed&quot;:400,&quot;spaceBetween&quot;:16,&quot;slidesPerView&quot;:1,&quot;createElements&quot;:true,&quot;loop&quot;:true,&quot;navigation&quot;:{&quot;nextEl&quot;:null,&quot;prevEl&quot;:null},&quot;pagination&quot;:{&quot;el&quot;:&quot;.swiper-pagination&quot;,&quot;dynamicBullets&quot;:false,&quot;clickable&quot;:true},&quot;breakpoints&quot;:[{&quot;slidesPerView&quot;:1}],&quot;direction&quot;:&quot;vertical&quot;,&quot;freeMode&quot;:false,&quot;autoplay&quot;:true,&quot;delay&quot;:null}\" id=\"slider-first\" class=\"wp-block-group animated fadeIn gt-is-slider gt-is-slider-desktop is-layout-grid wp-container-core-group-is-layout-8ea1ad4d wp-block-group-is-layout-grid\" style=\"margin-top:var(--wp--preset--spacing--20)\">\n<figure class=\"wp-block-image size-full\"><img decoding=\"async\" width=\"795\" height=\"823\" src=\"https:\/\/www.camping-biper-gorri.com\/wp-content\/uploads\/2025\/08\/camping-biper-gorri-au-pays-basque.jpg\" alt=\"campsite biper gorri in the basque country\" class=\"wp-image-55\" style=\"object-fit:cover\" srcset=\"https:\/\/www.camping-biper-gorri.com\/wp-content\/uploads\/2025\/08\/camping-biper-gorri-au-pays-basque.jpg 795w, https:\/\/www.camping-biper-gorri.com\/wp-content\/uploads\/2025\/08\/camping-biper-gorri-au-pays-basque-290x300.jpg 290w, https:\/\/www.camping-biper-gorri.com\/wp-content\/uploads\/2025\/08\/camping-biper-gorri-au-pays-basque-768x795.jpg 768w\" sizes=\"(max-width: 795px) 100vw, 795px\" \/><\/figure>\n\n\n\n<figure class=\"wp-block-image size-full\"><img decoding=\"async\" width=\"800\" height=\"911\" src=\"https:\/\/www.camping-biper-gorri.com\/wp-content\/uploads\/2025\/10\/terrasse-rooftop.jpg\" alt=\"rooftop terrace\" class=\"wp-image-89785\" style=\"object-fit:cover\" srcset=\"https:\/\/www.camping-biper-gorri.com\/wp-content\/uploads\/2025\/10\/terrasse-rooftop.jpg 800w, https:\/\/www.camping-biper-gorri.com\/wp-content\/uploads\/2025\/10\/terrasse-rooftop-263x300.jpg 263w, https:\/\/www.camping-biper-gorri.com\/wp-content\/uploads\/2025\/10\/terrasse-rooftop-768x875.jpg 768w\" sizes=\"(max-width: 800px) 100vw, 800px\" \/><\/figure>\n\n\n\n<figure class=\"wp-block-image size-full\"><img decoding=\"async\" width=\"795\" height=\"823\" src=\"https:\/\/www.camping-biper-gorri.com\/wp-content\/uploads\/2025\/08\/camping-biper-gorri-au-pays-basque-vacances-a-espelette.jpg\" alt=\"campsite biper gorri in the basque country vacations in espelette\" class=\"wp-image-54\" style=\"object-fit:cover\" srcset=\"https:\/\/www.camping-biper-gorri.com\/wp-content\/uploads\/2025\/08\/camping-biper-gorri-au-pays-basque-vacances-a-espelette.jpg 795w, https:\/\/www.camping-biper-gorri.com\/wp-content\/uploads\/2025\/08\/camping-biper-gorri-au-pays-basque-vacances-a-espelette-290x300.jpg 290w, https:\/\/www.camping-biper-gorri.com\/wp-content\/uploads\/2025\/08\/camping-biper-gorri-au-pays-basque-vacances-a-espelette-768x795.jpg 768w\" sizes=\"(max-width: 795px) 100vw, 795px\" \/><\/figure>\n\n\n\n<figure class=\"wp-block-image size-full\"><img decoding=\"async\" width=\"800\" height=\"911\" src=\"https:\/\/www.camping-biper-gorri.com\/wp-content\/uploads\/2025\/10\/camping-piscine-espelette.jpg\" alt=\"camping Swimming pool espelette\" class=\"wp-image-89788\" style=\"object-fit:cover\" srcset=\"https:\/\/www.camping-biper-gorri.com\/wp-content\/uploads\/2025\/10\/camping-piscine-espelette.jpg 800w, https:\/\/www.camping-biper-gorri.com\/wp-content\/uploads\/2025\/10\/camping-piscine-espelette-263x300.jpg 263w, https:\/\/www.camping-biper-gorri.com\/wp-content\/uploads\/2025\/10\/camping-piscine-espelette-768x875.jpg 768w\" sizes=\"(max-width: 800px) 100vw, 800px\" \/><\/figure>\n<\/div>\n<\/div>\n<\/div>\n<\/section>\n\n<section class=\"wp-block-group alignfull gt_2-cta_007 gt-show-mobile has-global-padding is-layout-constrained wp-block-group-is-layout-constrained\" style=\"margin-top:0px;margin-bottom:0px\">\n<div class=\"wp-block-group alignfull is-layout-flow wp-block-group-is-layout-flow\">\n<div data-swiper=\"{&quot;speed&quot;:400,&quot;spaceBetween&quot;:16,&quot;slidesPerView&quot;:1,&quot;createElements&quot;:true,&quot;loop&quot;:true,&quot;freemode&quot;:false,&quot;navigation&quot;:{&quot;nextEl&quot;:null,&quot;prevEl&quot;:null},&quot;pagination&quot;:{&quot;el&quot;:&quot;.swiper-pagination&quot;,&quot;dynamicBullets&quot;:false},&quot;breakpoints&quot;:[{&quot;slidesPerView&quot;:1}],&quot;delay&quot;:2000,&quot;autoplay&quot;:true}\" class=\"wp-block-group alignfull wrapper-cover gt-is-slider gt-is-slider-mobile is-content-justification-center is-nowrap is-layout-flex wp-container-core-group-is-layout-eeea3fc2 wp-block-group-is-layout-flex\">\n<div class=\"wp-block-cover has-custom-content-position is-position-bottom-left first wp-container-content-0733e5d0\" style=\"padding-bottom:5rem;padding-left:5rem;min-height:100vh;aspect-ratio:unset;\"><img decoding=\"async\" width=\"1500\" height=\"1435\" class=\"wp-block-cover__image-background wp-image-867 size-full\" alt=\"camping piscine pays basque\" src=\"https:\/\/www.camping-biper-gorri.com\/wp-content\/uploads\/2025\/09\/camping-piscine-pays-basque-1.jpg\" data-object-fit=\"cover\" srcset=\"https:\/\/www.camping-biper-gorri.com\/wp-content\/uploads\/2025\/09\/camping-piscine-pays-basque-1.jpg 1500w, https:\/\/www.camping-biper-gorri.com\/wp-content\/uploads\/2025\/09\/camping-piscine-pays-basque-1-300x287.jpg 300w, https:\/\/www.camping-biper-gorri.com\/wp-content\/uploads\/2025\/09\/camping-piscine-pays-basque-1-1024x980.jpg 1024w, https:\/\/www.camping-biper-gorri.com\/wp-content\/uploads\/2025\/09\/camping-piscine-pays-basque-1-768x735.jpg 768w\" sizes=\"(max-width: 1500px) 100vw, 1500px\" \/><span aria-hidden=\"true\" class=\"wp-block-cover__background has-contrast-background-color has-background-dim-20 has-background-dim\"><\/span><div class=\"wp-block-cover__inner-container has-global-padding is-layout-constrained wp-container-core-cover-is-layout-b2194cd1 wp-block-cover-is-layout-constrained\"><a href=\"https:\/\/www.camping-biper-gorri.com\/camping-espace-aquatique-espelette\/\"    class=\"wp-block-tiptip-hyperlink-group-block\" >\n<div class=\"wp-block-group cta__bouton is-nowrap is-layout-flex wp-container-core-group-is-layout-59cdacd6 wp-block-group-is-layout-flex\" style=\"line-height:0.8\">\n<figure class=\"wp-block-image size-large fleche\"><img decoding=\"async\" width=\"50\" height=\"26\" src=\"https:\/\/www.camping-biper-gorri.com\/wp-content\/uploads\/2025\/08\/fleche-01.svg\" alt=\"fleche 01\" class=\"wp-image-129\"\/><\/figure>\n\n\n\n<div class=\"wp-block-group is-vertical is-layout-flex wp-container-core-group-is-layout-edec48d5 wp-block-group-is-layout-flex\">\n<p class=\"has-text-align-left has-base-2-color has-text-color has-link-color has-olive-citrus-font-family wp-elements-d86e6d66006d917d11635b756ae4a61a\" style=\"font-size:clamp(2.629rem, 2.629rem + ((1vw - 0.2rem) * 3.952), 5rem);\">Area<\/p>\n\n\n\n<p class=\"has-text-align-left has-base-2-color has-text-color has-link-color has-olive-citrus-font-family wp-elements-1ea3761eedd4577cb6b04b2eaa69c027\" style=\"font-size:clamp(2.629rem, 2.629rem + ((1vw - 0.2rem) * 3.952), 5rem);\">Aquatic <br\/><\/p>\n<\/div>\n<\/div>\n<\/a><\/div><\/div>\n\n\n\n<div class=\"wp-block-cover is-light has-custom-content-position is-position-bottom-right second wp-container-content-0733e5d0\" style=\"padding-right:5rem;padding-bottom:5rem;min-height:100vh;aspect-ratio:unset;\"><img decoding=\"async\" width=\"1500\" height=\"1435\" class=\"wp-block-cover__image-background wp-image-873 size-full\" alt=\"camping spa pays basque\" src=\"https:\/\/www.camping-biper-gorri.com\/wp-content\/uploads\/2025\/09\/camping-spa-pays-basque-1.jpg\" data-object-fit=\"cover\" srcset=\"https:\/\/www.camping-biper-gorri.com\/wp-content\/uploads\/2025\/09\/camping-spa-pays-basque-1.jpg 1500w, https:\/\/www.camping-biper-gorri.com\/wp-content\/uploads\/2025\/09\/camping-spa-pays-basque-1-300x287.jpg 300w, https:\/\/www.camping-biper-gorri.com\/wp-content\/uploads\/2025\/09\/camping-spa-pays-basque-1-1024x980.jpg 1024w, https:\/\/www.camping-biper-gorri.com\/wp-content\/uploads\/2025\/09\/camping-spa-pays-basque-1-768x735.jpg 768w\" sizes=\"(max-width: 1500px) 100vw, 1500px\" \/><span aria-hidden=\"true\" class=\"wp-block-cover__background has-contrast-background-color has-background-dim-20 has-background-dim\"><\/span><div class=\"wp-block-cover__inner-container has-global-padding is-layout-constrained wp-container-core-cover-is-layout-164e1e75 wp-block-cover-is-layout-constrained\"><a href=\"https:\/\/www.camping-biper-gorri.com\/camping-bien-etre-espelette\/\"    class=\"wp-block-tiptip-hyperlink-group-block\" >\n<div class=\"wp-block-group cta__bouton is-nowrap is-layout-flex wp-container-core-group-is-layout-59cdacd6 wp-block-group-is-layout-flex\" style=\"line-height:0.8\">\n<div class=\"wp-block-group is-vertical is-layout-flex wp-container-core-group-is-layout-edec48d5 wp-block-group-is-layout-flex\">\n<p class=\"has-text-align-left has-base-2-color has-text-color has-link-color has-olive-citrus-font-family wp-elements-d86e6d66006d917d11635b756ae4a61a\" style=\"font-size:clamp(2.629rem, 2.629rem + ((1vw - 0.2rem) * 3.952), 5rem);\">Area<\/p>\n\n\n\n<p class=\"has-text-align-left has-base-2-color has-text-color has-link-color has-olive-citrus-font-family wp-elements-3fab53fef849e0d1c687f7f3f86b4f37\" style=\"font-size:clamp(2.629rem, 2.629rem + ((1vw - 0.2rem) * 3.952), 5rem);\">Wellness<\/p>\n<\/div>\n\n\n\n<figure class=\"wp-block-image size-large fleche\"><img decoding=\"async\" width=\"50\" height=\"26\" src=\"https:\/\/www.camping-biper-gorri.com\/wp-content\/uploads\/2025\/08\/fleche-01.svg\" alt=\"fleche 01\" class=\"wp-image-129\"\/><\/figure>\n<\/div>\n<\/a><\/div><\/div>\n<\/div>\n<\/div>\n<\/section>\n\n<section class=\"wp-block-group alignfull gt_2-cta_007__bis has-global-padding is-layout-constrained wp-block-group-is-layout-constrained\" style=\"margin-top:0px;margin-bottom:0px;padding-top:155px\">\n<div class=\"wp-block-group alignfull full-width is-vertical is-content-justification-center is-nowrap is-layout-flex wp-container-core-group-is-layout-810f5976 wp-block-group-is-layout-flex\" style=\"border-radius:0px;margin-top:0px;margin-right:0px;margin-bottom:0px;margin-left:0px;padding-top:0px;padding-right:0;padding-bottom:0px;padding-left:0\">\n<div class=\"wp-block-columns alignwide are-vertically-aligned-center is-layout-flex wp-container-core-columns-is-layout-574e5028 wp-block-columns-is-layout-flex\" style=\"border-radius:0px;margin-top:0px;margin-right:0px;margin-bottom:0px;margin-left:0px;padding-top:0px;padding-right:0px;padding-bottom:0px;padding-left:0px\">\n<div class=\"wp-block-column is-vertically-aligned-center is-layout-flow wp-block-column-is-layout-flow\" style=\"flex-basis:55%\">\n<div class=\"wp-block-group titre-deco is-layout-flow wp-container-core-group-is-layout-03da5144 wp-block-group-is-layout-flow\" style=\"margin-top:0px;margin-right:0px;margin-bottom:0px;margin-left:0px\">\n<p class=\"has-custom-vert-eau-color has-text-color has-link-color has-olive-citrus-font-family wp-elements-aad88f8adef494f8f70ea1ea9fb4bef5\" style=\"font-size:clamp(3.615rem, 3.615rem + ((1vw - 0.2rem) * 6.475), 7.5rem);line-height:0.86\">Aquatic interlude<\/p>\n\n\n\n<p class=\"has-custom-vert-fonce-color has-text-color has-link-color has-boho-monoline-font-family wp-elements-9ce41ce71c10482bb0bf7242f9a63bbc\" style=\"font-size:clamp(3.521rem, 3.521rem + ((1vw - 0.2rem) * 6.215), 7.25rem);line-height:0.86\">exceptional moments<br\/><\/p>\n<\/div>\n<\/div>\n\n\n\n<div class=\"wp-block-column is-vertically-aligned-center is-layout-flow wp-block-column-is-layout-flow\" style=\"flex-basis:45%\">\n<div class=\"wp-block-group has-global-padding is-content-justification-left is-layout-constrained wp-container-core-group-is-layout-1c1e5e78 wp-block-group-is-layout-constrained\" style=\"margin-top:0px;margin-right:0px;margin-bottom:0px;margin-left:0px\">\n<h2 class=\"wp-block-heading has-text-align-left has-text-color\" style=\"color:rgba(99,117,107,1);line-height:1.3\">Aquatic areas and well-being at<br\/>camping \u00e0 Espelette<\/h2>\n\n\n\n<div style=\"height:2rem\" aria-hidden=\"true\" class=\"wp-block-spacer gt-hide-mobile\"><\/div>\n\n\n\n<p class=\"has-text-align-left has-text-color has-mulish-font-family\" style=\"color:rgba(99,117,107,1);margin-top:0px;margin-right:0px;margin-bottom:0px;margin-left:0px;font-style:normal;font-weight:300;line-height:1.7\">At the Espelette campsite, we offer you an <a href=\"https:\/\/www.camping-biper-gorri.com\/en\/campsite-aquatic-area-espelette\/\" data-type=\"page\" data-id=\"10\">aquatic area in the heart of the Basque Country<\/a> to enhance your vacation. From the <strong>heated indoor pool<\/strong> to the <strong>balneotherapy area<\/strong>, there&#8217;s something for every member of the family. For younger guests, our heated outdoor swimming pool (weather permitting) with its paddling pool lets them enjoy the pleasures of the water in complete safety, while parents can relax on deckchairs or in our <a href=\"https:\/\/www.camping-biper-gorri.com\/en\/wellness-campsite-espelette\/\" data-type=\"page\" data-id=\"11\">wellness area in Espelette<\/a>. In July and August, perfect temperatures invite you to take <strong>a refreshing dip<\/strong> in a <strong>calm and relaxing setting<\/strong>. With these modern facilities, your stay becomes a real moment of relaxation and family fun.<\/p>\n<\/div>\n<\/div>\n<\/div>\n\n\n\n<figure class=\"wp-block-image size-full is-resized\" style=\"margin-top:0px;margin-right:0px;margin-bottom:0px;margin-left:0px\"><img decoding=\"async\" width=\"464\" height=\"221\" src=\"https:\/\/www.camping-biper-gorri.com\/wp-content\/uploads\/2025\/08\/soleil.png\" alt=\"beeper gorri\" class=\"wp-image-188\" style=\"width:463.0675354003906px\" srcset=\"https:\/\/www.camping-biper-gorri.com\/wp-content\/uploads\/2025\/08\/soleil.png 464w, https:\/\/www.camping-biper-gorri.com\/wp-content\/uploads\/2025\/08\/soleil-300x143.png 300w\" sizes=\"(max-width: 464px) 100vw, 464px\" \/><\/figure>\n<\/div>\n<\/section>\n\n<section class=\"wp-block-group alignfull gt_1-cta-1photo_003 gt-show-mobile is-layout-flow wp-block-group-is-layout-flow\" style=\"margin-top:0px;margin-bottom:0px;padding-bottom:153px\">\n<div class=\"wp-block-group swiper-activites has-global-padding is-layout-constrained wp-container-core-group-is-layout-e87fb43d wp-block-group-is-layout-constrained\" style=\"padding-bottom:101px\">\n<div data-swiper=\"{&quot;speed&quot;:400,&quot;spaceBetween&quot;:16,&quot;slidesPerView&quot;:1,&quot;createElements&quot;:true,&quot;loop&quot;:true,&quot;freemode&quot;:true,&quot;navigation&quot;:{&quot;prevEl&quot;:null,&quot;nextEl&quot;:null},&quot;pagination&quot;:{&quot;el&quot;:&quot;.swiper-pagination&quot;,&quot;dynamicBullets&quot;:false},&quot;breakpoints&quot;:[{&quot;slidesPerView&quot;:1,&quot;autoplay&quot;:false}],&quot;bulletImages&quot;:[&quot;\\\/wp-content\\\/uploads\\\/2025\\\/08\\\/pala.svg&quot;,&quot;\\\/wp-content\\\/uploads\\\/2025\\\/08\\\/jeux.svg&quot;],&quot;effect&quot;:&quot;fade&quot;,&quot;autoplay&quot;:true,&quot;delay&quot;:2000}\" class=\"wp-block-group swiper-activites gt-is-slider gt-is-slider-desktop is-layout-flow wp-block-group-is-layout-flow\">\n<div class=\"wp-block-cover has-custom-content-position is-position-center-right animated fadeIn\" style=\"padding-right:8rem;min-height:100vh;aspect-ratio:unset;\"><img decoding=\"async\" width=\"1024\" height=\"682\" class=\"wp-block-cover__image-background wp-image-193 size-large\" alt=\"camping biper gorri au pays basque les activites\" src=\"https:\/\/www.camping-biper-gorri.com\/wp-content\/uploads\/2025\/08\/camping-biper-gorri-au-pays-basque-les-activites-1024x682.jpg\" data-object-fit=\"cover\" srcset=\"https:\/\/www.camping-biper-gorri.com\/wp-content\/uploads\/2025\/08\/camping-biper-gorri-au-pays-basque-les-activites-1024x682.jpg 1024w, https:\/\/www.camping-biper-gorri.com\/wp-content\/uploads\/2025\/08\/camping-biper-gorri-au-pays-basque-les-activites-300x200.jpg 300w, https:\/\/www.camping-biper-gorri.com\/wp-content\/uploads\/2025\/08\/camping-biper-gorri-au-pays-basque-les-activites-768x512.jpg 768w, https:\/\/www.camping-biper-gorri.com\/wp-content\/uploads\/2025\/08\/camping-biper-gorri-au-pays-basque-les-activites-1536x1024.jpg 1536w, https:\/\/www.camping-biper-gorri.com\/wp-content\/uploads\/2025\/08\/camping-biper-gorri-au-pays-basque-les-activites.jpg 2000w\" sizes=\"(max-width: 1024px) 100vw, 1024px\" \/><span aria-hidden=\"true\" class=\"wp-block-cover__background has-background-dim-20 has-background-dim\"><\/span><div class=\"wp-block-cover__inner-container is-layout-flow wp-block-cover-is-layout-flow\"><a href=\"https:\/\/www.camping-biper-gorri.com\/camping-activites-espelette\/\"    class=\"wp-block-tiptip-hyperlink-group-block\" >\n<div class=\"wp-block-group is-vertical is-layout-flex wp-container-core-group-is-layout-5f9f5280 wp-block-group-is-layout-flex\">\n<p class=\"has-olive-citrus-font-family\" style=\"font-size:clamp(3.615rem, 3.615rem + ((1vw - 0.2rem) * 6.475), 7.5rem);letter-spacing:-3.6px;line-height:0.86\">Immerse<br\/>yourself<\/p>\n\n\n\n<p class=\"has-boho-monoline-font-family\" style=\"font-size:clamp(3.615rem, 3.615rem + ((1vw - 0.2rem) * 6.475), 7.5rem);letter-spacing:-1.2px;line-height:0.86\">Basque<\/p>\n\n\n\n<figure class=\"wp-block-image size-large fleche\" style=\"margin-top:3rem;margin-left:2rem\"><img decoding=\"async\" width=\"50\" height=\"26\" src=\"https:\/\/www.camping-biper-gorri.com\/wp-content\/uploads\/2025\/08\/fleche-01.svg\" alt=\"fleche 01\" class=\"wp-image-129\"\/><\/figure>\n<\/div>\n<\/a><\/div><\/div>\n\n\n\n<div class=\"wp-block-cover has-custom-content-position is-position-center-right\" style=\"padding-right:8rem;min-height:100vh;aspect-ratio:unset;\"><img decoding=\"async\" width=\"1024\" height=\"682\" class=\"wp-block-cover__image-background wp-image-194 size-large\" alt=\"camping biper gorri au pays basque les animations\" src=\"https:\/\/www.camping-biper-gorri.com\/wp-content\/uploads\/2025\/08\/camping-biper-gorri-au-pays-basque-les-animations-1024x682.jpg\" data-object-fit=\"cover\" srcset=\"https:\/\/www.camping-biper-gorri.com\/wp-content\/uploads\/2025\/08\/camping-biper-gorri-au-pays-basque-les-animations-1024x682.jpg 1024w, https:\/\/www.camping-biper-gorri.com\/wp-content\/uploads\/2025\/08\/camping-biper-gorri-au-pays-basque-les-animations-300x200.jpg 300w, https:\/\/www.camping-biper-gorri.com\/wp-content\/uploads\/2025\/08\/camping-biper-gorri-au-pays-basque-les-animations-768x512.jpg 768w, https:\/\/www.camping-biper-gorri.com\/wp-content\/uploads\/2025\/08\/camping-biper-gorri-au-pays-basque-les-animations-1536x1024.jpg 1536w, https:\/\/www.camping-biper-gorri.com\/wp-content\/uploads\/2025\/08\/camping-biper-gorri-au-pays-basque-les-animations.jpg 2000w\" sizes=\"(max-width: 1024px) 100vw, 1024px\" \/><span aria-hidden=\"true\" class=\"wp-block-cover__background has-background-dim wp-block-cover__gradient-background has-background-gradient\" style=\"background:linear-gradient(268deg,rgb(0,0,0) 0%,rgba(0,0,0,0.69) 50%,rgba(0,0,0,0) 100%)\"><\/span><div class=\"wp-block-cover__inner-container is-layout-flow wp-block-cover-is-layout-flow\"><a href=\"https:\/\/www.camping-biper-gorri.com\/camping-animations-enfants-espelette\/\"    class=\"wp-block-tiptip-hyperlink-group-block\" >\n<div class=\"wp-block-group is-vertical is-layout-flex wp-container-core-group-is-layout-5f9f5280 wp-block-group-is-layout-flex\">\n<p class=\"has-olive-citrus-font-family\" style=\"font-size:clamp(3.615rem, 3.615rem + ((1vw - 0.2rem) * 6.475), 7.5rem);letter-spacing:-3.6px;line-height:0.86\">Entertainment<br\/>&amp; children&#8217;s club<\/p>\n\n\n\n<figure class=\"wp-block-image size-large fleche\" style=\"margin-top:3rem;margin-left:2rem\"><img decoding=\"async\" width=\"50\" height=\"26\" src=\"https:\/\/www.camping-biper-gorri.com\/wp-content\/uploads\/2025\/08\/fleche-01.svg\" alt=\"fleche 01\" class=\"wp-image-129\"\/><\/figure>\n<\/div>\n<\/a><\/div><\/div>\n<\/div>\n<\/div>\n\n\n\n<div class=\"wp-block-group alignfull full-width is-layout-flow wp-container-core-group-is-layout-bb7df561 wp-block-group-is-layout-flow\" style=\"border-radius:0px;margin-top:0px;margin-right:0px;margin-bottom:0px;margin-left:0px;padding-top:0px;padding-right:var(--wp--preset--spacing--50);padding-bottom:0px;padding-left:var(--wp--preset--spacing--50)\">\n<div class=\"wp-block-group has-global-padding is-content-justification-center is-layout-constrained wp-container-core-group-is-layout-da6cee50 wp-block-group-is-layout-constrained\" style=\"margin-top:0px;margin-right:0px;margin-bottom:0px;margin-left:0px\">\n<h2 class=\"wp-block-heading has-text-align-center full-width has-text-color\" style=\"color:rgba(255,255,255,1)\">Campsite with activities and kids&#8217; club in the Basque Country<\/h2>\n\n\n\n<p class=\"has-text-align-center full-width has-text-color has-link-color has-mulish-font-family wp-elements-284c08daff965c2fd66e295f7728d54e\" style=\"color:rgba(255,255,255,1);margin-top:0px;margin-right:0px;margin-bottom:0px;margin-left:0px;font-style:normal;font-weight:300;line-height:1.7\">Biper Gorri, a campsite in the Basque Country, offers a wide range of <strong>activities for the whole family<\/strong>. Children aged 6 and over can enjoy a <a href=\"https:\/\/www.camping-biper-gorri.com\/en\/campsite-children-s-entertainment-espelette\/\" data-type=\"page\" data-id=\"8\">children&#8217;s club in Espelette<\/a>. <strong> <\/strong>in July and August, with entertainment for all ages. What&#8217;s more, our <g id=\"gid_0\">family playground<\/g> with inflatables and climbing nets guarantees fun for the little ones. For the older ones, our <strong>multi-sports field <\/strong>awaits you for soccer, volleyball or table tennis matches. <a href=\"https:\/\/www.camping-biper-gorri.com\/en\/campsite-activities-espelette\/\" data-type=\"page\" data-id=\"7\">Activities and leisure activities in the Basque Country<\/a> offer unique family adventures in a <strong>natural and soothing environment<\/strong>. <strong>Evening entertainment<\/strong> is the perfect complement to your stay at the Espelette campsite, with games and themed meals organized on a regular basis (Monday to Friday until 11 p.m.).   <\/p>\n<\/div>\n<\/div>\n<\/section>\n\n<section class=\"wp-block-group alignfull gt_2-cta_007 bis gt-hide-mobile has-global-padding is-layout-constrained wp-block-group-is-layout-constrained\" style=\"margin-top:0px;margin-bottom:0px\">\n<div class=\"wp-block-group alignfull has-custom-vert-transparent-background-color has-background has-global-padding is-layout-constrained wp-container-core-group-is-layout-8243fae4 wp-block-group-is-layout-constrained\" style=\"margin-top:0px;margin-right:0px;margin-bottom:0px;margin-left:0px;padding-top:11.5rem;padding-bottom:8.8rem\">\n<div class=\"wp-block-group titre-deco is-vertical is-content-justification-center is-layout-flex wp-container-core-group-is-layout-eb8bd3d9 wp-block-group-is-layout-flex\">\n<p class=\"has-text-align-center has-custom-vert-eau-color has-text-color has-link-color has-olive-citrus-font-family wp-elements-e4376adfb32fa639be176787866127fa\" style=\"font-size:clamp(3.615rem, 3.615rem + ((1vw - 0.2rem) * 6.475), 7.5rem);line-height:0.86\">Nature<br\/>preserved &amp;<\/p>\n\n\n\n<p class=\"has-text-align-center has-custom-vert-fonce-color has-text-color has-link-color has-boho-monoline-font-family wp-elements-c358c9bfaa9b7c20c047b02d3f72393e\" style=\"font-size:clamp(3.521rem, 3.521rem + ((1vw - 0.2rem) * 6.215), 7.25rem);line-height:0.86\">4-star comfort<\/p>\n<\/div>\n<\/div>\n\n\n\n<div class=\"wp-block-group alignfull is-layout-flow wp-block-group-is-layout-flow\">\n<div data-swiper=\"{&quot;speed&quot;:400,&quot;spaceBetween&quot;:16,&quot;slidesPerView&quot;:1,&quot;createElements&quot;:true,&quot;loop&quot;:true,&quot;freemode&quot;:true,&quot;navigation&quot;:{&quot;nextEl&quot;:null,&quot;prevEl&quot;:null},&quot;pagination&quot;:{&quot;el&quot;:&quot;.swiper-pagination&quot;,&quot;dynamicBullets&quot;:false},&quot;breakpoints&quot;:[{&quot;slidesPerView&quot;:1}]}\" class=\"wp-block-group alignfull wrapper-cover gt-is-slider gt-is-slider-mobile is-content-justification-center is-nowrap is-layout-flex wp-container-core-group-is-layout-8c9b685f wp-block-group-is-layout-flex\" style=\"margin-top:0px;margin-bottom:0px\">\n<div class=\"wp-block-cover has-custom-content-position is-position-bottom-left first wp-container-content-0733e5d0\" style=\"padding-bottom:5rem;padding-left:5rem;min-height:100vh;aspect-ratio:unset;\"><img decoding=\"async\" width=\"1024\" height=\"1024\" class=\"wp-block-cover__image-background wp-image-255 size-large\" alt=\"terrasse snack gourmet pays basque\" src=\"https:\/\/www.camping-biper-gorri.com\/wp-content\/uploads\/2025\/08\/terrasse-snack-gourmet-pays-basque-1024x1024.jpg\" data-object-fit=\"cover\" srcset=\"https:\/\/www.camping-biper-gorri.com\/wp-content\/uploads\/2025\/08\/terrasse-snack-gourmet-pays-basque-1024x1024.jpg 1024w, https:\/\/www.camping-biper-gorri.com\/wp-content\/uploads\/2025\/08\/terrasse-snack-gourmet-pays-basque-300x300.jpg 300w, https:\/\/www.camping-biper-gorri.com\/wp-content\/uploads\/2025\/08\/terrasse-snack-gourmet-pays-basque-150x150.jpg 150w, https:\/\/www.camping-biper-gorri.com\/wp-content\/uploads\/2025\/08\/terrasse-snack-gourmet-pays-basque-768x768.jpg 768w, https:\/\/www.camping-biper-gorri.com\/wp-content\/uploads\/2025\/08\/terrasse-snack-gourmet-pays-basque-1536x1536.jpg 1536w, https:\/\/www.camping-biper-gorri.com\/wp-content\/uploads\/2025\/08\/terrasse-snack-gourmet-pays-basque.jpg 1920w\" sizes=\"(max-width: 1024px) 100vw, 1024px\" \/><span aria-hidden=\"true\" class=\"wp-block-cover__background has-contrast-background-color has-background-dim-20 has-background-dim\"><\/span><div class=\"wp-block-cover__inner-container has-global-padding is-layout-constrained wp-container-core-cover-is-layout-b2194cd1 wp-block-cover-is-layout-constrained\"><a href=\"https:\/\/www.camping-biper-gorri.com\/snack-restaurant-espelette\/\"    class=\"wp-block-tiptip-hyperlink-group-block\" >\n<div class=\"wp-block-group cta__bouton is-nowrap is-layout-flex wp-container-core-group-is-layout-59cdacd6 wp-block-group-is-layout-flex\" style=\"line-height:0.8\">\n<figure class=\"wp-block-image size-large fleche\"><img decoding=\"async\" width=\"50\" height=\"26\" src=\"https:\/\/www.camping-biper-gorri.com\/wp-content\/uploads\/2025\/08\/fleche-01.svg\" alt=\"fleche 01\" class=\"wp-image-129\"\/><\/figure>\n\n\n\n<div class=\"wp-block-group is-vertical is-layout-flex wp-container-core-group-is-layout-edec48d5 wp-block-group-is-layout-flex\">\n<p class=\"has-text-align-left has-base-2-color has-text-color has-link-color has-olive-citrus-font-family wp-elements-215911b10218c2477fe3226161c5ff3d\" style=\"font-size:clamp(2.629rem, 2.629rem + ((1vw - 0.2rem) * 3.952), 5rem);\">Catering<\/p>\n<\/div>\n<\/div>\n<\/a><\/div><\/div>\n\n\n\n<div class=\"wp-block-cover is-light has-custom-content-position is-position-bottom-right second wp-container-content-0733e5d0\" style=\"padding-right:5rem;padding-bottom:5rem;min-height:100vh;aspect-ratio:unset;\"><img decoding=\"async\" width=\"1024\" height=\"682\" class=\"wp-block-cover__image-background wp-image-258 size-large\" alt=\"camping biper gorri au pays basque les services\" src=\"https:\/\/www.camping-biper-gorri.com\/wp-content\/uploads\/2025\/08\/camping-biper-gorri-au-pays-basque-les-services-1024x682.jpg\" data-object-fit=\"cover\" srcset=\"https:\/\/www.camping-biper-gorri.com\/wp-content\/uploads\/2025\/08\/camping-biper-gorri-au-pays-basque-les-services-1024x682.jpg 1024w, https:\/\/www.camping-biper-gorri.com\/wp-content\/uploads\/2025\/08\/camping-biper-gorri-au-pays-basque-les-services-300x200.jpg 300w, https:\/\/www.camping-biper-gorri.com\/wp-content\/uploads\/2025\/08\/camping-biper-gorri-au-pays-basque-les-services-768x512.jpg 768w, https:\/\/www.camping-biper-gorri.com\/wp-content\/uploads\/2025\/08\/camping-biper-gorri-au-pays-basque-les-services-1536x1024.jpg 1536w, https:\/\/www.camping-biper-gorri.com\/wp-content\/uploads\/2025\/08\/camping-biper-gorri-au-pays-basque-les-services.jpg 2000w\" sizes=\"(max-width: 1024px) 100vw, 1024px\" \/><span aria-hidden=\"true\" class=\"wp-block-cover__background has-contrast-background-color has-background-dim-20 has-background-dim\"><\/span><div class=\"wp-block-cover__inner-container has-global-padding is-layout-constrained wp-container-core-cover-is-layout-164e1e75 wp-block-cover-is-layout-constrained\"><a href=\"https:\/\/www.camping-biper-gorri.com\/camping-services-espelette\/\"    class=\"wp-block-tiptip-hyperlink-group-block\" >\n<div class=\"wp-block-group cta__bouton is-nowrap is-layout-flex wp-container-core-group-is-layout-59cdacd6 wp-block-group-is-layout-flex\" style=\"line-height:0.8\">\n<div class=\"wp-block-group is-vertical is-layout-flex wp-container-core-group-is-layout-edec48d5 wp-block-group-is-layout-flex\">\n<p class=\"has-text-align-left has-base-2-color has-text-color has-link-color has-olive-citrus-font-family wp-elements-3eb49fca5b18b18fd101602acdf9c449\" style=\"font-size:clamp(2.629rem, 2.629rem + ((1vw - 0.2rem) * 3.952), 5rem);\">Services<\/p>\n<\/div>\n\n\n\n<figure class=\"wp-block-image size-large fleche\"><img decoding=\"async\" width=\"50\" height=\"26\" src=\"https:\/\/www.camping-biper-gorri.com\/wp-content\/uploads\/2025\/08\/fleche-01.svg\" alt=\"fleche 01\" class=\"wp-image-129\"\/><\/figure>\n<\/div>\n<\/a><\/div><\/div>\n<\/div>\n<\/div>\n\n\n\n<div class=\"wp-block-group alignfull last full-width has-custom-vert-transparent-background-color has-background is-layout-flow wp-container-core-group-is-layout-89bf3972 wp-block-group-is-layout-flow\" style=\"border-radius:0px;margin-top:0px;margin-right:0px;margin-bottom:0px;margin-left:0px;padding-top:8.8rem;padding-right:var(--wp--preset--spacing--50);padding-bottom:12rem;padding-left:var(--wp--preset--spacing--50)\">\n<div class=\"wp-block-group has-global-padding is-content-justification-center is-layout-constrained wp-container-core-group-is-layout-a98c9ad5 wp-block-group-is-layout-constrained\" style=\"margin-bottom:0px\">\n<h2 class=\"wp-block-heading has-text-align-center full-width\">4-star services and restaurant in Espelette<\/h2>\n\n\n\n<p class=\"has-text-align-center full-width has-mulish-font-family\" style=\"margin-top:0px;margin-right:0px;margin-bottom:0px;margin-left:0px;font-style:normal;font-weight:300;line-height:1.7\">Come and enjoy the activities offered by our <a href=\"https:\/\/www.camping-biper-gorri.com\/en\/campsite-services-espelette\/\" data-type=\"page\" data-id=\"6\">4-star serviced campsite in the Basque Country<\/a>! <a href=\"https:\/\/www.camping-biper-gorri.com\/en\/snack-bar-restaurant-espelette\/\" data-type=\"page\" data-id=\"9\">Catering in Espelette<\/a>, grocery store (open July\/August), free wifi, sanitary facilities, laundry and rentals services such as fridges and baby kits, for a <strong>comfortable stay<\/strong> in the Basque Country. For the pleasure of young and old alike, Biper Gorri campsite in Espelette offers an <strong>aquatic area with heated indoor pool <\/strong>from April to October. There&#8217;s also an independent <strong>balneotherapy area<\/strong> to relax in during your stay at the campsite in the Basque Country, and an <strong>outdoor swimming pool and paddling pool heated<\/strong> in July\/August depending on the weather, which will delight young children.<\/p>\n<\/div>\n<\/div>\n<\/section>\n\n<section class=\"wp-block-group alignfull gt_contain-slider_005 is-layout-flow wp-container-core-group-is-layout-5ddb90e0 wp-block-group-is-layout-flow\" style=\"border-radius:0px;margin-top:0px;margin-right:0px;margin-bottom:0px;margin-left:0px;padding-top:var(--wp--preset--spacing--40);padding-right:0px;padding-bottom:var(--wp--preset--spacing--40);padding-left:0px\">\n<div class=\"wp-block-columns alignfull is-layout-flex wp-container-core-columns-is-layout-9b2a4d5b wp-block-columns-is-layout-flex\" style=\"border-radius:0px;margin-top:0px;margin-right:0px;margin-bottom:0px;margin-left:0px;padding-top:0px;padding-right:0px;padding-bottom:0px;padding-left:0\">\n<div class=\"wp-block-column is-vertically-aligned-center is-layout-flow wp-block-column-is-layout-flow\">\n<div class=\"wp-block-group has-global-padding is-content-justification-left is-layout-constrained wp-container-core-group-is-layout-39f5ff24 wp-block-group-is-layout-constrained\" style=\"margin-top:0px;margin-right:0px;margin-bottom:0px;margin-left:0px\">\n<div class=\"wp-block-group titre-deco is-vertical is-content-justification-center is-layout-flex wp-container-core-group-is-layout-eb8bd3d9 wp-block-group-is-layout-flex\">\n<p class=\"has-text-align-left has-custom-vert-eau-color has-text-color has-link-color has-olive-citrus-font-family wp-elements-3ea202ccd098a140b928daa39a004579\" style=\"font-size:clamp(3.615rem, 3.615rem + ((1vw - 0.2rem) * 6.475), 7.5rem);line-height:0.86\">Luxury &amp;<br\/>originality<\/p>\n\n\n\n<p class=\"has-text-align-left has-custom-vert-fonce-color has-text-color has-link-color has-boho-monoline-font-family wp-elements-1395f78a795e4a668cea78999f17a3ad\" style=\"font-size:clamp(3.521rem, 3.521rem + ((1vw - 0.2rem) * 6.215), 7.25rem);line-height:0.86\">in the Basque Country<\/p>\n<\/div>\n<\/div>\n<\/div>\n\n\n\n<div class=\"wp-block-column is-vertically-aligned-center is-layout-flow wp-block-column-is-layout-flow\">\n<figure class=\"wp-block-image alignright size-large is-resized\" style=\"margin-top:0px;margin-right:-8rem;margin-bottom:0px;margin-left:0px\"><img decoding=\"async\" width=\"712\" height=\"481\" src=\"https:\/\/www.camping-biper-gorri.com\/wp-content\/uploads\/2025\/08\/montagne.svg\" alt=\"mountain\" class=\"wp-image-284\" style=\"width:712px\"\/><\/figure>\n<\/div>\n<\/div>\n\n\n\n<div class=\"wp-block-group alignfull is-layout-flow wp-block-group-is-layout-flow\" id=\"maillage\">\n<div data-swiper=\"{&quot;speed&quot;:400,&quot;spaceBetween&quot;:40,&quot;slidesPerView&quot;:3,&quot;createElements&quot;:true,&quot;loop&quot;:true,&quot;freemode&quot;:false,&quot;navigation&quot;:{&quot;nextEl&quot;:&quot;.swiper-button-next&quot;,&quot;prevEl&quot;:&quot;.swiper-button-prev&quot;},&quot;breakpoints&quot;:{&quot;0&quot;:{&quot;slidesPerView&quot;:1,&quot;spaceBetween&quot;:10,&quot;centeredSlides&quot;:false,&quot;navigation&quot;:{&quot;nextEl&quot;:null,&quot;prevEl&quot;:null},&quot;pagination&quot;:{&quot;el&quot;:&quot;.swiper-pagination&quot;,&quot;dynamicBullets&quot;:false}},&quot;577&quot;:{&quot;slidesPerView&quot;:1.2,&quot;spaceBetween&quot;:10,&quot;centeredSlides&quot;:false,&quot;navigation&quot;:{&quot;nextEl&quot;:null,&quot;prevEl&quot;:null},&quot;pagination&quot;:{&quot;el&quot;:&quot;.swiper-pagination&quot;,&quot;dynamicBullets&quot;:false}},&quot;992&quot;:{&quot;slidesPerView&quot;:3,&quot;spaceBetween&quot;:40,&quot;centeredSlides&quot;:true,&quot;navigation&quot;:{&quot;nextEl&quot;:&quot;.swiper-button-next&quot;,&quot;prevEl&quot;:&quot;.swiper-button-prev&quot;},&quot;pagination&quot;:false}},&quot;centeredSlides&quot;:true,&quot;initialSlide&quot;:2,&quot;autoplay&quot;:true,&quot;delay&quot;:2000}\" class=\"wp-block-group gt-is-slider gt-is-slider-desktop has-global-padding is-layout-constrained wp-container-core-group-is-layout-12243e0f wp-block-group-is-layout-constrained\"><a href=\"https:\/\/www.camping-biper-gorri.com\/location-mobil-home-espelette\/\"    class=\"item wp-block-tiptip-hyperlink-group-block\" >\n<figure class=\"wp-block-image size-full cta-image\"><img decoding=\"async\" width=\"800\" height=\"911\" src=\"https:\/\/www.camping-biper-gorri.com\/wp-content\/uploads\/2025\/10\/location-mobil-home-pays-basque.jpg\" alt=\"location mobil home pays basque\" class=\"wp-image-89786\" srcset=\"https:\/\/www.camping-biper-gorri.com\/wp-content\/uploads\/2025\/10\/location-mobil-home-pays-basque.jpg 800w, https:\/\/www.camping-biper-gorri.com\/wp-content\/uploads\/2025\/10\/location-mobil-home-pays-basque-263x300.jpg 263w, https:\/\/www.camping-biper-gorri.com\/wp-content\/uploads\/2025\/10\/location-mobil-home-pays-basque-768x875.jpg 768w\" sizes=\"(max-width: 800px) 100vw, 800px\" \/><\/figure>\n\n<div class=\"wp-block-group maillage__content is-vertical is-layout-flex wp-container-core-group-is-layout-5f9f5280 wp-block-group-is-layout-flex\">\n<p class=\"has-base-2-color has-text-color has-link-color has-olive-citrus-font-family wp-elements-676e75ff4a531c64218c25d64afde84c\" style=\"font-size:clamp(2.2rem, 2.2rem + ((1vw - 0.2rem) * 3), 4rem);letter-spacing:-1.92px;line-height:0.86\">Mobile homes<\/p>\n\n\n\n<figure class=\"wp-block-image size-large fleche\" style=\"margin-top:1rem;margin-left:2rem\"><img decoding=\"async\" width=\"50\" height=\"26\" src=\"https:\/\/www.camping-biper-gorri.com\/wp-content\/uploads\/2025\/08\/fleche-01.svg\" alt=\"fleche 01\" class=\"wp-image-129\"\/><\/figure>\n<\/div>\n<\/a>\n\n<a href=\"https:\/\/www.camping-biper-gorri.com\/location-insolite-espelette\/\"    class=\"item wp-block-tiptip-hyperlink-group-block\" >\n<figure class=\"wp-block-image size-full cta-image\"><img decoding=\"async\" width=\"800\" height=\"911\" src=\"https:\/\/www.camping-biper-gorri.com\/wp-content\/uploads\/2025\/10\/location-insolite-pays-basque.jpg\" alt=\"unusual rentals basque country\" class=\"wp-image-89774\" srcset=\"https:\/\/www.camping-biper-gorri.com\/wp-content\/uploads\/2025\/10\/location-insolite-pays-basque.jpg 800w, https:\/\/www.camping-biper-gorri.com\/wp-content\/uploads\/2025\/10\/location-insolite-pays-basque-263x300.jpg 263w, https:\/\/www.camping-biper-gorri.com\/wp-content\/uploads\/2025\/10\/location-insolite-pays-basque-768x875.jpg 768w\" sizes=\"(max-width: 800px) 100vw, 800px\" \/><\/figure>\n\n<div class=\"wp-block-group maillage__content is-vertical is-layout-flex wp-container-core-group-is-layout-5f9f5280 wp-block-group-is-layout-flex\">\n<p class=\"has-base-2-color has-text-color has-link-color has-olive-citrus-font-family wp-elements-d75f1c7c9089d5bd28d375e059546c5a\" style=\"font-size:clamp(2.2rem, 2.2rem + ((1vw - 0.2rem) * 3), 4rem);letter-spacing:-1.92px;line-height:0.86\">The unusuals<\/p>\n\n\n\n<figure class=\"wp-block-image size-large fleche\" style=\"margin-top:1rem;margin-left:2rem\"><img decoding=\"async\" width=\"50\" height=\"26\" src=\"https:\/\/www.camping-biper-gorri.com\/wp-content\/uploads\/2025\/08\/fleche-01.svg\" alt=\"fleche 01\" class=\"wp-image-129\"\/><\/figure>\n<\/div>\n<\/a>\n\n<a href=\"https:\/\/www.camping-biper-gorri.com\/emplacements-camping-pays-basque\/\"    class=\"item wp-block-tiptip-hyperlink-group-block\" >\n<figure class=\"wp-block-image size-full cta-image\"><img decoding=\"async\" width=\"800\" height=\"911\" src=\"https:\/\/www.camping-biper-gorri.com\/wp-content\/uploads\/2025\/10\/location-emplacement-espelette.jpg\" alt=\"rentals location espelette\" class=\"wp-image-89776\" srcset=\"https:\/\/www.camping-biper-gorri.com\/wp-content\/uploads\/2025\/10\/location-emplacement-espelette.jpg 800w, https:\/\/www.camping-biper-gorri.com\/wp-content\/uploads\/2025\/10\/location-emplacement-espelette-263x300.jpg 263w, https:\/\/www.camping-biper-gorri.com\/wp-content\/uploads\/2025\/10\/location-emplacement-espelette-768x875.jpg 768w\" sizes=\"(max-width: 800px) 100vw, 800px\" \/><\/figure>\n\n<div class=\"wp-block-group maillage__content is-vertical is-layout-flex wp-container-core-group-is-layout-5f9f5280 wp-block-group-is-layout-flex\">\n<p class=\"has-base-2-color has-text-color has-link-color has-olive-citrus-font-family wp-elements-0bbfcbce45b27bbdeb701c10f178c79a\" style=\"font-size:clamp(2.2rem, 2.2rem + ((1vw - 0.2rem) * 3), 4rem);letter-spacing:-1.92px;line-height:0.86\">Pitches<\/p>\n\n\n\n<figure class=\"wp-block-image size-large fleche\" style=\"margin-top:1rem;margin-left:2rem\"><img decoding=\"async\" width=\"50\" height=\"26\" src=\"https:\/\/www.camping-biper-gorri.com\/wp-content\/uploads\/2025\/08\/fleche-01.svg\" alt=\"fleche 01\" class=\"wp-image-129\"\/><\/figure>\n<\/div>\n<\/a>\n\n<a href=\"https:\/\/www.camping-biper-gorri.com\/location-insolite-espelette\/\"    class=\"item wp-block-tiptip-hyperlink-group-block\" >\n<figure class=\"wp-block-image size-full cta-image\"><img decoding=\"async\" width=\"800\" height=\"911\" src=\"https:\/\/www.camping-biper-gorri.com\/wp-content\/uploads\/2025\/10\/location-insolite-pays-basque.jpg\" alt=\"unusual rentals basque country\" class=\"wp-image-89774\" srcset=\"https:\/\/www.camping-biper-gorri.com\/wp-content\/uploads\/2025\/10\/location-insolite-pays-basque.jpg 800w, https:\/\/www.camping-biper-gorri.com\/wp-content\/uploads\/2025\/10\/location-insolite-pays-basque-263x300.jpg 263w, https:\/\/www.camping-biper-gorri.com\/wp-content\/uploads\/2025\/10\/location-insolite-pays-basque-768x875.jpg 768w\" sizes=\"(max-width: 800px) 100vw, 800px\" \/><\/figure>\n\n<div class=\"wp-block-group maillage__content is-vertical is-layout-flex wp-container-core-group-is-layout-5f9f5280 wp-block-group-is-layout-flex\">\n<p class=\"has-base-2-color has-text-color has-link-color has-olive-citrus-font-family wp-elements-d75f1c7c9089d5bd28d375e059546c5a\" style=\"font-size:clamp(2.2rem, 2.2rem + ((1vw - 0.2rem) * 3), 4rem);letter-spacing:-1.92px;line-height:0.86\">The unusuals<\/p>\n\n\n\n<figure class=\"wp-block-image size-large fleche\" style=\"margin-top:1rem;margin-left:2rem\"><img decoding=\"async\" width=\"50\" height=\"26\" src=\"https:\/\/www.camping-biper-gorri.com\/wp-content\/uploads\/2025\/08\/fleche-01.svg\" alt=\"fleche 01\" class=\"wp-image-129\"\/><\/figure>\n<\/div>\n<\/a><\/div>\n<\/div>\n\n\n\n<div style=\"height:100px\" aria-hidden=\"true\" class=\"wp-block-spacer gt-show-mobile\"><\/div>\n\n\n\n<div class=\"wp-block-group alignfull full-width is-horizontal is-content-justification-center is-nowrap is-layout-flex wp-container-core-group-is-layout-3beef098 wp-block-group-is-layout-flex\" style=\"border-radius:0px;margin-top:0px;margin-right:0px;margin-bottom:0px;margin-left:0px;padding-top:0px;padding-right:var(--wp--preset--spacing--50);padding-bottom:0px;padding-left:var(--wp--preset--spacing--50)\">\n<div class=\"wp-block-group has-global-padding is-content-justification-left is-layout-constrained wp-container-core-group-is-layout-e97a3af6 wp-block-group-is-layout-constrained\" style=\"margin-top:0px;margin-right:0px;margin-bottom:0px;margin-left:0px\">\n<div style=\"height:40px\" aria-hidden=\"true\" class=\"wp-block-spacer gt-show-mobile\"><\/div>\n\n\n\n<h2 class=\"wp-block-heading has-text-align-left has-text-color\" style=\"color:rgba(99,117,107,1);line-height:1.3\">Accommodations and pitches to rent in the Basque Country<\/h2>\n\n\n    <div id=\"gt-fse-lire-plus-69ef6a9757467\" class=\"gt-fse-lire-plus\" data-min-height=\"130\" style=\"background-color: #f9f9f9;\">\n        <input id=\"gt-fse-lire-plus-69ef6a9757467-toggle\" type=\"checkbox\" class=\"gt-fse-lire-plus__toggle\" \/>\n        <label for=\"gt-fse-lire-plus-69ef6a9757467-toggle\" class=\"gt-fse-lire-plus__toggle-label\">\n            <span>Read more<\/span>\n            <span>Read less<\/span>\n        <\/label>\n        <div class=\"gt-fse-lire-plus__content\" style=\"height: 130px;\">\n            \n\n<p class=\"has-text-align-left full-width has-text-color has-poppins-font-family\" style=\"color:rgba(99,117,107,1);margin-top:0px;margin-right:0px;margin-bottom:0px;margin-left:0px;font-style:normal;font-weight:300;line-height:1.7\">With our campsite in the Basque Country, enjoy the <strong>well-being of outdoor life<\/strong> on a pitch or in rentals, thanks to our 142 traditional campsites (suitable for your tent, caravan or camper van) and our wide choice of accommodations for the most comfortable Basque vacations. Book your vacation accommodation from a wide choice of chalet rentals, <a href=\"https:\/\/www.camping-biper-gorri.com\/en\/mobile-home-rentals-espelette\/\" data-type=\"page\" data-id=\"13\">mobile home rentals in Espelette<\/a>, <a href=\"https:\/\/www.camping-biper-gorri.com\/en\/camping-pitches-basque-country\/\" data-type=\"page\" data-id=\"15\">caravanning pitches in the Basque Country,<\/a> <a href=\"https:\/\/www.camping-biper-gorri.com\/en\/unusual-rental-espelette\/\" data-type=\"page\" data-id=\"14\">canvas bungalows<\/a> with terraces for rent in the village of Espelette. <\/p>\n\n\n\n<ul style=\"padding-left:var(--wp--preset--spacing--40)\" class=\"wp-block-list\">\n<li><strong>ESSENTIEL<\/strong> range: entry-level, simple and functional<\/li>\n\n\n\n<li><strong>CONFORT<\/strong> range: good value for money<\/li>\n\n\n\n<li><strong>\u00c9VASION<\/strong> range: an intermediate model with a pleasant design and a covered terrace<\/li>\n\n\n\n<li><strong>PRESTIGE<\/strong> range: top of the range<\/li>\n\n\n\n<li><strong>PREMIUM<\/strong> range: top comfort and luxury, with exclusive features<\/li>\n\n\n\n<li><strong>TILTED<\/strong> Bungalows<\/li>\n\n\n\n<li><strong>PITCHES<\/strong><\/li>\n<\/ul>\n\n\n\n<div style=\"height:10px\" aria-hidden=\"true\" class=\"wp-block-spacer gt-hide-mobile\"><\/div>\n\n\n\n<p class=\"has-text-align-left full-width has-text-color has-poppins-font-family\" style=\"color:rgba(99,117,107,1);margin-top:0px;margin-right:0px;margin-bottom:0px;margin-left:0px;font-style:normal;font-weight:300;line-height:1.7\">To book at the best price, don&#8217;t forget to check out our <a href=\"https:\/\/www.camping-biper-gorri.com\/en\/lowcost-campsite-espelette\/\" data-type=\"page\" data-id=\"16\">special offers for a low-priced stay in the Basque Country<\/a>.<\/p>\n\n            <div class=\"gt-fse-lire-plus__gradient\" style=\"background: linear-gradient(to bottom,rgba(249,249,249,0) 0%,rgba(249,249,249,1) 100%);\"><\/div>\n        <\/div>\n    <\/div>\n    <\/div>\n<\/div>\n<\/section>\n\n<section class=\"wp-block-group alignfull gt_1-cta-1photo_003 bis gt-show-mobile is-layout-flow wp-block-group-is-layout-flow\" style=\"margin-top:0px;margin-bottom:0px;padding-bottom:153px\">\n<div class=\"wp-block-group swiper-alentours has-global-padding is-layout-constrained wp-container-core-group-is-layout-e87fb43d wp-block-group-is-layout-constrained\" style=\"padding-bottom:101px\">\n<div class=\"wp-block-group is-layout-flow wp-block-group-is-layout-flow\">\n<div class=\"wp-block-cover has-custom-content-position is-position-center-right\" style=\"padding-right:8rem;min-height:100vh;aspect-ratio:unset;\"><img decoding=\"async\" width=\"1024\" height=\"575\" class=\"wp-block-cover__image-background wp-image-413 size-large\" alt=\"camping biper gorri a la decouverte du pays basque\" src=\"https:\/\/www.camping-biper-gorri.com\/wp-content\/uploads\/2025\/08\/camping-biper-gorri-a-la-decouverte-du-pays-basque-1024x575.jpg\" data-object-fit=\"cover\" srcset=\"https:\/\/www.camping-biper-gorri.com\/wp-content\/uploads\/2025\/08\/camping-biper-gorri-a-la-decouverte-du-pays-basque-1024x575.jpg 1024w, https:\/\/www.camping-biper-gorri.com\/wp-content\/uploads\/2025\/08\/camping-biper-gorri-a-la-decouverte-du-pays-basque-300x169.jpg 300w, https:\/\/www.camping-biper-gorri.com\/wp-content\/uploads\/2025\/08\/camping-biper-gorri-a-la-decouverte-du-pays-basque-768x432.jpg 768w, https:\/\/www.camping-biper-gorri.com\/wp-content\/uploads\/2025\/08\/camping-biper-gorri-a-la-decouverte-du-pays-basque-1536x863.jpg 1536w, https:\/\/www.camping-biper-gorri.com\/wp-content\/uploads\/2025\/08\/camping-biper-gorri-a-la-decouverte-du-pays-basque.jpg 2000w\" sizes=\"(max-width: 1024px) 100vw, 1024px\" \/><span aria-hidden=\"true\" class=\"wp-block-cover__background has-background-dim-20 has-background-dim\"><\/span><div class=\"wp-block-cover__inner-container is-layout-flow wp-block-cover-is-layout-flow\"><a href=\"https:\/\/www.camping-biper-gorri.com\/tourisme-pays-basque\/\"    class=\"wp-block-tiptip-hyperlink-group-block\" >\n<div class=\"wp-block-group is-vertical is-layout-flex wp-container-core-group-is-layout-5f9f5280 wp-block-group-is-layout-flex\">\n<p class=\"titre-deco has-olive-citrus-font-family\" style=\"font-size:clamp(3.615rem, 3.615rem + ((1vw - 0.2rem) * 6.475), 7.5rem);letter-spacing:-3.6px;line-height:0.86\">Between<\/p>\n\n\n\n<p class=\"has-boho-monoline-font-family\" style=\"font-size:clamp(3.615rem, 3.615rem + ((1vw - 0.2rem) * 6.475), 7.5rem);letter-spacing:-1.2px;line-height:0.86\">earth &amp; ocean<\/p>\n\n\n\n<figure class=\"wp-block-image size-large fleche\" style=\"margin-top:3rem;margin-left:2rem\"><img decoding=\"async\" width=\"50\" height=\"26\" src=\"https:\/\/www.camping-biper-gorri.com\/wp-content\/uploads\/2025\/08\/fleche-01.svg\" alt=\"fleche 01\" class=\"wp-image-129\"\/><\/figure>\n<\/div>\n<\/a><\/div><\/div>\n<\/div>\n<\/div>\n\n\n\n<figure class=\"wp-block-image aligncenter size-large croix\" style=\"margin-top:-8rem\"><img decoding=\"async\" width=\"57\" height=\"57\" src=\"https:\/\/www.camping-biper-gorri.com\/wp-content\/uploads\/2025\/08\/croix.svg\" alt=\"cross\" class=\"wp-image-416\"\/><\/figure>\n\n\n\n<div class=\"wp-block-group alignfull full-width is-layout-flow wp-container-core-group-is-layout-bb7df561 wp-block-group-is-layout-flow\" style=\"border-radius:0px;margin-top:0px;margin-right:0px;margin-bottom:0px;margin-left:0px;padding-top:0px;padding-right:var(--wp--preset--spacing--50);padding-bottom:0px;padding-left:var(--wp--preset--spacing--50)\">\n<div class=\"wp-block-group has-global-padding is-content-justification-center is-layout-constrained wp-container-core-group-is-layout-da6cee50 wp-block-group-is-layout-constrained\" style=\"margin-top:0px;margin-right:0px;margin-bottom:0px;margin-left:0px\">\n<div style=\"height:100px\" aria-hidden=\"true\" class=\"wp-block-spacer gt-hide-mobile\"><\/div>\n\n\n\n<h2 class=\"wp-block-heading has-text-align-center full-width has-text-color\" style=\"color:rgba(255,255,255,1)\">Explore the Basque Country: between land and sea<\/h2>\n\n\n    <div id=\"gt-fse-lire-plus-69ef6a9758bce\" class=\"gt-fse-lire-plus\" data-min-height=\"130\" style=\"background-color: #63756b;\">\n        <input id=\"gt-fse-lire-plus-69ef6a9758bce-toggle\" type=\"checkbox\" class=\"gt-fse-lire-plus__toggle\" \/>\n        <label for=\"gt-fse-lire-plus-69ef6a9758bce-toggle\" class=\"gt-fse-lire-plus__toggle-label\">\n            <span>Read more<\/span>\n            <span>Read less<\/span>\n        <\/label>\n        <div class=\"gt-fse-lire-plus__content\" style=\"height: 130px;\">\n            \n\n<p class=\"has-text-align-center full-width has-text-color has-link-color has-mulish-font-family wp-elements-5f08c7f96b023e94d8970ee8ad449c15\" style=\"color:rgba(255,255,255,1);margin-top:0px;margin-right:0px;margin-bottom:0px;margin-left:0px;font-style:normal;font-weight:300;line-height:1.7\"><br\/>During your camping holiday in the Basque Country, you&#8217;ll be able to visit <strong>emblematic destinations <\/strong>such as Biarritz and Saint-Jean-de-Luz. The campsite&#8217;s geographical location also gives you access to a number of <strong>must-see villages<\/strong> for discovering Basque culture and gastronomy, such as Saint-Jean-pied-de-port, Itxassou and many others. The ideal compromise to <strong>enjoy the pleasures of the ocean and the mountains<\/strong> in an exceptional setting, while taking advantage of the region&#8217;s attractions and specialties. Come and enjoy a <a href=\"https:\/\/www.camping-biper-gorri.com\/en\/basque-country-tourism\/\" data-type=\"page\" data-id=\"17\">family vacation on the Basque Coast<\/a>!   <br\/><\/p>\n\n\n\n<p class=\"has-text-align-center has-base-2-color has-text-color has-link-color wp-elements-0cbfa8964c59266e108d8fcc5646cb92\">Explore the<strong> hiking trails<\/strong> of the Pyrenees and discover <strong>breathtaking panoramas<\/strong>. Not far from our campsite, you can also visit fascinating sites such as the <strong>Basque Cake Museum<\/strong> or the<strong> Zugarramurdi caves<\/strong>, for a complete immersion in the region&#8217;s natural and gastronomic heritage. Every day spent at our campsite in the Basque Country is an opportunity to discover a little more of this land of <strong>tradition <\/strong>and breathtaking <strong>scenery <\/strong>.  <\/p>\n\n            <div class=\"gt-fse-lire-plus__gradient\" style=\"background: linear-gradient(to bottom,rgba(99,117,107,0) 0%,rgba(99,117,107,1) 100%);\"><\/div>\n        <\/div>\n    <\/div>\n    <\/div>\n<\/div>\n<\/section>\n\n<section class=\"wp-block-group alignfull gt_avis_006 is-layout-flow wp-block-group-is-layout-flow\" style=\"margin-top:0px;margin-bottom:0px;padding-bottom:7rem\">\n<div class=\"wp-block-group alignfull has-global-padding is-layout-constrained wp-container-core-group-is-layout-e3fda59f wp-block-group-is-layout-constrained\" style=\"margin-top:0px;margin-right:0px;margin-bottom:0px;margin-left:0px;padding-top:11.5rem;padding-bottom:4rem\">\n<div class=\"wp-block-group titre-deco is-vertical is-content-justification-center is-layout-flex wp-container-core-group-is-layout-e88dcfb5 wp-block-group-is-layout-flex\">\n<p class=\"has-text-align-center has-custom-vert-eau-color has-text-color has-link-color has-olive-citrus-font-family wp-elements-05795c8f10eb9ae95d70533711ab8fd1\" style=\"font-size:clamp(3.615rem, 3.615rem + ((1vw - 0.2rem) * 6.475), 7.5rem);line-height:0.86\">No blabla<\/p>\n\n\n\n<p class=\"has-text-align-center has-custom-vert-fonce-color has-text-color has-link-color has-boho-monoline-font-family wp-elements-77aa69e456ddcd36bd098540a2fe49b4\" style=\"font-size:clamp(3.521rem, 3.521rem + ((1vw - 0.2rem) * 6.215), 7.25rem);line-height:0.86\">A word from our customers<\/p>\n<\/div>\n<\/div>\n\n\n\n<div class=\"wp-block-group alignwide has-global-padding is-layout-constrained wp-container-core-group-is-layout-a8b2afe7 wp-block-group-is-layout-constrained\">\n<div class=\"wp-block-columns are-vertically-aligned-center is-layout-flex wp-container-core-columns-is-layout-28f84493 wp-block-columns-is-layout-flex\">\n<div class=\"wp-block-column is-vertically-aligned-center is-layout-flow wp-block-column-is-layout-flow\" style=\"flex-basis:33.33%\">        <div class=\"gs-badge\" style=\"background: #ffffff; border: 1px solid #a7b3ce; border-radius: 8px;\">\n            <div class=\"gs-header\">\n                <div class=\"gs-establishment-name\">\n                    <span style=\"color:#000000\"><\/span>                <\/div>\n            <\/div>\n            <div class=\"gs-rating\">\n                <span class=\"gs-big-number\" style=\"color: #000000\">8.3\/10<\/span>\n                <span class=\"gs-total-reviews\" style=\"color: #000000\">1627 reviews<\/span>\n            <\/div>\n            <div class=\"gs-stars\">\n                <div class=\"gs-stars\"><div class=\"gs-star-rating\"><span class=\"screen-reader-text\">4.2 rating based on 1,627 rating<\/span><div class=\"star star-full\" style=\"color:#da3768\" aria-hidden=\"true\"><\/div><div class=\"star star-full\" style=\"color:#da3768\" aria-hidden=\"true\"><\/div><div class=\"star star-full\" style=\"color:#da3768\" aria-hidden=\"true\"><\/div><div class=\"star star-full\" style=\"color:#da3768\" aria-hidden=\"true\"><\/div><div class=\"star star-half\" style=\"color:#da3768\" aria-hidden=\"true\"><\/div><\/div><\/div>            <\/div>\n            \n                    <div class=\"gs-footer\">\n                        <a href=\"https:\/\/www.guest-suite.com\/\" target=\"_blank\" class=\"gs-footer-link\">\n                            <span style=\"color:#000000\">Powered by customer reviews solution<\/span>\n                            <img decoding=\"async\" src=\"https:\/\/www.camping-biper-gorri.com\/wp-content\/plugins\/guestapp\/assets\/images\/gs-logo.png\" alt=\"Guest Suite logo\" class=\"gs_badge_footer_logo\" \/>\n                        <\/a>\n                    <\/div>\n                        <\/div>\n\n<\/div>\n\n\n\n<div class=\"wp-block-column is-vertically-aligned-center is-layout-flow wp-block-column-is-layout-flow\" style=\"flex-basis:66.66%\">        <div class=\"gs-slick-slider-wrapper\">\n            <ul id=\"gs-carousel\" class=\"gscolumns\">\n                <li class=\"gs-review-item\" style=\"margin-left:0;margin-top:0;background:#ffffff;border: 1px solid #a7b3ce;border-radius: 8px\"><div class=\"gs-review-header\"><strong style=\"color:#000000\" class=\"gs-review-username\">Larysa SIMON<\/strong><span style=\"color:#000000\" class=\"gs-review-date\">01 \/ 10 \/ 25<\/span><\/div><div class=\"gs-review-rating\"><span style=\"color:#da3768\" class=\"review-rate\"><div class=\"gs-stars\"><div class=\"gs-star-rating\"><span class=\"screen-reader-text\">4.0 rating based on 8 rating<\/span><div class=\"star star-full\" style=\"color:#da3768\" aria-hidden=\"true\"><\/div><div class=\"star star-full\" style=\"color:#da3768\" aria-hidden=\"true\"><\/div><div class=\"star star-full\" style=\"color:#da3768\" aria-hidden=\"true\"><\/div><div class=\"star star-full\" style=\"color:#da3768\" aria-hidden=\"true\"><\/div><div class=\"star star-empty\" style=\"color:#da3768\" aria-hidden=\"true\"><\/div><\/div><\/div><\/span><\/div><p class=\"gs-review-comment\"><span style=\"color:#000000\" class=\"short-comment\">personnel tr\u00e8s sympathique, mais par contre \u00e0 \u00e9viter si vous craignez les moustiques camping \u00e0 \u00e9viter. Invasion de moustiques<\/span><\/p><div class=\"gs-review-footer\"><div class=\"gs-review-buttons\"><a href=\"https:\/\/widget.guest-suite.com\/reviews\/23e84436-eef0-4243-86da-d462f53f7b54\/warn\" target=\"_blank\" class=\"gs-review-button signaler\"><span class=\"dashicons dashicons-flag\"><\/span> Report<\/a><\/div><span style=\"color:#000000\" class=\"gs-review-experience-date\">Experience date 06\/09\/25<br \/><i>Camping Paradis Biper Gorri<\/i><\/span><\/div><\/li><li class=\"gs-review-item\" style=\"margin-left:0;margin-top:0;background:#ffffff;border: 1px solid #a7b3ce;border-radius: 8px\"><div class=\"gs-review-header\"><strong style=\"color:#000000\" class=\"gs-review-username\">Claude-H\u00e9l\u00e8ne MAGRET<\/strong><span style=\"color:#000000\" class=\"gs-review-date\">19 \/ 09 \/ 25<\/span><\/div><div class=\"gs-review-rating\"><span style=\"color:#da3768\" class=\"review-rate\"><div class=\"gs-stars\"><div class=\"gs-star-rating\"><span class=\"screen-reader-text\">4.0 rating based on 8 rating<\/span><div class=\"star star-full\" style=\"color:#da3768\" aria-hidden=\"true\"><\/div><div class=\"star star-full\" style=\"color:#da3768\" aria-hidden=\"true\"><\/div><div class=\"star star-full\" style=\"color:#da3768\" aria-hidden=\"true\"><\/div><div class=\"star star-full\" style=\"color:#da3768\" aria-hidden=\"true\"><\/div><div class=\"star star-empty\" style=\"color:#da3768\" aria-hidden=\"true\"><\/div><\/div><\/div><\/span><\/div><p class=\"gs-review-comment\"><span style=\"color:#000000\" class=\"short-comment\">Camping agr\u00e9able. Il manque des coussins sur les chaises, sinon rien \u00e0 redire.<\/span><\/p><div class=\"gs-review-footer\"><div class=\"gs-review-buttons\"><a href=\"https:\/\/widget.guest-suite.com\/reviews\/b7333201-4f74-4f3f-954e-960bf20ea5ba\/warn\" target=\"_blank\" class=\"gs-review-button signaler\"><span class=\"dashicons dashicons-flag\"><\/span> Report<\/a><\/div><span style=\"color:#000000\" class=\"gs-review-experience-date\">Experience date 30\/08\/25<br \/><i>Camping Paradis Biper Gorri<\/i><\/span><\/div><\/li><li class=\"gs-review-item\" style=\"margin-left:0;margin-top:0;background:#ffffff;border: 1px solid #a7b3ce;border-radius: 8px\"><div class=\"gs-review-header\"><strong style=\"color:#000000\" class=\"gs-review-username\">Christine FRAN\u00c7OIS<\/strong><span style=\"color:#000000\" class=\"gs-review-date\">16 \/ 09 \/ 25<\/span><\/div><div class=\"gs-review-rating\"><span style=\"color:#da3768\" class=\"review-rate\"><div class=\"gs-stars\"><div class=\"gs-star-rating\"><span class=\"screen-reader-text\">4.5 rating based on 9 rating<\/span><div class=\"star star-full\" style=\"color:#da3768\" aria-hidden=\"true\"><\/div><div class=\"star star-full\" style=\"color:#da3768\" aria-hidden=\"true\"><\/div><div class=\"star star-full\" style=\"color:#da3768\" aria-hidden=\"true\"><\/div><div class=\"star star-full\" style=\"color:#da3768\" aria-hidden=\"true\"><\/div><div class=\"star star-half\" style=\"color:#da3768\" aria-hidden=\"true\"><\/div><\/div><\/div><\/span><\/div><p class=\"gs-review-comment\"><span style=\"color:#000000\" class=\"short-comment\">Tr\u00e8s bon accueil, bonnes prestations<\/span><\/p><div class=\"gs-review-footer\"><div class=\"gs-review-buttons\"><a href=\"https:\/\/widget.guest-suite.com\/reviews\/d4a92fa8-d7ec-48f0-a425-86377b87ca90\/warn\" target=\"_blank\" class=\"gs-review-button signaler\"><span class=\"dashicons dashicons-flag\"><\/span> Report<\/a><\/div><span style=\"color:#000000\" class=\"gs-review-experience-date\">Experience date 30\/08\/25<br \/><i>Camping Paradis Biper Gorri<\/i><\/span><\/div><\/li><li class=\"gs-review-item\" style=\"margin-left:0;margin-top:0;background:#ffffff;border: 1px solid #a7b3ce;border-radius: 8px\"><div class=\"gs-review-header\"><strong style=\"color:#000000\" class=\"gs-review-username\">Patricia SANCHEZ<\/strong><span style=\"color:#000000\" class=\"gs-review-date\">14 \/ 09 \/ 25<\/span><\/div><div class=\"gs-review-rating\"><span style=\"color:#da3768\" class=\"review-rate\"><div class=\"gs-stars\"><div class=\"gs-star-rating\"><span class=\"screen-reader-text\">5.0 rating based on 10 rating<\/span><div class=\"star star-full\" style=\"color:#da3768\" aria-hidden=\"true\"><\/div><div class=\"star star-full\" style=\"color:#da3768\" aria-hidden=\"true\"><\/div><div class=\"star star-full\" style=\"color:#da3768\" aria-hidden=\"true\"><\/div><div class=\"star star-full\" style=\"color:#da3768\" aria-hidden=\"true\"><\/div><div class=\"star star-full\" style=\"color:#da3768\" aria-hidden=\"true\"><\/div><\/div><\/div><\/span><\/div><p class=\"gs-review-comment\"><span style=\"color:#000000\" class=\"short-comment\">Tr\u00e8s bien, tout le staff est parfait<\/span><\/p><div class=\"gs-review-footer\"><div class=\"gs-review-buttons\"><a href=\"https:\/\/widget.guest-suite.com\/reviews\/3ed95846-fe0a-468a-90a2-ada10632ff5a\/warn\" target=\"_blank\" class=\"gs-review-button signaler\"><span class=\"dashicons dashicons-flag\"><\/span> Report<\/a><\/div><span style=\"color:#000000\" class=\"gs-review-experience-date\">Experience date 09\/09\/25<br \/><i>Camping Paradis Biper Gorri<\/i><\/span><\/div><\/li><li class=\"gs-review-item\" style=\"margin-left:0;margin-top:0;background:#ffffff;border: 1px solid #a7b3ce;border-radius: 8px\"><div class=\"gs-review-header\"><strong style=\"color:#000000\" class=\"gs-review-username\">Delphine LEMAITRE<\/strong><span style=\"color:#000000\" class=\"gs-review-date\">12 \/ 09 \/ 25<\/span><\/div><div class=\"gs-review-rating\"><span style=\"color:#da3768\" class=\"review-rate\"><div class=\"gs-stars\"><div class=\"gs-star-rating\"><span class=\"screen-reader-text\">4.0 rating based on 8 rating<\/span><div class=\"star star-full\" style=\"color:#da3768\" aria-hidden=\"true\"><\/div><div class=\"star star-full\" style=\"color:#da3768\" aria-hidden=\"true\"><\/div><div class=\"star star-full\" style=\"color:#da3768\" aria-hidden=\"true\"><\/div><div class=\"star star-full\" style=\"color:#da3768\" aria-hidden=\"true\"><\/div><div class=\"star star-empty\" style=\"color:#da3768\" aria-hidden=\"true\"><\/div><\/div><\/div><\/span><\/div><p class=\"gs-review-comment\"><span style=\"color:#000000\" class=\"short-comment\">Pass\u00e9 un agr\u00e9able s\u00e9jour au sein du camping qui est familiale. Personnel agr\u00e9able. <\/span><\/p><div class=\"gs-review-footer\"><div class=\"gs-review-buttons\"><a href=\"https:\/\/widget.guest-suite.com\/reviews\/e6ce8ea5-2aa3-4d66-872c-5091f0aaebb4\/warn\" target=\"_blank\" class=\"gs-review-button signaler\"><span class=\"dashicons dashicons-flag\"><\/span> Report<\/a><\/div><span style=\"color:#000000\" class=\"gs-review-experience-date\">Experience date 27\/08\/25<br \/><i>Camping Paradis Biper Gorri<\/i><\/span><\/div><\/li><li class=\"gs-review-item\" style=\"margin-left:0;margin-top:0;background:#ffffff;border: 1px solid #a7b3ce;border-radius: 8px\"><div class=\"gs-review-header\"><strong style=\"color:#000000\" class=\"gs-review-username\">Coralie BROUSSEAU<\/strong><span style=\"color:#000000\" class=\"gs-review-date\">10 \/ 09 \/ 25<\/span><\/div><div class=\"gs-review-rating\"><span style=\"color:#da3768\" class=\"review-rate\"><div class=\"gs-stars\"><div class=\"gs-star-rating\"><span class=\"screen-reader-text\">4.0 rating based on 8 rating<\/span><div class=\"star star-full\" style=\"color:#da3768\" aria-hidden=\"true\"><\/div><div class=\"star star-full\" style=\"color:#da3768\" aria-hidden=\"true\"><\/div><div class=\"star star-full\" style=\"color:#da3768\" aria-hidden=\"true\"><\/div><div class=\"star star-full\" style=\"color:#da3768\" aria-hidden=\"true\"><\/div><div class=\"star star-empty\" style=\"color:#da3768\" aria-hidden=\"true\"><\/div><\/div><\/div><\/span><\/div><p class=\"gs-review-comment\"><span style=\"color:#000000\" class=\"short-comment\">Super camping avec des sanitaires tr\u00e8s propres des services et des activit\u00e9s adapt\u00e9s. Un accueil tr\u00e8s chaleureux <\/span><\/p><div class=\"gs-review-footer\"><div class=\"gs-review-buttons\"><a href=\"https:\/\/widget.guest-suite.com\/reviews\/96742869-43d9-4e82-916c-9c1a3d703dcb\/warn\" target=\"_blank\" class=\"gs-review-button signaler\"><span class=\"dashicons dashicons-flag\"><\/span> Report<\/a><\/div><span style=\"color:#000000\" class=\"gs-review-experience-date\">Experience date 17\/08\/25<br \/><i>Camping Paradis Biper Gorri<\/i><\/span><\/div><\/li>            <\/ul>\n\n                    <div class=\"gs-footer\">\n                        <a href=\"https:\/\/www.guest-suite.com\/\" target=\"_blank\" class=\"gs-footer-link\">\n                            <span style=\"color:#000000\">Powered by customer reviews solution<\/span>\n                            <img decoding=\"async\" src=\"https:\/\/www.camping-biper-gorri.com\/wp-content\/plugins\/guestapp\/assets\/images\/gs-logo.png\" alt=\"Guest Suite logo\" class=\"gs_badge_footer_logo\" \/>\n                        <\/a>\n                    <\/div>\n                    <\/div>\n\n<\/div>\n<\/div>\n<\/div>\n\n\n\n<div class=\"wp-block-buttons is-content-justification-center is-layout-flex wp-container-core-buttons-is-layout-a89b3969 wp-block-buttons-is-layout-flex\">\n<div class=\"wp-block-button is-style-outline is-style-outline--1\"><a class=\"wp-block-button__link has-custom-vert-fonce-color has-text-color has-link-color has-olive-citrus-font-family has-custom-font-size wp-element-button\" href=\"https:\/\/www.camping-biper-gorri.com\/en\/biper-gorri-campsite-customer-reviews\/\" style=\"border-style:none;border-width:0px;border-radius:0px;font-size:clamp(1.25rem, 1.25rem + ((1vw - 0.2rem) * 1.25), 2rem);font-style:normal;font-weight:700\">See all reviews <img decoding=\"async\" width=\"50\" height=\"26\" class=\"wp-image-129\" style=\"width: 50px;\" src=\"https:\/\/www.camping-biper-gorri.com\/wp-content\/uploads\/2025\/08\/fleche-01.svg\" alt=\"fleche 01\"\/> <\/a><\/div>\n<\/div>\n<\/section>\n\n<section class=\"wp-block-group alignfull gt_faq_006 has-global-padding is-layout-constrained wp-container-core-group-is-layout-515e6eaf wp-block-group-is-layout-constrained\" style=\"padding-bottom:7rem\">\n<div class=\"wp-block-columns alignfull is-layout-flex wp-container-core-columns-is-layout-2d6a1407 wp-block-columns-is-layout-flex\" style=\"border-radius:0px;margin-top:0px;margin-right:0px;margin-bottom:0px;margin-left:0px;padding-top:0px;padding-right:0px;padding-bottom:0px;padding-left:0px\">\n<div class=\"wp-block-column is-vertically-aligned-bottom is-layout-flow wp-block-column-is-layout-flow\" style=\"flex-basis:25%\">\n<div class=\"wp-block-group has-background is-vertical is-content-justification-left is-nowrap is-layout-flex wp-container-core-group-is-layout-82d029f6 wp-block-group-is-layout-flex\" style=\"border-radius:0px;background-color:rgba(255,255,255,1);min-height:42rem;margin-top:0px;margin-right:0px;margin-bottom:0px;margin-left:0px;padding-top:var(--wp--preset--spacing--30);padding-right:var(--wp--preset--spacing--30);padding-bottom:var(--wp--preset--spacing--30);padding-left:var(--wp--preset--spacing--30)\"><details style=\"--faq-color:#63756b; font-style:normal;font-weight:500;line-height:1.5; margin-top:1rem;margin-bottom:0px;margin-right:0px;margin-left:0px;\" class=\"gt-fse-faq faq-accueil wp-block-heading has-mulish-font-family wp-block-gt-gt-fse-faq has-text-color\" data-wp-interactive=\"gt-fse-faq\" data-wp-context='{\"isOpen\": false}'>\n\t<summary aria-expanded=\"false\" class=\"gt-fse-faq-summary\" data-wp-on--click=\"actions.toggle\" data-wp-bind--aria-expanded=\"context.isOpen\">\n\t\t<div class=\"gt-fse-faq-summary-text\">\n\t\t\tHow do I book?\t\t<\/div>\n\t\t<span class=\"gt-fse-faq-opener\"><\/span>\n\t<\/summary>\n\t<div class=\"gt-fse-faq-content\">\n\t\t\n\n<p class=\"has-custom-vert-fonce-color has-text-color has-link-color has-medium-font-size wp-elements-dbb5731431652ca7c2f9dcbcdb638897\">You can book directly on our website or by email at info@camping-biper-gorri.com or by telephone on 05 59 93 96 88.<\/p>\n\n\t<\/div>\n<\/details>\n\n\n\n<details style=\"font-style:normal;font-weight:500;line-height:1.5; margin-bottom:0rem;margin-right:0px;margin-left:0px;margin-top:2rem;\" class=\"gt-fse-faq faq-accueil wp-block-heading has-mulish-font-family wp-block-gt-gt-fse-faq has-text-color\" data-wp-interactive=\"gt-fse-faq\" data-wp-context='{\"isOpen\": false}'>\n\t<summary aria-expanded=\"false\" class=\"gt-fse-faq-summary\" data-wp-on--click=\"actions.toggle\" data-wp-bind--aria-expanded=\"context.isOpen\">\n\t\t<div class=\"gt-fse-faq-summary-text\">\n\t\t\tCan I pay for my stay with an ANCV cheque?\t\t<\/div>\n\t\t<span class=\"gt-fse-faq-opener\"><\/span>\n\t<\/summary>\n\t<div class=\"gt-fse-faq-content\">\n\t\t\n\n<p class=\"has-custom-vert-fonce-color has-text-color has-link-color has-medium-font-size wp-elements-dbb5731431652ca7c2f9dcbcdb638897\">You can book directly on our website or by email at info@camping-biper-gorri.com or by telephone on 05 59 93 96 88.<\/p>\n\n\t<\/div>\n<\/details>\n\n<\/div>\n<\/div>\n\n\n\n<div class=\"wp-block-column is-vertically-aligned-bottom faq is-layout-flow wp-block-column-is-layout-flow\" style=\"flex-basis:25%\">\n<div class=\"wp-block-group has-background is-vertical is-content-justification-center is-nowrap is-layout-flex wp-container-core-group-is-layout-49dd2d14 wp-block-group-is-layout-flex\" style=\"border-radius:500px;background-color:rgba(147,193,167,1);min-height:605px;margin-top:0px;margin-right:0px;margin-bottom:0px;margin-left:0px;padding-top:0px;padding-right:var(--wp--preset--spacing--40);padding-bottom:0px;padding-left:var(--wp--preset--spacing--40)\">\n<div style=\"height:0px\" aria-hidden=\"true\" class=\"wp-block-spacer ligne gt-show-mobile wp-container-content-c304541a\"><\/div>\n\n\n\n<div class=\"wp-block-group is-layout-flow wp-block-group-is-layout-flow\" style=\"margin-top:0px;margin-right:0px;margin-bottom:0px;margin-left:0px\">\n<p class=\"has-text-align-center wp-block-heading text-nowrap has-olive-citrus-font-family has-text-color\" style=\"color:rgba(255,255,255,1);font-size:clamp(57.838px, 3.615rem + ((1vw - 3.2px) * 6.475), 120px);\">FAQ<\/p>\n\n\n\n<div style=\"height:3rem\" aria-hidden=\"true\" class=\"wp-block-spacer gt-hide-mobile\"><\/div>\n<\/div>\n\n\n\n<div class=\"wp-block-group is-vertical is-content-justification-center is-layout-flex wp-container-core-group-is-layout-44edecb3 wp-block-group-is-layout-flex\" style=\"margin-top:0px;margin-right:0px;margin-bottom:0px;margin-left:0px\">\n<p class=\"has-text-align-center wp-block-heading has-mulish-font-family has-text-color\" style=\"color:rgba(255,255,255,1);font-size:clamp(21.027px, 1.314rem + ((1vw - 3.2px) * 1.351), 34px);\">WE ANSWER YOUR QUESTIONS<\/p>\n\n\n\n<div class=\"wp-block-buttons is-content-justification-center is-layout-flex wp-container-core-buttons-is-layout-a89b3969 wp-block-buttons-is-layout-flex\">\n<div class=\"wp-block-button is-style-outline is-style-outline--2\"><a class=\"wp-block-button__link has-base-2-color has-text-color has-link-color has-olive-citrus-font-family has-text-align-center has-custom-font-size wp-element-button\" style=\"border-style:none;border-width:0px;font-size:clamp(1.146rem, 1.146rem + ((1vw - 0.2rem) * 1.09), 1.8rem);font-style:normal;font-weight:700;line-height:1.5\">All FAQs <img decoding=\"async\" width=\"34\" height=\"34\" class=\"wp-image-781\" style=\"width: 34px;\" src=\"https:\/\/www.camping-biper-gorri.com\/wp-content\/uploads\/2025\/08\/fleche-resa.png\" alt=\"resa arrow\"\/><\/a><\/div>\n<\/div>\n<\/div>\n\n\n\n<div style=\"height:0px\" aria-hidden=\"true\" class=\"wp-block-spacer gt-hide-mobile wp-container-content-6388d5dc\"><\/div>\n<\/div>\n<\/div>\n\n\n\n<div class=\"wp-block-column is-vertically-aligned-bottom is-layout-flow wp-block-column-is-layout-flow\" style=\"flex-basis:25%\">\n<div class=\"wp-block-group has-background is-vertical is-content-justification-center is-nowrap is-layout-flex wp-container-core-group-is-layout-21bfedde wp-block-group-is-layout-flex\" style=\"border-radius:0px;background-color:rgba(255,255,255,1);min-height:42rem;margin-top:0px;margin-right:0px;margin-bottom:0px;margin-left:0px;padding-top:var(--wp--preset--spacing--30);padding-right:var(--wp--preset--spacing--30);padding-bottom:var(--wp--preset--spacing--30);padding-left:var(--wp--preset--spacing--30)\"><details style=\"font-style:normal;font-weight:500;line-height:1.5; padding-top:1rem;margin-top:0px;margin-bottom:0px;margin-right:0px;margin-left:0px;\" class=\"gt-fse-faq faq-accueil wp-block-heading has-mulish-font-family wp-block-gt-gt-fse-faq has-text-color\" data-wp-interactive=\"gt-fse-faq\" data-wp-context='{\"isOpen\": false}'>\n\t<summary aria-expanded=\"false\" class=\"gt-fse-faq-summary\" data-wp-on--click=\"actions.toggle\" data-wp-bind--aria-expanded=\"context.isOpen\">\n\t\t<div class=\"gt-fse-faq-summary-text\">\n\t\t\tHow can I check that my booking has been registered?\t\t<\/div>\n\t\t<span class=\"gt-fse-faq-opener\"><\/span>\n\t<\/summary>\n\t<div class=\"gt-fse-faq-content\">\n\t\t\n\n<p class=\"has-custom-vert-fonce-color has-text-color has-link-color has-medium-font-size wp-elements-15814909f382d15dd4d59a749b31b183\">You will receive a confirmation email. If this is not the case, you can contact us directly by phone. <\/p>\n\n\t<\/div>\n<\/details>\n\n\n\n<details style=\"font-style:normal;font-weight:500;line-height:1.5; margin-bottom:0rem;margin-right:0px;margin-left:0px;margin-top:2rem;\" class=\"gt-fse-faq faq-accueil wp-block-heading has-mulish-font-family wp-block-gt-gt-fse-faq has-text-color\" data-wp-interactive=\"gt-fse-faq\" data-wp-context='{\"isOpen\": false}'>\n\t<summary aria-expanded=\"false\" class=\"gt-fse-faq-summary\" data-wp-on--click=\"actions.toggle\" data-wp-bind--aria-expanded=\"context.isOpen\">\n\t\t<div class=\"gt-fse-faq-summary-text\">\n\t\t\tWhat are the cancellation conditions?\t\t<\/div>\n\t\t<span class=\"gt-fse-faq-opener\"><\/span>\n\t<\/summary>\n\t<div class=\"gt-fse-faq-content\">\n\t\t\n\n<p class=\"has-custom-vert-fonce-color has-text-color has-link-color has-medium-font-size wp-elements-e1f03b1fac59a5688c43151e11cea903\">In the event of cancellation, you must take out cancellation insurance to be reimbursed.<\/p>\n\n\t<\/div>\n<\/details>\n\n<\/div>\n<\/div>\n\n\n\n<div class=\"wp-block-column is-vertically-aligned-bottom is-layout-flow wp-block-column-is-layout-flow\" style=\"flex-basis:25%\">\n<div class=\"wp-block-group has-background is-vertical is-content-justification-center is-nowrap is-layout-flex wp-container-core-group-is-layout-21bfedde wp-block-group-is-layout-flex\" style=\"border-radius:0px;background-color:rgba(255,255,255,1);min-height:42rem;margin-top:0px;margin-right:0px;margin-bottom:0px;margin-left:0px;padding-top:var(--wp--preset--spacing--30);padding-right:var(--wp--preset--spacing--30);padding-bottom:var(--wp--preset--spacing--30);padding-left:var(--wp--preset--spacing--30)\"><details style=\"font-style:normal;font-weight:500;line-height:1.5; margin-top:1rem;margin-bottom:0px;margin-right:0px;margin-left:0px;\" class=\"gt-fse-faq faq-accueil wp-block-heading has-mulish-font-family wp-block-gt-gt-fse-faq has-text-color\" data-wp-interactive=\"gt-fse-faq\" data-wp-context='{\"isOpen\": false}'>\n\t<summary aria-expanded=\"false\" class=\"gt-fse-faq-summary\" data-wp-on--click=\"actions.toggle\" data-wp-bind--aria-expanded=\"context.isOpen\">\n\t\t<div class=\"gt-fse-faq-summary-text\">\n\t\t\tIs the campsite VACAF approved?\t\t<\/div>\n\t\t<span class=\"gt-fse-faq-opener\"><\/span>\n\t<\/summary>\n\t<div class=\"gt-fse-faq-content\">\n\t\t\n\n<p class=\"has-custom-vert-fonce-color has-text-color has-link-color has-medium-font-size wp-elements-abeb9029a2f428f6b54b01446471996e\">We are no longer VACAF approved.<br\/><\/p>\n\n\t<\/div>\n<\/details>\n\n\n\n<details style=\"font-style:normal;font-weight:500;line-height:1.5; margin-bottom:0rem;margin-right:0px;margin-left:0px;margin-top:2rem;\" class=\"gt-fse-faq faq-accueil wp-block-heading has-mulish-font-family wp-block-gt-gt-fse-faq has-text-color\" data-wp-interactive=\"gt-fse-faq\" data-wp-context='{\"isOpen\": false}'>\n\t<summary aria-expanded=\"false\" class=\"gt-fse-faq-summary\" data-wp-on--click=\"actions.toggle\" data-wp-bind--aria-expanded=\"context.isOpen\">\n\t\t<div class=\"gt-fse-faq-summary-text\">\n\t\t\tCan I bring my pet?\t\t<\/div>\n\t\t<span class=\"gt-fse-faq-opener\"><\/span>\n\t<\/summary>\n\t<div class=\"gt-fse-faq-content\">\n\t\t\n\n<p class=\"has-custom-vert-fonce-color has-text-color has-link-color has-medium-font-size wp-elements-2bd19e7c5dd34fb206715e8f35836f23\">Dogs are allowed in rentals, cats are not. Dogs and cats are accepted on pitches. <\/p>\n\n\t<\/div>\n<\/details>\n\n<\/div>\n<\/div>\n<\/div>\n<\/section>\n","protected":false},"excerpt":{"rendered":"<p>Dare theexception &amp; authenticity Camping in the Basque Country at Espelette: spice up your vacations With Biper Gorri, our 4-star campsite in the Basque Country in Espelette, you&#8217;ll discover the pleasures of calm and conviviality , thanks to a dynamic and welcoming team. An ideal starting point for discovering the treasures of the Pyr\u00e9n\u00e9es-Atlantiques region [&hellip;]<\/p>\n","protected":false},"author":1,"featured_media":0,"parent":0,"menu_order":0,"comment_status":"closed","ping_status":"closed","template":"","meta":{"_acf_changed":false,"_seopress_robots_primary_cat":"","_seopress_titles_title":"Camping Espelette | Vacances au c\u0153ur du Pays Basque | Biper Gorri","_seopress_titles_desc":"S\u00e9journez au camping Biper Gorri \u00e0 Espelette, en plein c\u0153ur du Pays Basque. Profitez d'un cadre naturel, d'activit\u00e9s pour toute la famille, d'espaces aquatiques et bien-\u00eatre, et d\u00e9couvrez la culture locale. R\u00e9servez votre emplacement ou h\u00e9bergement \u00e0 prix doux !","_seopress_robots_index":"","inline_featured_image":false,"gt_fse_maillage_image":"","gt_fse_maillage_titre":"Home","gt_fse_maillage_alt":"Home","gt_fse_maillage_resume":"","footnotes":""},"categories":[],"tags":[],"class_list":["post-87440","page","type-page","status-publish","hentry"],"acf":[],"_links":{"self":[{"href":"https:\/\/www.camping-biper-gorri.com\/en\/wp-json\/wp\/v2\/pages\/87440","targetHints":{"allow":["GET"]}}],"collection":[{"href":"https:\/\/www.camping-biper-gorri.com\/en\/wp-json\/wp\/v2\/pages"}],"about":[{"href":"https:\/\/www.camping-biper-gorri.com\/en\/wp-json\/wp\/v2\/types\/page"}],"author":[{"embeddable":true,"href":"https:\/\/www.camping-biper-gorri.com\/en\/wp-json\/wp\/v2\/users\/1"}],"replies":[{"embeddable":true,"href":"https:\/\/www.camping-biper-gorri.com\/en\/wp-json\/wp\/v2\/comments?post=87440"}],"version-history":[{"count":31,"href":"https:\/\/www.camping-biper-gorri.com\/en\/wp-json\/wp\/v2\/pages\/87440\/revisions"}],"predecessor-version":[{"id":92341,"href":"https:\/\/www.camping-biper-gorri.com\/en\/wp-json\/wp\/v2\/pages\/87440\/revisions\/92341"}],"wp:attachment":[{"href":"https:\/\/www.camping-biper-gorri.com\/en\/wp-json\/wp\/v2\/media?parent=87440"}],"wp:term":[{"taxonomy":"category","embeddable":true,"href":"https:\/\/www.camping-biper-gorri.com\/en\/wp-json\/wp\/v2\/categories?post=87440"},{"taxonomy":"post_tag","embeddable":true,"href":"https:\/\/www.camping-biper-gorri.com\/en\/wp-json\/wp\/v2\/tags?post=87440"}],"curies":[{"name":"wp","href":"https:\/\/api.w.org\/{rel}","templated":true}]}}